{"id":917,"date":"2021-12-07T16:16:28","date_gmt":"2021-12-07T15:16:28","guid":{"rendered":"https:\/\/www.cultcaffe.at\/?page_id=917"},"modified":"2025-10-20T15:38:38","modified_gmt":"2025-10-20T13:38:38","slug":"%e7%86%9f%e9%a3%9f%e8%b4%b8%e6%98%93","status":"publish","type":"page","link":"https:\/\/www.cultcaffe.at\/zh\/handel-feinkost\/","title":{"rendered":"\u8d38\u6613\u548c\u719f\u98df\u5e97"},"content":{"rendered":"<div data-elementor-type=\"wp-page\" data-elementor-id=\"917\" class=\"elementor elementor-917\" data-elementor-post-type=\"page\">\n\t\t\t\t<div class=\"elementor-element elementor-element-1e3753d e-flex e-con-boxed e-con e-parent\" data-id=\"1e3753d\" data-element_type=\"container\" data-e-type=\"container\" data-settings=\"{&quot;background_background&quot;:&quot;classic&quot;}\">\n\t\t\t\t\t<div class=\"e-con-inner\">\n\t\t\t\t<div class=\"elementor-element elementor-element-1cf4e28 elementor-widget elementor-widget-heading\" data-id=\"1cf4e28\" data-element_type=\"widget\" data-e-type=\"widget\" data-widget_type=\"heading.default\">\n\t\t\t\t<div class=\"elementor-widget-container\">\n\t\t\t\t\t<h1 class=\"elementor-heading-title elementor-size-default\"><span style=\"color:#aca590\">\u5496\u5561<\/span> \u9002\u7528\u4e8e\u96f6\u552e\u5e97\u3001\u9762\u5305\u5e97\u548c\u529e\u516c\u5ba4<\/h1>\t\t\t\t<\/div>\n\t\t\t\t<\/div>\n\t\t\t\t\t<\/div>\n\t\t\t\t<\/div>\n\t\t<div class=\"elementor-element elementor-element-11496d5 e-flex e-con-boxed e-con e-parent\" data-id=\"11496d5\" data-element_type=\"container\" data-e-type=\"container\">\n\t\t\t\t\t<div class=\"e-con-inner\">\n\t\t<div class=\"elementor-element elementor-element-63b95a6 e-con-full e-flex e-con e-child\" data-id=\"63b95a6\" data-element_type=\"container\" data-e-type=\"container\">\n\t\t\t\t<div class=\"elementor-element elementor-element-bded465 elementor-widget elementor-widget-text-editor\" data-id=\"bded465\" data-element_type=\"widget\" data-e-type=\"widget\" data-widget_type=\"text-editor.default\">\n\t\t\t\t<div class=\"elementor-widget-container\">\n\t\t\t\t\t\t\t\t\t<h2><strong>\u8d38\u6613\/\u9762\u5305\u5e08<\/strong><\/h2><p><span style=\"font-weight: 400;\">\u8fd1\u5e74\u6765\uff0c\u5e02\u573a\u5bf9\u9ad8\u54c1\u8d28\u5496\u5561\u7684\u9700\u6c42\u663e\u8457\u589e\u957f\u3002 <\/span><span style=\"font-weight: 400;\">\u589e\u52a0\u3002<\/span><\/p><p><span style=\"font-weight: 400;\">\u5c24\u5176\u662f\u5728\u9762\u5305\u5e97\u6216\u4e2a\u4f53\u3001\u533a\u57df\u6709\u673a\u98df\u54c1\u5e97\u548c\u719f\u98df\u5e97 <\/span><span style=\"font-weight: 400;\">\u6d88\u8d39\u8005\u6b63\u5728\u5bfb\u627e\u8d85\u8d8a\u5927\u89c4\u6a21\u751f\u4ea7\u5546\u54c1\u7684\u4f18\u8d28\u4ea7\u54c1\u3002<\/span><\/p><p><span style=\"font-weight: 400;\">\u5728\u8fd9\u91cc\uff0c\u6211\u4eec\u4e5f\u4e3a\u60a8\u63d0\u4f9b\u91cf\u8eab\u5b9a\u5236\u7684\u89e3\u51b3\u65b9\u6848\u3002<\/span><\/p><p><strong>\u8981\u6c42 <a href=\"mailto:info@cultcaffe.at\">\u901a\u8fc7\u90ae\u4ef6<\/a> \u6216\u901a\u8fc7 <a href=\"https:\/\/www.cultcaffe.at\/zh\/%e6%8e%a5%e8%a7%a6\/\">\u54a8\u8be2\u8868<\/a> \u6211\u4eec\u7684\u4ef7\u683c\u8868\u6216\u66f4\u591a\u4fe1\u606f\u3002<\/strong><\/p>\t\t\t\t\t\t\t\t<\/div>\n\t\t\t\t<\/div>\n\t\t\t\t<\/div>\n\t\t<div class=\"elementor-element elementor-element-62bc342 e-con-full e-flex e-con e-child\" data-id=\"62bc342\" data-element_type=\"container\" data-e-type=\"container\">\n\t\t\t\t<div class=\"elementor-element elementor-element-72b00b9 elementor-widget elementor-widget-image\" data-id=\"72b00b9\" data-element_type=\"widget\" data-e-type=\"widget\" data-widget_type=\"image.default\">\n\t\t\t\t<div class=\"elementor-widget-container\">\n\t\t\t\t\t\t\t\t\t\t\t\t\t\t\t<img fetchpriority=\"high\" decoding=\"async\" width=\"800\" height=\"534\" src=\"https:\/\/www.cultcaffe.at\/wp-content\/uploads\/2025\/03\/cultcaffe_handel-1024x683.jpg\" class=\"attachment-large size-large wp-image-17983\" alt=\"\" srcset=\"https:\/\/www.cultcaffe.at\/wp-content\/uploads\/2025\/03\/cultcaffe_handel-1024x683.jpg 1024w, https:\/\/www.cultcaffe.at\/wp-content\/uploads\/2025\/03\/cultcaffe_handel-600x400.jpg 600w, https:\/\/www.cultcaffe.at\/wp-content\/uploads\/2025\/03\/cultcaffe_handel-300x200.jpg 300w, https:\/\/www.cultcaffe.at\/wp-content\/uploads\/2025\/03\/cultcaffe_handel-768x512.jpg 768w, https:\/\/www.cultcaffe.at\/wp-content\/uploads\/2025\/03\/cultcaffe_handel.jpg 1500w\" sizes=\"(max-width: 800px) 100vw, 800px\" \/>\t\t\t\t\t\t\t\t\t\t\t\t\t\t\t<\/div>\n\t\t\t\t<\/div>\n\t\t\t\t<\/div>\n\t\t\t\t\t<\/div>\n\t\t\t\t<\/div>\n\t\t<div class=\"elementor-element elementor-element-9512ca4 e-flex e-con-boxed e-con e-parent\" data-id=\"9512ca4\" data-element_type=\"container\" data-e-type=\"container\">\n\t\t\t\t\t<div class=\"e-con-inner\">\n\t\t<div class=\"elementor-element elementor-element-b8b840d e-con-full e-flex e-con e-child\" data-id=\"b8b840d\" data-element_type=\"container\" data-e-type=\"container\">\n\t\t\t\t<div class=\"elementor-element elementor-element-e423739 elementor-widget elementor-widget-image\" data-id=\"e423739\" data-element_type=\"widget\" data-e-type=\"widget\" data-widget_type=\"image.default\">\n\t\t\t\t<div class=\"elementor-widget-container\">\n\t\t\t\t\t\t\t\t\t\t\t\t\t\t\t<img decoding=\"async\" width=\"800\" height=\"534\" src=\"https:\/\/www.cultcaffe.at\/wp-content\/uploads\/2025\/03\/cultcaffe_buero-1024x683.jpg\" class=\"attachment-large size-large wp-image-17982\" alt=\"\" srcset=\"https:\/\/www.cultcaffe.at\/wp-content\/uploads\/2025\/03\/cultcaffe_buero-1024x683.jpg 1024w, https:\/\/www.cultcaffe.at\/wp-content\/uploads\/2025\/03\/cultcaffe_buero-600x400.jpg 600w, https:\/\/www.cultcaffe.at\/wp-content\/uploads\/2025\/03\/cultcaffe_buero-300x200.jpg 300w, https:\/\/www.cultcaffe.at\/wp-content\/uploads\/2025\/03\/cultcaffe_buero-768x513.jpg 768w, https:\/\/www.cultcaffe.at\/wp-content\/uploads\/2025\/03\/cultcaffe_buero.jpg 1500w\" sizes=\"(max-width: 800px) 100vw, 800px\" \/>\t\t\t\t\t\t\t\t\t\t\t\t\t\t\t<\/div>\n\t\t\t\t<\/div>\n\t\t\t\t<\/div>\n\t\t<div class=\"elementor-element elementor-element-83e8f1b e-con-full e-flex e-con e-child\" data-id=\"83e8f1b\" data-element_type=\"container\" data-e-type=\"container\">\n\t\t\t\t<div class=\"elementor-element elementor-element-2c32569 elementor-widget elementor-widget-text-editor\" data-id=\"2c32569\" data-element_type=\"widget\" data-e-type=\"widget\" data-widget_type=\"text-editor.default\">\n\t\t\t\t<div class=\"elementor-widget-container\">\n\t\t\t\t\t\t\t\t\t<h2><strong>\u529e\u516c\u5ba4<\/strong><\/h2><p>\u8c01\u613f\u610f\u9519\u8fc7\u529e\u516c\u5ba4\u91cc\u7684\u597d\u5496\u5561\uff1f<\/p><p>\u5524\u9192\u548c\u63d0\u795e\u5bf9\u4e8e\u96c6\u4e2d\u6ce8\u610f\u529b\u548c\u63d0\u9ad8\u8868\u73b0\u81f3\u5173\u91cd\u8981\u3002\u6211\u4eec\u4f1a\u4e3a\u60a8\u7684\u4e2a\u4eba\u673a\u5668\u9009\u62e9\u6b63\u786e\u7684\u7c7b\u578b\u5e76\u6301\u7eed\u8fdb\u884c\u6b63\u786e\u7684\u8c03\u6574\uff01\u4e3a\u4e86\u60a8\u7684\u676f\u5b50\u83b7\u5f97\u6700\u4f73\u6548\u679c\u2014\u2014\u6bcf\u5929\u90fd\u662f\u5b8c\u7f8e\u7684\u4eab\u53d7\uff01<\/p><p><strong>\u6211\u4eec\u4e5f\u5f88\u4e50\u610f\u5728\u8fd9\u91cc\u901a\u77e5\u60a8 <a href=\"mailto:info@cultcaffe.at\">\u901a\u8fc7\u90ae\u4ef6<\/a> \u6216\u901a\u8fc7 <a href=\"https:\/\/www.cultcaffe.at\/zh\/%e6%8e%a5%e8%a7%a6\/\">\u8a62\u554f\u8868\u3002<\/a><\/strong><\/p>\t\t\t\t\t\t\t\t<\/div>\n\t\t\t\t<\/div>\n\t\t\t\t<\/div>\n\t\t\t\t\t<\/div>\n\t\t\t\t<\/div>\n\t\t\t\t<\/div>","protected":false},"excerpt":{"rendered":"<p>Kaffee f\u00fcr den Handel, B\u00e4cker &amp; B\u00fcro Handel \/ B\u00e4cker Die Nachfrage nach hochwertigem Kaffee ist in den letzten Jahren stark gestiegen. Gerade in B\u00e4ckereien oder individuellen, regionalen Bio- und Feinkostl\u00e4den sucht der Konsument nach Qualit\u00e4tsprodukten abseits der Massenware. Auch hier bieten wir Ihnen ma\u00dfgeschneiderte L\u00f6sungen an. Fordern Sie per Mail oder via Anfrageformular unsere [&hellip;]<\/p>\n","protected":false},"author":6,"featured_media":0,"parent":0,"menu_order":0,"comment_status":"closed","ping_status":"closed","template":"","meta":{"inline_featured_image":false,"footnotes":""},"class_list":["post-917","page","type-page","status-publish","hentry"],"yoast_head":"<!-- This site is optimized with the Yoast SEO plugin v27.4 - https:\/\/yoast.com\/product\/yoast-seo-wordpress\/ -->\n<title>Handel &amp; Feinkost - CultCaffe f\u00fcr Kaffeeliebhaber<\/title>\n<meta name=\"description\" content=\"Unsere Kaffee-Variationen gibt es auch im Handel wie Hof-, Genuss- und Biol\u00e4den, in Feinkost- &amp; Delikatessengesch\u00e4ften. \u2713 Bio-Kaffee \u2713 Caf\u00e9\" \/>\n<meta name=\"robots\" content=\"index, follow, max-snippet:-1, max-image-preview:large, max-video-preview:-1\" \/>\n<link rel=\"canonical\" href=\"https:\/\/www.cultcaffe.at\/zh\/\u719f\u98df\u8d38\u6613\/\" \/>\n<meta property=\"og:locale\" content=\"zh_CN\" \/>\n<meta property=\"og:type\" content=\"article\" \/>\n<meta property=\"og:title\" content=\"Handel &amp; Feinkost - CultCaffe f\u00fcr Kaffeeliebhaber\" \/>\n<meta property=\"og:description\" content=\"Unsere Kaffee-Variationen gibt es auch im Handel wie Hof-, Genuss- und Biol\u00e4den, in Feinkost- &amp; Delikatessengesch\u00e4ften. \u2713 Bio-Kaffee \u2713 Caf\u00e9\" \/>\n<meta property=\"og:url\" content=\"https:\/\/www.cultcaffe.at\/zh\/\u719f\u98df\u8d38\u6613\/\" \/>\n<meta property=\"og:site_name\" content=\"CultCaff\u00e9 - die Bio Kaffee R\u00f6sterei\" \/>\n<meta property=\"article:publisher\" content=\"https:\/\/www.facebook.com\/p\/Cult-Caff%c3%a8-die-R%c3%b6sterei-100039719724703\/?locale=de_DE\" \/>\n<meta property=\"article:modified_time\" content=\"2025-10-20T13:38:38+00:00\" \/>\n<meta property=\"og:image\" content=\"https:\/\/www.cultcaffe.at\/wp-content\/uploads\/2025\/03\/cultcaffe_handel.jpg\" \/>\n\t<meta property=\"og:image:width\" content=\"1500\" \/>\n\t<meta property=\"og:image:height\" content=\"1000\" \/>\n\t<meta property=\"og:image:type\" content=\"image\/jpeg\" \/>\n<meta name=\"twitter:card\" content=\"summary_large_image\" \/>\n<meta name=\"twitter:label1\" content=\"\u9884\u8ba1\u9605\u8bfb\u65f6\u95f4\" \/>\n\t<meta name=\"twitter:data1\" content=\"2 \u5206\" \/>\n<script type=\"application\/ld+json\" class=\"yoast-schema-graph\">{\"@context\":\"https:\\\/\\\/schema.org\",\"@graph\":[{\"@type\":\"WebPage\",\"@id\":\"https:\\\/\\\/www.cultcaffe.at\\\/handel-feinkost\\\/\",\"url\":\"https:\\\/\\\/www.cultcaffe.at\\\/handel-feinkost\\\/\",\"name\":\"Handel & Feinkost - CultCaffe f\u00fcr Kaffeeliebhaber\",\"isPartOf\":{\"@id\":\"https:\\\/\\\/www.cultcaffe.at\\\/#website\"},\"primaryImageOfPage\":{\"@id\":\"https:\\\/\\\/www.cultcaffe.at\\\/handel-feinkost\\\/#primaryimage\"},\"image\":{\"@id\":\"https:\\\/\\\/www.cultcaffe.at\\\/handel-feinkost\\\/#primaryimage\"},\"thumbnailUrl\":\"https:\\\/\\\/www.cultcaffe.at\\\/wp-content\\\/uploads\\\/2025\\\/03\\\/cultcaffe_handel-1024x683.jpg\",\"datePublished\":\"2021-12-07T15:16:28+00:00\",\"dateModified\":\"2025-10-20T13:38:38+00:00\",\"description\":\"Unsere Kaffee-Variationen gibt es auch im Handel wie Hof-, Genuss- und Biol\u00e4den, in Feinkost- & Delikatessengesch\u00e4ften. \u2713 Bio-Kaffee \u2713 Caf\u00e9\",\"breadcrumb\":{\"@id\":\"https:\\\/\\\/www.cultcaffe.at\\\/handel-feinkost\\\/#breadcrumb\"},\"inLanguage\":\"zh-Hans\",\"potentialAction\":[{\"@type\":\"ReadAction\",\"target\":[\"https:\\\/\\\/www.cultcaffe.at\\\/handel-feinkost\\\/\"]}]},{\"@type\":\"ImageObject\",\"inLanguage\":\"zh-Hans\",\"@id\":\"https:\\\/\\\/www.cultcaffe.at\\\/handel-feinkost\\\/#primaryimage\",\"url\":\"https:\\\/\\\/www.cultcaffe.at\\\/wp-content\\\/uploads\\\/2025\\\/03\\\/cultcaffe_handel-1024x683.jpg\",\"contentUrl\":\"https:\\\/\\\/www.cultcaffe.at\\\/wp-content\\\/uploads\\\/2025\\\/03\\\/cultcaffe_handel-1024x683.jpg\"},{\"@type\":\"BreadcrumbList\",\"@id\":\"https:\\\/\\\/www.cultcaffe.at\\\/handel-feinkost\\\/#breadcrumb\",\"itemListElement\":[{\"@type\":\"ListItem\",\"position\":1,\"name\":\"Startseite\",\"item\":\"https:\\\/\\\/www.cultcaffe.at\\\/\"},{\"@type\":\"ListItem\",\"position\":2,\"name\":\"Handel &#038; Feinkost\"}]},{\"@type\":\"WebSite\",\"@id\":\"https:\\\/\\\/www.cultcaffe.at\\\/#website\",\"url\":\"https:\\\/\\\/www.cultcaffe.at\\\/\",\"name\":\"CultCaff\u00e9 - die Bio Kaffee R\u00f6sterei\",\"description\":\"Liebe zum Kaffee\",\"publisher\":{\"@id\":\"https:\\\/\\\/www.cultcaffe.at\\\/#organization\"},\"potentialAction\":[{\"@type\":\"SearchAction\",\"target\":{\"@type\":\"EntryPoint\",\"urlTemplate\":\"https:\\\/\\\/www.cultcaffe.at\\\/?s={search_term_string}\"},\"query-input\":{\"@type\":\"PropertyValueSpecification\",\"valueRequired\":true,\"valueName\":\"search_term_string\"}}],\"inLanguage\":\"zh-Hans\"},{\"@type\":[\"Organization\",\"Place\"],\"@id\":\"https:\\\/\\\/www.cultcaffe.at\\\/#organization\",\"name\":\"CultCaff\u00e9 Kaffeer\u00f6sterei GmbH\",\"alternateName\":\"CultCaff\u00e9\",\"url\":\"https:\\\/\\\/www.cultcaffe.at\\\/\",\"logo\":{\"@id\":\"https:\\\/\\\/www.cultcaffe.at\\\/handel-feinkost\\\/#local-main-organization-logo\"},\"image\":{\"@id\":\"https:\\\/\\\/www.cultcaffe.at\\\/handel-feinkost\\\/#local-main-organization-logo\"},\"sameAs\":[\"https:\\\/\\\/www.facebook.com\\\/p\\\/Cult-Caff\u00e8-die-R\u00f6sterei-100039719724703\\\/?locale=de_DE\",\"https:\\\/\\\/www.instagram.com\\\/cultcaffe.at\\\/\"],\"hasMerchantReturnPolicy\":{\"@type\":\"MerchantReturnPolicy\",\"merchantReturnLink\":\"https:\\\/\\\/www.cultcaffe.at\\\/zh\\\/agbs\\\/\"},\"telephone\":[],\"openingHoursSpecification\":[{\"@type\":\"OpeningHoursSpecification\",\"dayOfWeek\":[\"Monday\",\"Tuesday\",\"Wednesday\",\"Thursday\",\"Friday\",\"Saturday\",\"Sunday\"],\"opens\":\"09:00\",\"closes\":\"17:00\"}]},{\"@type\":\"ImageObject\",\"inLanguage\":\"zh-Hans\",\"@id\":\"https:\\\/\\\/www.cultcaffe.at\\\/handel-feinkost\\\/#local-main-organization-logo\",\"url\":\"https:\\\/\\\/www.cultcaffe.at\\\/wp-content\\\/uploads\\\/2023\\\/11\\\/cultcaffe_logo_regular_dark-1.svg\",\"contentUrl\":\"https:\\\/\\\/www.cultcaffe.at\\\/wp-content\\\/uploads\\\/2023\\\/11\\\/cultcaffe_logo_regular_dark-1.svg\",\"width\":756,\"height\":474,\"caption\":\"CultCaff\u00e9 Kaffeer\u00f6sterei GmbH\"}]}<\/script>\n<!-- \/ Yoast SEO plugin. -->","yoast_head_json":{"title":"\u8d38\u6613\u4e0e\u719f\u98df\u5e97 - CultCaffe\uff0c\u5496\u5561\u7231\u597d\u8005\u7684\u5929\u5802","description":"\u6211\u4eec\u7684\u5496\u5561\u54c1\u79cd\u5728\u519c\u573a\u5546\u5e97\u3001\u7f8e\u98df\u5e97\u3001\u6709\u673a\u98df\u54c1\u5e97\u548c\u719f\u98df\u5e97\u7b49\u96f6\u552e\u70b9\u5747\u6709\u9500\u552e\u3002\u2713 \u6709\u673a\u5496\u5561 \u2713 \u5496\u5561\u9986","robots":{"index":"index","follow":"follow","max-snippet":"max-snippet:-1","max-image-preview":"max-image-preview:large","max-video-preview":"max-video-preview:-1"},"canonical":"https:\/\/www.cultcaffe.at\/zh\/\u719f\u98df\u8d38\u6613\/","og_locale":"zh_CN","og_type":"article","og_title":"Handel & Feinkost - CultCaffe f\u00fcr Kaffeeliebhaber","og_description":"Unsere Kaffee-Variationen gibt es auch im Handel wie Hof-, Genuss- und Biol\u00e4den, in Feinkost- & Delikatessengesch\u00e4ften. \u2713 Bio-Kaffee \u2713 Caf\u00e9","og_url":"https:\/\/www.cultcaffe.at\/zh\/\u719f\u98df\u8d38\u6613\/","og_site_name":"CultCaff\u00e9 - die Bio Kaffee R\u00f6sterei","article_publisher":"https:\/\/www.facebook.com\/p\/Cult-Caff%c3%a8-die-R%c3%b6sterei-100039719724703\/?locale=de_DE","article_modified_time":"2025-10-20T13:38:38+00:00","og_image":[{"width":1500,"height":1000,"url":"https:\/\/www.cultcaffe.at\/wp-content\/uploads\/2025\/03\/cultcaffe_handel.jpg","type":"image\/jpeg"}],"twitter_card":"summary_large_image","twitter_misc":{"\u9884\u8ba1\u9605\u8bfb\u65f6\u95f4":"2 \u5206"},"schema":{"@context":"https:\/\/schema.org","@graph":[{"@type":"WebPage","@id":"https:\/\/www.cultcaffe.at\/handel-feinkost\/","url":"https:\/\/www.cultcaffe.at\/handel-feinkost\/","name":"\u8d38\u6613\u4e0e\u719f\u98df\u5e97 - CultCaffe\uff0c\u5496\u5561\u7231\u597d\u8005\u7684\u5929\u5802","isPartOf":{"@id":"https:\/\/www.cultcaffe.at\/#website"},"primaryImageOfPage":{"@id":"https:\/\/www.cultcaffe.at\/handel-feinkost\/#primaryimage"},"image":{"@id":"https:\/\/www.cultcaffe.at\/handel-feinkost\/#primaryimage"},"thumbnailUrl":"https:\/\/www.cultcaffe.at\/wp-content\/uploads\/2025\/03\/cultcaffe_handel-1024x683.jpg","datePublished":"2021-12-07T15:16:28+00:00","dateModified":"2025-10-20T13:38:38+00:00","description":"\u6211\u4eec\u7684\u5496\u5561\u54c1\u79cd\u5728\u519c\u573a\u5546\u5e97\u3001\u7f8e\u98df\u5e97\u3001\u6709\u673a\u98df\u54c1\u5e97\u548c\u719f\u98df\u5e97\u7b49\u96f6\u552e\u70b9\u5747\u6709\u9500\u552e\u3002\u2713 \u6709\u673a\u5496\u5561 \u2713 \u5496\u5561\u9986","breadcrumb":{"@id":"https:\/\/www.cultcaffe.at\/handel-feinkost\/#breadcrumb"},"inLanguage":"zh-Hans","potentialAction":[{"@type":"ReadAction","target":["https:\/\/www.cultcaffe.at\/handel-feinkost\/"]}]},{"@type":"ImageObject","inLanguage":"zh-Hans","@id":"https:\/\/www.cultcaffe.at\/handel-feinkost\/#primaryimage","url":"https:\/\/www.cultcaffe.at\/wp-content\/uploads\/2025\/03\/cultcaffe_handel-1024x683.jpg","contentUrl":"https:\/\/www.cultcaffe.at\/wp-content\/uploads\/2025\/03\/cultcaffe_handel-1024x683.jpg"},{"@type":"BreadcrumbList","@id":"https:\/\/www.cultcaffe.at\/handel-feinkost\/#breadcrumb","itemListElement":[{"@type":"ListItem","position":1,"name":"Startseite","item":"https:\/\/www.cultcaffe.at\/"},{"@type":"ListItem","position":2,"name":"Handel &#038; Feinkost"}]},{"@type":"WebSite","@id":"https:\/\/www.cultcaffe.at\/#website","url":"https:\/\/www.cultcaffe.at\/","name":"CultCaff\u00e9\u2014\u2014\u6709\u673a\u5496\u5561\u70d8\u7119\u574a","description":"\u5bf9\u5496\u5561\u7684\u70ed\u7231","publisher":{"@id":"https:\/\/www.cultcaffe.at\/#organization"},"potentialAction":[{"@type":"SearchAction","target":{"@type":"EntryPoint","urlTemplate":"https:\/\/www.cultcaffe.at\/?s={search_term_string}"},"query-input":{"@type":"PropertyValueSpecification","valueRequired":true,"valueName":"search_term_string"}}],"inLanguage":"zh-Hans"},{"@type":["Organization","Place"],"@id":"https:\/\/www.cultcaffe.at\/#organization","name":"CultCaff\u00e9 \u5496\u5561\u70d8\u7119\u6709\u9650\u516c\u53f8","alternateName":"CultCaff\u00e9","url":"https:\/\/www.cultcaffe.at\/","logo":{"@id":"https:\/\/www.cultcaffe.at\/handel-feinkost\/#local-main-organization-logo"},"image":{"@id":"https:\/\/www.cultcaffe.at\/handel-feinkost\/#local-main-organization-logo"},"sameAs":["https:\/\/www.facebook.com\/p\/Cult-Caff\u00e8-die-R\u00f6sterei-100039719724703\/?locale=de_DE","https:\/\/www.instagram.com\/cultcaffe.at\/"],"hasMerchantReturnPolicy":{"@type":"MerchantReturnPolicy","merchantReturnLink":"https:\/\/www.cultcaffe.at\/zh\/agbs\/"},"telephone":[],"openingHoursSpecification":[{"@type":"OpeningHoursSpecification","dayOfWeek":["Monday","Tuesday","Wednesday","Thursday","Friday","Saturday","Sunday"],"opens":"09:00","closes":"17:00"}]},{"@type":"ImageObject","inLanguage":"zh-Hans","@id":"https:\/\/www.cultcaffe.at\/handel-feinkost\/#local-main-organization-logo","url":"https:\/\/www.cultcaffe.at\/wp-content\/uploads\/2023\/11\/cultcaffe_logo_regular_dark-1.svg","contentUrl":"https:\/\/www.cultcaffe.at\/wp-content\/uploads\/2023\/11\/cultcaffe_logo_regular_dark-1.svg","width":756,"height":474,"caption":"CultCaff\u00e9 Kaffeer\u00f6sterei GmbH"}]}},"_links":{"self":[{"href":"https:\/\/www.cultcaffe.at\/zh\/wp-json\/wp\/v2\/pages\/917","targetHints":{"allow":["GET"]}}],"collection":[{"href":"https:\/\/www.cultcaffe.at\/zh\/wp-json\/wp\/v2\/pages"}],"about":[{"href":"https:\/\/www.cultcaffe.at\/zh\/wp-json\/wp\/v2\/types\/page"}],"author":[{"embeddable":true,"href":"https:\/\/www.cultcaffe.at\/zh\/wp-json\/wp\/v2\/users\/6"}],"replies":[{"embeddable":true,"href":"https:\/\/www.cultcaffe.at\/zh\/wp-json\/wp\/v2\/comments?post=917"}],"version-history":[{"count":106,"href":"https:\/\/www.cultcaffe.at\/zh\/wp-json\/wp\/v2\/pages\/917\/revisions"}],"predecessor-version":[{"id":18876,"href":"https:\/\/www.cultcaffe.at\/zh\/wp-json\/wp\/v2\/pages\/917\/revisions\/18876"}],"wp:attachment":[{"href":"https:\/\/www.cultcaffe.at\/zh\/wp-json\/wp\/v2\/media?parent=917"}],"curies":[{"name":"wp","href":"https:\/\/api.w.org\/{rel}","templated":true}]}}