{"id":19018,"date":"2025-11-13T16:55:44","date_gmt":"2025-11-13T15:55:44","guid":{"rendered":"https:\/\/www.cultcaffe.at\/?post_type=product&#038;p=19018"},"modified":"2026-01-07T17:43:37","modified_gmt":"2026-01-07T16:43:37","slug":"vianocna-edicia-organickej-kavy-amarillo","status":"publish","type":"product","link":"https:\/\/www.cultcaffe.at\/sk\/produkt\/weihnachtsedition-bio-kaffee-amarillo\/","title":{"rendered":"Viano\u010dn\u00e1 ed\u00edcia organickej k\u00e1vy Amarillo"},"content":{"rendered":"<h3><strong>BIO K\u00c1VA Amarillo \u2013 Lahodn\u00e9 bio espresso pre znalcov<\/strong><\/h3>\n<p>Na\u0161e <strong><em>ORGANICK\u00c1 K\u00c1VA Amarillo<\/em><\/strong> je skvel\u00e9 organick\u00e9 espresso s plnou chu\u0165ou, \u0161peci\u00e1lne vytvoren\u00e9 pre milovn\u00edkov silnej k\u00e1vy.<\/p>\n<ul>\n<li><strong>Najlep\u0161\u00ed v\u00fdber organick\u00fdch k\u00e1vov\u00fdch z\u0155n:<\/strong><br \/>\nPou\u017e\u00edvame iba tie najkvalitnej\u0161ie organick\u00e9 k\u00e1vov\u00e9 zrn\u00e1 pre neporovnate\u013en\u00fa ar\u00f3mu. Podarilo sa n\u00e1m vytvori\u0165 skvel\u00fa zmes k\u00e1v Arabica z Mexika a Guatemaly a ve\u013emi vz\u00e1cnej organickej Robusty z Indie.<br \/>\nHlb\u0161ie, no z\u00e1rove\u0148 \u0161etrn\u00e9 pra\u017eenie vedie k vynikaj\u00facej, komplexnej espresso k\u00e1ve s n\u00edzkou kyslos\u0165ou a kr\u00e1snou, hustou cremou.<\/li>\n<li><strong><strong>Zelen\u00e9 k\u00e1vy pre t\u00fato super zmes z\u00edskavame z:<\/strong><\/strong>MEXIKO<br \/>\nRegi\u00f3n Motozintla \u2013 Chiapas<br \/>\nNadmorsk\u00e1 v\u00fd\u0161ka pestovania 1200 \u2013 1800 m<br \/>\nZber: Ru\u010dne zbieran\u00fd, su\u0161en\u00fd na slnku<br \/>\nOdroda: Arabigo, Bourbon negro<br \/>\nOdroda: ArabicaGUATEMALA<br \/>\nRegi\u00f3n La Union, Zacapa<br \/>\nNadmorsk\u00e1 v\u00fd\u0161ka pestovania: 1000 \u2013 1600 m<br \/>\nZber: ru\u010dne zberan\u00fd, su\u0161en\u00fd na slnku<br \/>\nOdroda: Pacamara<br \/>\nOdroda: ArabicaINDIA<br \/>\nRegi\u00f3n - Karn\u00e1taka<br \/>\nV\u00fd\u0161ka pestovania: 800 m<br \/>\nZber: ru\u010dn\u00fd zber, mokr\u00e9 spracovanie,<br \/>\nsu\u0161en\u00e9 na slnku<br \/>\nOdroda: Canephora V\u0161etky zrn\u00e1 poch\u00e1dzaj\u00fa z kontrolovan\u00e9ho ekologick\u00e9ho pestovania. Du\u017eina k\u00e1vov\u00fdch plodov sa kompostuje a vracia rastlin\u00e1m ako hnojivo. \u010clenovia dru\u017estiev dost\u00e1vaj\u00fa na svoje invest\u00edcie v\u00fdhodn\u00e9 \u00favery, ako aj pr\u00edstup k \u0161tipendi\u00e1m na vzdel\u00e1vanie svojich det\u00ed.<\/li>\n<\/ul>\n<p>Objavte teraz jedine\u010dn\u00fa zmes <strong>Organick\u00e1 kvalita<\/strong> a <strong>intenz\u00edvna chu\u0165<\/strong> v ka\u017edom na\u0161om poh\u00e1ri <strong><em>ORGANICK\u00c1 K\u00c1VA Amarillo<\/em><\/strong>.<\/p>","protected":false},"excerpt":{"rendered":"<p>Na\u0161e bio Amarillo v exkluz\u00edvnej viano\u010dnej ed\u00edcii \u2013 perfektn\u00fd dar\u010dek pre milovn\u00edkov k\u00e1vy!<\/p>\n<ul>\n<li class=\"bullet-checkmark\">Lahodn\u00e9 organick\u00e9 espresso s plnou chu\u0165ou<\/li>\n<li class=\"bullet-checkmark\">Ide\u00e1lne pre: portafiltrov\u00e9 k\u00e1vovary, plne automatick\u00e9 k\u00e1vovary, Bialetti<\/li>\n<li class=\"bullet-checkmark\">Ide\u00e1lne pre milovn\u00edkov silnej k\u00e1vy<\/li>\n<\/ul>","protected":false},"featured_media":19052,"template":"","meta":{"inline_featured_image":false},"product_brand":[],"product_cat":[199,215,211],"product_tag":[116,114,117,61,60,115,95,59,62,130,133],"class_list":{"0":"post-19018","1":"product","2":"type-product","3":"status-publish","4":"has-post-thumbnail","6":"product_cat-kaffee","7":"product_cat-biokaffee","8":"product_cat-geschenkideen","9":"product_tag-amarillo","10":"product_tag-bio","11":"product_tag-biokaffee","12":"product_tag-cultcaffe","13":"product_tag-espresso","14":"product_tag-fairtrade","15":"product_tag-geschenk","16":"product_tag-kaffee","17":"product_tag-kaffeegenuss","18":"product_tag-weihnachten","19":"product_tag-weihnachtsgeschenk","21":"first","22":"instock","23":"taxable","24":"shipping-taxable","25":"purchasable","26":"product-type-variable","27":"has-default-attributes"},"yoast_head":"<!-- This site is optimized with the Yoast SEO plugin v27.5 - https:\/\/yoast.com\/product\/yoast-seo-wordpress\/ -->\n<title>Weihnachtsedition BIO KAFFEE Amarillo - CultCaff\u00e9 - die Bio Kaffee R\u00f6sterei<\/title>\n<meta name=\"robots\" content=\"index, follow, max-snippet:-1, max-image-preview:large, max-video-preview:-1\" \/>\n<link rel=\"canonical\" href=\"https:\/\/www.cultcaffe.at\/sk\/produkt\/vianocna-edicia-organickej-kavy-amarillo\/\" \/>\n<meta property=\"og:locale\" content=\"sk_SK\" \/>\n<meta property=\"og:type\" content=\"article\" \/>\n<meta property=\"og:title\" content=\"Weihnachtsedition BIO KAFFEE Amarillo - CultCaff\u00e9 - die Bio Kaffee R\u00f6sterei\" \/>\n<meta property=\"og:description\" content=\"Unser Bio Amarillo in der exklusiven Weihnachtsedition \u2013 das perfekte Geschenk f\u00fcr Kaffeeliebhaber!   Herrlicher Bio Espresso mit vollem Geschmack  Ideal f\u00fcr: Siebtr\u00e4germaschinen, Vollautomaten, Bialetti  Perfekt f\u00fcr Liebhaber von starkem Kaffee\" \/>\n<meta property=\"og:url\" content=\"https:\/\/www.cultcaffe.at\/sk\/produkt\/vianocna-edicia-organickej-kavy-amarillo\/\" \/>\n<meta property=\"og:site_name\" content=\"CultCaff\u00e9 - die Bio Kaffee R\u00f6sterei\" \/>\n<meta property=\"article:publisher\" content=\"https:\/\/www.facebook.com\/p\/Cult-Caff%c3%a8-die-R%c3%b6sterei-100039719724703\/?locale=de_DE\" \/>\n<meta property=\"article:modified_time\" content=\"2026-01-07T16:43:37+00:00\" \/>\n<meta property=\"og:image\" content=\"https:\/\/www.cultcaffe.at\/wp-content\/uploads\/2025\/11\/Amarillo-einzeln1.jpg\" \/>\n\t<meta property=\"og:image:width\" content=\"480\" \/>\n\t<meta property=\"og:image:height\" content=\"640\" \/>\n\t<meta property=\"og:image:type\" content=\"image\/jpeg\" \/>\n<meta name=\"twitter:card\" content=\"summary_large_image\" \/>\n<meta name=\"twitter:label1\" content=\"Dostupnos\u0165\" \/>\n\t<meta name=\"twitter:data1\" content=\"Na sklade\" \/>\n<script type=\"application\/ld+json\" class=\"yoast-schema-graph\">{\"@context\":\"https:\\\/\\\/schema.org\",\"@graph\":[{\"@type\":\"WebPage\",\"@id\":\"https:\\\/\\\/www.cultcaffe.at\\\/produkt\\\/weihnachtsedition-bio-kaffee-amarillo\\\/\",\"url\":\"https:\\\/\\\/www.cultcaffe.at\\\/produkt\\\/weihnachtsedition-bio-kaffee-amarillo\\\/\",\"name\":\"Weihnachtsedition BIO KAFFEE Amarillo - CultCaff\u00e9 - die Bio Kaffee R\u00f6sterei\",\"isPartOf\":{\"@id\":\"https:\\\/\\\/www.cultcaffe.at\\\/#website\"},\"primaryImageOfPage\":{\"@id\":\"https:\\\/\\\/www.cultcaffe.at\\\/produkt\\\/weihnachtsedition-bio-kaffee-amarillo\\\/#primaryimage\"},\"image\":{\"@id\":\"https:\\\/\\\/www.cultcaffe.at\\\/produkt\\\/weihnachtsedition-bio-kaffee-amarillo\\\/#primaryimage\"},\"thumbnailUrl\":\"https:\\\/\\\/www.cultcaffe.at\\\/wp-content\\\/uploads\\\/2025\\\/11\\\/Amarillo-einzeln1.jpg\",\"datePublished\":\"2025-11-13T15:55:44+00:00\",\"dateModified\":\"2026-01-07T16:43:37+00:00\",\"breadcrumb\":{\"@id\":\"https:\\\/\\\/www.cultcaffe.at\\\/produkt\\\/weihnachtsedition-bio-kaffee-amarillo\\\/#breadcrumb\"},\"inLanguage\":\"sk-SK\",\"potentialAction\":[{\"@type\":\"ReadAction\",\"target\":[\"https:\\\/\\\/www.cultcaffe.at\\\/produkt\\\/weihnachtsedition-bio-kaffee-amarillo\\\/\"]}]},{\"@type\":\"ImageObject\",\"inLanguage\":\"sk-SK\",\"@id\":\"https:\\\/\\\/www.cultcaffe.at\\\/produkt\\\/weihnachtsedition-bio-kaffee-amarillo\\\/#primaryimage\",\"url\":\"https:\\\/\\\/www.cultcaffe.at\\\/wp-content\\\/uploads\\\/2025\\\/11\\\/Amarillo-einzeln1.jpg\",\"contentUrl\":\"https:\\\/\\\/www.cultcaffe.at\\\/wp-content\\\/uploads\\\/2025\\\/11\\\/Amarillo-einzeln1.jpg\",\"width\":480,\"height\":640},{\"@type\":\"BreadcrumbList\",\"@id\":\"https:\\\/\\\/www.cultcaffe.at\\\/produkt\\\/weihnachtsedition-bio-kaffee-amarillo\\\/#breadcrumb\",\"itemListElement\":[{\"@type\":\"ListItem\",\"position\":1,\"name\":\"Startseite\",\"item\":\"https:\\\/\\\/www.cultcaffe.at\\\/\"},{\"@type\":\"ListItem\",\"position\":2,\"name\":\"Produkte\",\"item\":\"https:\\\/\\\/www.cultcaffe.at\\\/shop\\\/\"},{\"@type\":\"ListItem\",\"position\":3,\"name\":\"Weihnachtsedition BIO KAFFEE Amarillo\"}]},{\"@type\":\"WebSite\",\"@id\":\"https:\\\/\\\/www.cultcaffe.at\\\/#website\",\"url\":\"https:\\\/\\\/www.cultcaffe.at\\\/\",\"name\":\"CultCaff\u00e9 - die Bio Kaffee R\u00f6sterei\",\"description\":\"Liebe zum Kaffee\",\"publisher\":{\"@id\":\"https:\\\/\\\/www.cultcaffe.at\\\/#organization\"},\"potentialAction\":[{\"@type\":\"SearchAction\",\"target\":{\"@type\":\"EntryPoint\",\"urlTemplate\":\"https:\\\/\\\/www.cultcaffe.at\\\/?s={search_term_string}\"},\"query-input\":{\"@type\":\"PropertyValueSpecification\",\"valueRequired\":true,\"valueName\":\"search_term_string\"}}],\"inLanguage\":\"sk-SK\"},{\"@type\":[\"Organization\",\"Place\"],\"@id\":\"https:\\\/\\\/www.cultcaffe.at\\\/#organization\",\"name\":\"CultCaff\u00e9 Kaffeer\u00f6sterei GmbH\",\"alternateName\":\"CultCaff\u00e9\",\"url\":\"https:\\\/\\\/www.cultcaffe.at\\\/\",\"logo\":{\"@id\":\"https:\\\/\\\/www.cultcaffe.at\\\/produkt\\\/weihnachtsedition-bio-kaffee-amarillo\\\/#local-main-organization-logo\"},\"image\":{\"@id\":\"https:\\\/\\\/www.cultcaffe.at\\\/produkt\\\/weihnachtsedition-bio-kaffee-amarillo\\\/#local-main-organization-logo\"},\"sameAs\":[\"https:\\\/\\\/www.facebook.com\\\/p\\\/Cult-Caff\u00e8-die-R\u00f6sterei-100039719724703\\\/?locale=de_DE\",\"https:\\\/\\\/www.instagram.com\\\/cultcaffe.at\\\/\"],\"hasMerchantReturnPolicy\":{\"@type\":\"MerchantReturnPolicy\",\"merchantReturnLink\":\"https:\\\/\\\/www.cultcaffe.at\\\/sk\\\/agbs\\\/\"},\"telephone\":[],\"openingHoursSpecification\":[{\"@type\":\"OpeningHoursSpecification\",\"dayOfWeek\":[\"Monday\",\"Tuesday\",\"Wednesday\",\"Thursday\",\"Friday\",\"Saturday\",\"Sunday\"],\"opens\":\"09:00\",\"closes\":\"17:00\"}]},{\"@type\":\"ImageObject\",\"inLanguage\":\"sk-SK\",\"@id\":\"https:\\\/\\\/www.cultcaffe.at\\\/produkt\\\/weihnachtsedition-bio-kaffee-amarillo\\\/#local-main-organization-logo\",\"url\":\"https:\\\/\\\/www.cultcaffe.at\\\/wp-content\\\/uploads\\\/2023\\\/11\\\/cultcaffe_logo_regular_dark-1.svg\",\"contentUrl\":\"https:\\\/\\\/www.cultcaffe.at\\\/wp-content\\\/uploads\\\/2023\\\/11\\\/cultcaffe_logo_regular_dark-1.svg\",\"width\":756,\"height\":474,\"caption\":\"CultCaff\u00e9 Kaffeer\u00f6sterei GmbH\"}]}<\/script>\n<meta property=\"og:availability\" content=\"instock\" \/>\n<meta property=\"product:availability\" content=\"instock\" \/>\n<meta property=\"product:condition\" content=\"new\" \/>\n<!-- \/ Yoast SEO plugin. -->","yoast_head_json":{"title":"Viano\u010dn\u00e1 ed\u00edcia organickej k\u00e1vy Amarillo - CultCaff\u00e9 - pra\u017eiare\u0148 organickej k\u00e1vy","robots":{"index":"index","follow":"follow","max-snippet":"max-snippet:-1","max-image-preview":"max-image-preview:large","max-video-preview":"max-video-preview:-1"},"canonical":"https:\/\/www.cultcaffe.at\/sk\/produkt\/vianocna-edicia-organickej-kavy-amarillo\/","og_locale":"sk_SK","og_type":"article","og_title":"Weihnachtsedition BIO KAFFEE Amarillo - CultCaff\u00e9 - die Bio Kaffee R\u00f6sterei","og_description":"Unser Bio Amarillo in der exklusiven Weihnachtsedition \u2013 das perfekte Geschenk f\u00fcr Kaffeeliebhaber!   Herrlicher Bio Espresso mit vollem Geschmack  Ideal f\u00fcr: Siebtr\u00e4germaschinen, Vollautomaten, Bialetti  Perfekt f\u00fcr Liebhaber von starkem Kaffee","og_url":"https:\/\/www.cultcaffe.at\/sk\/produkt\/vianocna-edicia-organickej-kavy-amarillo\/","og_site_name":"CultCaff\u00e9 - die Bio Kaffee R\u00f6sterei","article_publisher":"https:\/\/www.facebook.com\/p\/Cult-Caff%c3%a8-die-R%c3%b6sterei-100039719724703\/?locale=de_DE","article_modified_time":"2026-01-07T16:43:37+00:00","og_image":[{"width":480,"height":640,"url":"https:\/\/www.cultcaffe.at\/wp-content\/uploads\/2025\/11\/Amarillo-einzeln1.jpg","type":"image\/jpeg"}],"twitter_card":"summary_large_image","twitter_misc":{"Dostupnos\u0165":"Na sklade"},"schema":{"@context":"https:\/\/schema.org","@graph":[{"@type":"WebPage","@id":"https:\/\/www.cultcaffe.at\/produkt\/weihnachtsedition-bio-kaffee-amarillo\/","url":"https:\/\/www.cultcaffe.at\/produkt\/weihnachtsedition-bio-kaffee-amarillo\/","name":"Viano\u010dn\u00e1 ed\u00edcia organickej k\u00e1vy Amarillo - CultCaff\u00e9 - pra\u017eiare\u0148 organickej k\u00e1vy","isPartOf":{"@id":"https:\/\/www.cultcaffe.at\/#website"},"primaryImageOfPage":{"@id":"https:\/\/www.cultcaffe.at\/produkt\/weihnachtsedition-bio-kaffee-amarillo\/#primaryimage"},"image":{"@id":"https:\/\/www.cultcaffe.at\/produkt\/weihnachtsedition-bio-kaffee-amarillo\/#primaryimage"},"thumbnailUrl":"https:\/\/www.cultcaffe.at\/wp-content\/uploads\/2025\/11\/Amarillo-einzeln1.jpg","datePublished":"2025-11-13T15:55:44+00:00","dateModified":"2026-01-07T16:43:37+00:00","breadcrumb":{"@id":"https:\/\/www.cultcaffe.at\/produkt\/weihnachtsedition-bio-kaffee-amarillo\/#breadcrumb"},"inLanguage":"sk-SK","potentialAction":[{"@type":"ReadAction","target":["https:\/\/www.cultcaffe.at\/produkt\/weihnachtsedition-bio-kaffee-amarillo\/"]}]},{"@type":"ImageObject","inLanguage":"sk-SK","@id":"https:\/\/www.cultcaffe.at\/produkt\/weihnachtsedition-bio-kaffee-amarillo\/#primaryimage","url":"https:\/\/www.cultcaffe.at\/wp-content\/uploads\/2025\/11\/Amarillo-einzeln1.jpg","contentUrl":"https:\/\/www.cultcaffe.at\/wp-content\/uploads\/2025\/11\/Amarillo-einzeln1.jpg","width":480,"height":640},{"@type":"BreadcrumbList","@id":"https:\/\/www.cultcaffe.at\/produkt\/weihnachtsedition-bio-kaffee-amarillo\/#breadcrumb","itemListElement":[{"@type":"ListItem","position":1,"name":"Startseite","item":"https:\/\/www.cultcaffe.at\/"},{"@type":"ListItem","position":2,"name":"Produkte","item":"https:\/\/www.cultcaffe.at\/shop\/"},{"@type":"ListItem","position":3,"name":"Weihnachtsedition BIO KAFFEE Amarillo"}]},{"@type":"WebSite","@id":"https:\/\/www.cultcaffe.at\/#website","url":"https:\/\/www.cultcaffe.at\/","name":"CultCaff\u00e9 - pra\u017eiare\u0148 organickej k\u00e1vy","description":"L\u00e1ska ku k\u00e1ve","publisher":{"@id":"https:\/\/www.cultcaffe.at\/#organization"},"potentialAction":[{"@type":"SearchAction","target":{"@type":"EntryPoint","urlTemplate":"https:\/\/www.cultcaffe.at\/?s={search_term_string}"},"query-input":{"@type":"PropertyValueSpecification","valueRequired":true,"valueName":"search_term_string"}}],"inLanguage":"sk-SK"},{"@type":["Organization","Place"],"@id":"https:\/\/www.cultcaffe.at\/#organization","name":"CultCaff\u00e9 Coffee Roastery GmbH","alternateName":"CultCaff\u00e9","url":"https:\/\/www.cultcaffe.at\/","logo":{"@id":"https:\/\/www.cultcaffe.at\/produkt\/weihnachtsedition-bio-kaffee-amarillo\/#local-main-organization-logo"},"image":{"@id":"https:\/\/www.cultcaffe.at\/produkt\/weihnachtsedition-bio-kaffee-amarillo\/#local-main-organization-logo"},"sameAs":["https:\/\/www.facebook.com\/p\/Cult-Caff\u00e8-die-R\u00f6sterei-100039719724703\/?locale=de_DE","https:\/\/www.instagram.com\/cultcaffe.at\/"],"hasMerchantReturnPolicy":{"@type":"MerchantReturnPolicy","merchantReturnLink":"https:\/\/www.cultcaffe.at\/sk\/agbs\/"},"telephone":[],"openingHoursSpecification":[{"@type":"OpeningHoursSpecification","dayOfWeek":["Monday","Tuesday","Wednesday","Thursday","Friday","Saturday","Sunday"],"opens":"09:00","closes":"17:00"}]},{"@type":"ImageObject","inLanguage":"sk-SK","@id":"https:\/\/www.cultcaffe.at\/produkt\/weihnachtsedition-bio-kaffee-amarillo\/#local-main-organization-logo","url":"https:\/\/www.cultcaffe.at\/wp-content\/uploads\/2023\/11\/cultcaffe_logo_regular_dark-1.svg","contentUrl":"https:\/\/www.cultcaffe.at\/wp-content\/uploads\/2023\/11\/cultcaffe_logo_regular_dark-1.svg","width":756,"height":474,"caption":"CultCaff\u00e9 Kaffeer\u00f6sterei GmbH"}]},"og_availability":"instock","product_availability":"instock","product_condition":"new"},"_links":{"self":[{"href":"https:\/\/www.cultcaffe.at\/sk\/wp-json\/wp\/v2\/product\/19018","targetHints":{"allow":["GET"]}}],"collection":[{"href":"https:\/\/www.cultcaffe.at\/sk\/wp-json\/wp\/v2\/product"}],"about":[{"href":"https:\/\/www.cultcaffe.at\/sk\/wp-json\/wp\/v2\/types\/product"}],"wp:featuredmedia":[{"embeddable":true,"href":"https:\/\/www.cultcaffe.at\/sk\/wp-json\/wp\/v2\/media\/19052"}],"wp:attachment":[{"href":"https:\/\/www.cultcaffe.at\/sk\/wp-json\/wp\/v2\/media?parent=19018"}],"wp:term":[{"taxonomy":"product_brand","embeddable":true,"href":"https:\/\/www.cultcaffe.at\/sk\/wp-json\/wp\/v2\/product_brand?post=19018"},{"taxonomy":"product_cat","embeddable":true,"href":"https:\/\/www.cultcaffe.at\/sk\/wp-json\/wp\/v2\/product_cat?post=19018"},{"taxonomy":"product_tag","embeddable":true,"href":"https:\/\/www.cultcaffe.at\/sk\/wp-json\/wp\/v2\/product_tag?post=19018"}],"curies":[{"name":"pracovn\u00fd list","href":"https:\/\/api.w.org\/{rel}","templated":true}]}}