{"id":1691,"date":"2023-05-23T13:14:22","date_gmt":"2023-05-23T11:14:22","guid":{"rendered":"https:\/\/www.cultcaffe.at\/?page_id=1691"},"modified":"2025-11-07T09:00:12","modified_gmt":"2025-11-07T08:00:12","slug":"kava-privatnej-znacky","status":"publish","type":"page","link":"https:\/\/www.cultcaffe.at\/sk\/private-label-kaffee\/","title":{"rendered":"S\u00fakromn\u00e1 zna\u010dka"},"content":{"rendered":"<div data-elementor-type=\"wp-page\" data-elementor-id=\"1691\" class=\"elementor elementor-1691\" data-elementor-post-type=\"page\">\n\t\t\t\t<div class=\"elementor-element elementor-element-3090b83 e-flex e-con-boxed e-con e-parent\" data-id=\"3090b83\" data-element_type=\"container\" data-e-type=\"container\" data-settings=\"{&quot;background_background&quot;:&quot;classic&quot;}\">\n\t\t\t\t\t<div class=\"e-con-inner\">\n\t\t\t\t<div class=\"elementor-element elementor-element-4d30a3b elementor-widget elementor-widget-heading\" data-id=\"4d30a3b\" data-element_type=\"widget\" data-e-type=\"widget\" data-widget_type=\"heading.default\">\n\t\t\t\t<div class=\"elementor-widget-container\">\n\t\t\t\t\t<h1 class=\"elementor-heading-title elementor-size-default\">S\u00fakromn\u00e1 zna\u010dka<\/h1>\t\t\t\t<\/div>\n\t\t\t\t<\/div>\n\t\t\t\t\t<\/div>\n\t\t\t\t<\/div>\n\t\t<div class=\"elementor-element elementor-element-063fc9c e-flex e-con-boxed e-con e-parent\" data-id=\"063fc9c\" data-element_type=\"container\" data-e-type=\"container\">\n\t\t\t\t\t<div class=\"e-con-inner\">\n\t\t<div class=\"elementor-element elementor-element-69ec826 e-con-full e-flex e-con e-child\" data-id=\"69ec826\" data-element_type=\"container\" data-e-type=\"container\">\n\t\t\t\t<div class=\"elementor-element elementor-element-f58dc42 elementor-widget elementor-widget-text-editor\" data-id=\"f58dc42\" data-element_type=\"widget\" data-e-type=\"widget\" data-widget_type=\"text-editor.default\">\n\t\t\t\t<div class=\"elementor-widget-container\">\n\t\t\t\t\t\t\t\t\t<p><span lang=\"DE\">Ja<b>Va\u0161a zna\u010dka \u2013 va\u0161a priv\u00e1tna zna\u010dka \u2013 va\u0161a vlastn\u00e1 k\u00e1vov\u00e1 rada<\/b><\/span><\/p><p><span lang=\"DE\">V\u010faka na\u0161im 23-ro\u010dn\u00fdm sk\u00fasenostiam s pra\u017een\u00edm sa spolo\u010dne s vami vyv\u00edjame<\/span><span style=\"font-size: 1rem;\">Spolo\u010dne si vytvorte vlastn\u00fa zna\u010dku k\u00e1vy.<\/span><\/p><p><span style=\"font-size: 1rem;\">Tu v na\u0161ej pra\u017eiarni vytvor\u00edme va\u0161u zmes a priprav\u00edme pra\u017eenicu a...<\/span><span style=\"font-size: 1rem;\">stanoven\u00fd po\u017eadovan\u00fd chu\u0165ov\u00fd profil. .<\/span><\/p><p><span lang=\"DE\">Po rozsiahlej ochutn\u00e1vke s vami prejdeme k prev\u00e1dzkovej implement\u00e1cii,\u00a0<\/span><span style=\"font-size: 1rem;\">Marketing a predaj m\u00e1te vo svojich ruk\u00e1ch<\/span><\/p><p><span style=\"font-weight: 400;\">Od 50 balen\u00ed implementujeme rie\u0161enia \u0161it\u00e9 na mieru, ktor\u00e9 <\/span><span style=\"font-weight: 400;\">nielen vizu\u00e1lne pr\u00ed\u0165a\u017eliv\u00e9, ale aj zd\u00f4raz\u0148uj\u00fa jedine\u010dn\u00fd z\u00e1\u017eitok, ktor\u00fd va\u0161a vlastn\u00e1 k\u00e1va pon\u00faka.<\/span><\/p><p><span style=\"font-weight: 400;\">S personalizovan\u00fdm balen\u00edm dod\u00e1te svojmu produktu \u00faplne <\/span><span style=\"font-weight: 400;\">\u0161peci\u00e1lny n\u00e1dych a posilnenie identity va\u0161ej zna\u010dky.<\/span><\/p>\t\t\t\t\t\t\t\t<\/div>\n\t\t\t\t<\/div>\n\t\t\t\t<div class=\"elementor-element elementor-element-3bc42e1 elementor-align-left elementor-widget elementor-widget-button\" data-id=\"3bc42e1\" data-element_type=\"widget\" data-e-type=\"widget\" data-widget_type=\"button.default\">\n\t\t\t\t<div class=\"elementor-widget-container\">\n\t\t\t\t\t\t\t\t\t<div class=\"elementor-button-wrapper\">\n\t\t\t\t\t<a class=\"elementor-button elementor-button-link elementor-size-sm\" href=\"https:\/\/www.cultcaffe.at\/sk\/kontakt\/\">\n\t\t\t\t\t\t<span class=\"elementor-button-content-wrapper\">\n\t\t\t\t\t\t\t\t\t<span class=\"elementor-button-text\">Vy\u017eiadajte si svoju priv\u00e1tnu zna\u010dku tu<\/span>\n\t\t\t\t\t<\/span>\n\t\t\t\t\t<\/a>\n\t\t\t\t<\/div>\n\t\t\t\t\t\t\t\t<\/div>\n\t\t\t\t<\/div>\n\t\t\t\t<\/div>\n\t\t<div class=\"elementor-element elementor-element-0b8990c e-con-full e-flex e-con e-child\" data-id=\"0b8990c\" data-element_type=\"container\" data-e-type=\"container\">\n\t\t\t\t<div class=\"elementor-element elementor-element-f0f88fd elementor-widget elementor-widget-image\" data-id=\"f0f88fd\" data-element_type=\"widget\" data-e-type=\"widget\" data-widget_type=\"image.default\">\n\t\t\t\t<div class=\"elementor-widget-container\">\n\t\t\t\t\t\t\t\t\t\t\t\t\t\t\t<img fetchpriority=\"high\" decoding=\"async\" width=\"800\" height=\"534\" src=\"https:\/\/www.cultcaffe.at\/wp-content\/uploads\/2025\/11\/CultCaffe_nimozimmerhackl_white-label-1024x683.jpg\" class=\"attachment-large size-large wp-image-18970\" alt=\"\" srcset=\"https:\/\/www.cultcaffe.at\/wp-content\/uploads\/2025\/11\/CultCaffe_nimozimmerhackl_white-label-1024x683.jpg 1024w, https:\/\/www.cultcaffe.at\/wp-content\/uploads\/2025\/11\/CultCaffe_nimozimmerhackl_white-label-300x200.jpg 300w, https:\/\/www.cultcaffe.at\/wp-content\/uploads\/2025\/11\/CultCaffe_nimozimmerhackl_white-label-768x512.jpg 768w, https:\/\/www.cultcaffe.at\/wp-content\/uploads\/2025\/11\/CultCaffe_nimozimmerhackl_white-label-1536x1024.jpg 1536w, https:\/\/www.cultcaffe.at\/wp-content\/uploads\/2025\/11\/CultCaffe_nimozimmerhackl_white-label-2048x1366.jpg 2048w, https:\/\/www.cultcaffe.at\/wp-content\/uploads\/2025\/11\/CultCaffe_nimozimmerhackl_white-label-18x12.jpg 18w, https:\/\/www.cultcaffe.at\/wp-content\/uploads\/2025\/11\/CultCaffe_nimozimmerhackl_white-label-600x400.jpg 600w\" sizes=\"(max-width: 800px) 100vw, 800px\" \/>\t\t\t\t\t\t\t\t\t\t\t\t\t\t\t<\/div>\n\t\t\t\t<\/div>\n\t\t\t\t<\/div>\n\t\t\t\t\t<\/div>\n\t\t\t\t<\/div>\n\t\t<div class=\"elementor-element elementor-element-f05f012 e-flex e-con-boxed e-con e-parent\" data-id=\"f05f012\" data-element_type=\"container\" data-e-type=\"container\">\n\t\t\t\t\t<div class=\"e-con-inner\">\n\t\t<div class=\"elementor-element elementor-element-59a3b6f e-con-full e-flex e-con e-child\" data-id=\"59a3b6f\" data-element_type=\"container\" data-e-type=\"container\">\n\t\t\t\t<div class=\"elementor-element elementor-element-caf1806 elementor-widget elementor-widget-image\" data-id=\"caf1806\" data-element_type=\"widget\" data-e-type=\"widget\" data-widget_type=\"image.default\">\n\t\t\t\t<div class=\"elementor-widget-container\">\n\t\t\t\t\t\t\t\t\t\t\t\t\t\t\t<img decoding=\"async\" width=\"800\" height=\"450\" src=\"https:\/\/www.cultcaffe.at\/wp-content\/uploads\/2025\/03\/cultcaffe_private_label-1024x576.jpg\" class=\"attachment-large size-large wp-image-17984\" alt=\"\" srcset=\"https:\/\/www.cultcaffe.at\/wp-content\/uploads\/2025\/03\/cultcaffe_private_label-1024x576.jpg 1024w, https:\/\/www.cultcaffe.at\/wp-content\/uploads\/2025\/03\/cultcaffe_private_label-600x338.jpg 600w, https:\/\/www.cultcaffe.at\/wp-content\/uploads\/2025\/03\/cultcaffe_private_label-300x169.jpg 300w, https:\/\/www.cultcaffe.at\/wp-content\/uploads\/2025\/03\/cultcaffe_private_label-768x432.jpg 768w, https:\/\/www.cultcaffe.at\/wp-content\/uploads\/2025\/03\/cultcaffe_private_label.jpg 1500w\" sizes=\"(max-width: 800px) 100vw, 800px\" \/>\t\t\t\t\t\t\t\t\t\t\t\t\t\t\t<\/div>\n\t\t\t\t<\/div>\n\t\t\t\t<\/div>\n\t\t<div class=\"elementor-element elementor-element-138143a e-con-full e-flex e-con e-child\" data-id=\"138143a\" data-element_type=\"container\" data-e-type=\"container\">\n\t\t\t\t<div class=\"elementor-element elementor-element-2ee3fd0 elementor-widget elementor-widget-text-editor\" data-id=\"2ee3fd0\" data-element_type=\"widget\" data-e-type=\"widget\" data-widget_type=\"text-editor.default\">\n\t\t\t\t<div class=\"elementor-widget-container\">\n\t\t\t\t\t\t\t\t\t<h2>Biely \u0161t\u00edtok<\/h2><p>N\u00e1\u0161 overen\u00fd a vyzret\u00fd sortiment produktov zaru\u010duje \u0161irok\u00e9 spektrum chut\u00ed.<\/p><p>Navrhnite si svoju individu\u00e1lnu firemn\u00fa identitu s logom a brandingom.<\/p><p>Nie \u0161tandardizovan\u00fd, bezmenn\u00fd reklamn\u00fd dar\u010dek, ale jedine\u010dn\u00e1 prezent\u00e1cia va\u0161ej spolo\u010dnosti.<\/p><p>\u010cIST\u00c1 EM\u00d3CIA prostredn\u00edctvom \u010derstvo pra\u017eenej k\u00e1vy s n\u00e1dhernou ar\u00f3mou pre va\u0161ich z\u00e1kazn\u00edkov.<\/p>\t\t\t\t\t\t\t\t<\/div>\n\t\t\t\t<\/div>\n\t\t\t\t<div class=\"elementor-element elementor-element-e897fd3 elementor-align-left elementor-widget elementor-widget-button\" data-id=\"e897fd3\" data-element_type=\"widget\" data-e-type=\"widget\" data-widget_type=\"button.default\">\n\t\t\t\t<div class=\"elementor-widget-container\">\n\t\t\t\t\t\t\t\t\t<div class=\"elementor-button-wrapper\">\n\t\t\t\t\t<a class=\"elementor-button elementor-button-link elementor-size-sm\" href=\"https:\/\/www.cultcaffe.at\/sk\/kontakt\/\">\n\t\t\t\t\t\t<span class=\"elementor-button-content-wrapper\">\n\t\t\t\t\t\t\t\t\t<span class=\"elementor-button-text\">Vy\u017eiadajte si tu svoj biely \u0161t\u00edtok<\/span>\n\t\t\t\t\t<\/span>\n\t\t\t\t\t<\/a>\n\t\t\t\t<\/div>\n\t\t\t\t\t\t\t\t<\/div>\n\t\t\t\t<\/div>\n\t\t\t\t<\/div>\n\t\t\t\t\t<\/div>\n\t\t\t\t<\/div>\n\t\t<div class=\"elementor-element elementor-element-a21290b e-flex e-con-boxed e-con e-parent\" data-id=\"a21290b\" data-element_type=\"container\" data-e-type=\"container\">\n\t\t\t\t\t<div class=\"e-con-inner\">\n\t\t<div class=\"elementor-element elementor-element-cd714e0 e-con-full e-flex e-con e-child\" data-id=\"cd714e0\" data-element_type=\"container\" data-e-type=\"container\">\n\t\t\t\t<div class=\"elementor-element elementor-element-87e331d elementor-widget elementor-widget-text-editor\" data-id=\"87e331d\" data-element_type=\"widget\" data-e-type=\"widget\" data-widget_type=\"text-editor.default\">\n\t\t\t\t<div class=\"elementor-widget-container\">\n\t\t\t\t\t\t\t\t\t<h2><strong>Zmluvn\u00e9 pra\u017eenie<\/strong><\/h2><p>24 rokov sk\u00fasenost\u00ed a odborn\u00fdch znalost\u00ed v tradi\u010dn\u00fdch met\u00f3dach pra\u017eenia na najvy\u0161\u0161ej \u00farovni kvality.\u00a0<span style=\"font-size: 1rem;\">Spo\u013eahlivos\u0165 zaru\u010duje vynikaj\u00facu kvalitu pra\u017eenej k\u00e1vy!<\/span><\/p><p>N\u00e1kup, distrib\u00facia a marketing surovej k\u00e1vy je vo va\u0161ich ruk\u00e1ch.<\/p>\t\t\t\t\t\t\t\t<\/div>\n\t\t\t\t<\/div>\n\t\t\t\t<div class=\"elementor-element elementor-element-a633c9d elementor-align-left elementor-widget elementor-widget-button\" data-id=\"a633c9d\" data-element_type=\"widget\" data-e-type=\"widget\" data-widget_type=\"button.default\">\n\t\t\t\t<div class=\"elementor-widget-container\">\n\t\t\t\t\t\t\t\t\t<div class=\"elementor-button-wrapper\">\n\t\t\t\t\t<a class=\"elementor-button elementor-button-link elementor-size-sm\" href=\"https:\/\/www.cultcaffe.at\/sk\/kontakt\/\">\n\t\t\t\t\t\t<span class=\"elementor-button-content-wrapper\">\n\t\t\t\t\t\t\t\t\t<span class=\"elementor-button-text\">Po\u017eiadajte o pra\u017eenie na mieru tu<\/span>\n\t\t\t\t\t<\/span>\n\t\t\t\t\t<\/a>\n\t\t\t\t<\/div>\n\t\t\t\t\t\t\t\t<\/div>\n\t\t\t\t<\/div>\n\t\t\t\t<\/div>\n\t\t<div class=\"elementor-element elementor-element-2dc9281 e-con-full e-flex e-con e-child\" data-id=\"2dc9281\" data-element_type=\"container\" data-e-type=\"container\">\n\t\t\t\t<div class=\"elementor-element elementor-element-9bea7f5 elementor-widget elementor-widget-image\" data-id=\"9bea7f5\" data-element_type=\"widget\" data-e-type=\"widget\" data-widget_type=\"image.default\">\n\t\t\t\t<div class=\"elementor-widget-container\">\n\t\t\t\t\t\t\t\t\t\t\t\t\t\t\t<img decoding=\"async\" width=\"800\" height=\"534\" src=\"https:\/\/www.cultcaffe.at\/wp-content\/uploads\/2021\/12\/Cult-Caffe-Auftragsfoto-Sappert-_MG_7112-1-1024x683.jpg\" class=\"attachment-large size-large wp-image-830\" alt=\"\" srcset=\"https:\/\/www.cultcaffe.at\/wp-content\/uploads\/2021\/12\/Cult-Caffe-Auftragsfoto-Sappert-_MG_7112-1-1024x683.jpg 1024w, https:\/\/www.cultcaffe.at\/wp-content\/uploads\/2021\/12\/Cult-Caffe-Auftragsfoto-Sappert-_MG_7112-1-600x400.jpg 600w, https:\/\/www.cultcaffe.at\/wp-content\/uploads\/2021\/12\/Cult-Caffe-Auftragsfoto-Sappert-_MG_7112-1-300x200.jpg 300w, https:\/\/www.cultcaffe.at\/wp-content\/uploads\/2021\/12\/Cult-Caffe-Auftragsfoto-Sappert-_MG_7112-1-768x512.jpg 768w, https:\/\/www.cultcaffe.at\/wp-content\/uploads\/2021\/12\/Cult-Caffe-Auftragsfoto-Sappert-_MG_7112-1-900x600.jpg 900w, https:\/\/www.cultcaffe.at\/wp-content\/uploads\/2021\/12\/Cult-Caffe-Auftragsfoto-Sappert-_MG_7112-1.jpg 1200w\" sizes=\"(max-width: 800px) 100vw, 800px\" \/>\t\t\t\t\t\t\t\t\t\t\t\t\t\t\t<\/div>\n\t\t\t\t<\/div>\n\t\t\t\t<\/div>\n\t\t\t\t\t<\/div>\n\t\t\t\t<\/div>\n\t\t\t\t<\/div>","protected":false},"excerpt":{"rendered":"<p>Private Label Ihre Marke \u2013 Ihr Private Label \u2013 Ihre eigene Kaffeelinie Mit unserer 23 j\u00e4hrigen R\u00f6sterei Erfahrung entwickeln wir mit Ihnen gemeinsam Ihre eigene Kaffeemarke. Bei uns in der R\u00f6sterei kreieren wir Ihren Blend und legen das R\u00f6st und gew\u00fcnschte Geschmacksprofil fest . Nach umfangreichen Tasting gehen wir mit Ihnen in die operative Umsetzung,\u00a0Marketing [&hellip;]<\/p>\n","protected":false},"author":6,"featured_media":0,"parent":0,"menu_order":0,"comment_status":"closed","ping_status":"closed","template":"","meta":{"inline_featured_image":false,"footnotes":""},"class_list":["post-1691","page","type-page","status-publish","hentry"],"yoast_head":"<!-- This site is optimized with the Yoast SEO plugin v27.5 - https:\/\/yoast.com\/product\/yoast-seo-wordpress\/ -->\n<title>Private Label Kaffee \u2668 Exklusiver R\u00f6stkaffee unter Ihrer Marke<\/title>\n<meta name=\"description\" content=\"Private Label Kaffee: Kaffeebohnen verpackt in Ihrem Design \u2705 Ab 50 St\u00fcck \u2705 Kaffee mit eigenem Branding \u2705 250 oder 500 g \u25ba Jetzt gestalten\" \/>\n<meta name=\"robots\" content=\"index, follow, max-snippet:-1, max-image-preview:large, max-video-preview:-1\" \/>\n<link rel=\"canonical\" href=\"https:\/\/www.cultcaffe.at\/sk\/kava-privatnej-znacky\/\" \/>\n<meta property=\"og:locale\" content=\"sk_SK\" \/>\n<meta property=\"og:type\" content=\"article\" \/>\n<meta property=\"og:title\" content=\"Private Label Kaffee \u2668 Exklusiver R\u00f6stkaffee unter Ihrer Marke\" \/>\n<meta property=\"og:description\" content=\"Private Label Kaffee: Kaffeebohnen verpackt in Ihrem Design \u2705 Ab 50 St\u00fcck \u2705 Kaffee mit eigenem Branding \u2705 250 oder 500 g \u25ba Jetzt gestalten\" \/>\n<meta property=\"og:url\" content=\"https:\/\/www.cultcaffe.at\/sk\/kava-privatnej-znacky\/\" \/>\n<meta property=\"og:site_name\" content=\"CultCaff\u00e9 - die Bio Kaffee R\u00f6sterei\" \/>\n<meta property=\"article:publisher\" content=\"https:\/\/www.facebook.com\/p\/Cult-Caff%c3%a8-die-R%c3%b6sterei-100039719724703\/?locale=de_DE\" \/>\n<meta property=\"article:modified_time\" content=\"2025-11-07T08:00:12+00:00\" \/>\n<meta property=\"og:image\" content=\"https:\/\/www.cultcaffe.at\/wp-content\/uploads\/2025\/11\/CultCaffe_nimozimmerhackl_white-label.jpg\" \/>\n\t<meta property=\"og:image:width\" content=\"2500\" \/>\n\t<meta property=\"og:image:height\" content=\"1667\" \/>\n\t<meta property=\"og:image:type\" content=\"image\/jpeg\" \/>\n<meta name=\"twitter:card\" content=\"summary_large_image\" \/>\n<meta name=\"twitter:label1\" content=\"Predpokladan\u00fd \u010das \u010d\u00edtania\" \/>\n\t<meta name=\"twitter:data1\" content=\"2 min\u00faty\" \/>\n<script type=\"application\/ld+json\" class=\"yoast-schema-graph\">{\"@context\":\"https:\\\/\\\/schema.org\",\"@graph\":[{\"@type\":\"WebPage\",\"@id\":\"https:\\\/\\\/www.cultcaffe.at\\\/private-label-kaffee\\\/\",\"url\":\"https:\\\/\\\/www.cultcaffe.at\\\/private-label-kaffee\\\/\",\"name\":\"Private Label Kaffee \u2668 Exklusiver R\u00f6stkaffee unter Ihrer Marke\",\"isPartOf\":{\"@id\":\"https:\\\/\\\/www.cultcaffe.at\\\/#website\"},\"primaryImageOfPage\":{\"@id\":\"https:\\\/\\\/www.cultcaffe.at\\\/private-label-kaffee\\\/#primaryimage\"},\"image\":{\"@id\":\"https:\\\/\\\/www.cultcaffe.at\\\/private-label-kaffee\\\/#primaryimage\"},\"thumbnailUrl\":\"https:\\\/\\\/www.cultcaffe.at\\\/wp-content\\\/uploads\\\/2025\\\/11\\\/CultCaffe_nimozimmerhackl_white-label-1024x683.jpg\",\"datePublished\":\"2023-05-23T11:14:22+00:00\",\"dateModified\":\"2025-11-07T08:00:12+00:00\",\"description\":\"Private Label Kaffee: Kaffeebohnen verpackt in Ihrem Design \u2705 Ab 50 St\u00fcck \u2705 Kaffee mit eigenem Branding \u2705 250 oder 500 g \u25ba Jetzt gestalten\",\"breadcrumb\":{\"@id\":\"https:\\\/\\\/www.cultcaffe.at\\\/private-label-kaffee\\\/#breadcrumb\"},\"inLanguage\":\"sk-SK\",\"potentialAction\":[{\"@type\":\"ReadAction\",\"target\":[\"https:\\\/\\\/www.cultcaffe.at\\\/private-label-kaffee\\\/\"]}]},{\"@type\":\"ImageObject\",\"inLanguage\":\"sk-SK\",\"@id\":\"https:\\\/\\\/www.cultcaffe.at\\\/private-label-kaffee\\\/#primaryimage\",\"url\":\"https:\\\/\\\/www.cultcaffe.at\\\/wp-content\\\/uploads\\\/2025\\\/11\\\/CultCaffe_nimozimmerhackl_white-label-1024x683.jpg\",\"contentUrl\":\"https:\\\/\\\/www.cultcaffe.at\\\/wp-content\\\/uploads\\\/2025\\\/11\\\/CultCaffe_nimozimmerhackl_white-label-1024x683.jpg\"},{\"@type\":\"BreadcrumbList\",\"@id\":\"https:\\\/\\\/www.cultcaffe.at\\\/private-label-kaffee\\\/#breadcrumb\",\"itemListElement\":[{\"@type\":\"ListItem\",\"position\":1,\"name\":\"Startseite\",\"item\":\"https:\\\/\\\/www.cultcaffe.at\\\/\"},{\"@type\":\"ListItem\",\"position\":2,\"name\":\"Private Label\"}]},{\"@type\":\"WebSite\",\"@id\":\"https:\\\/\\\/www.cultcaffe.at\\\/#website\",\"url\":\"https:\\\/\\\/www.cultcaffe.at\\\/\",\"name\":\"CultCaff\u00e9 - die Bio Kaffee R\u00f6sterei\",\"description\":\"Liebe zum Kaffee\",\"publisher\":{\"@id\":\"https:\\\/\\\/www.cultcaffe.at\\\/#organization\"},\"potentialAction\":[{\"@type\":\"SearchAction\",\"target\":{\"@type\":\"EntryPoint\",\"urlTemplate\":\"https:\\\/\\\/www.cultcaffe.at\\\/?s={search_term_string}\"},\"query-input\":{\"@type\":\"PropertyValueSpecification\",\"valueRequired\":true,\"valueName\":\"search_term_string\"}}],\"inLanguage\":\"sk-SK\"},{\"@type\":[\"Organization\",\"Place\"],\"@id\":\"https:\\\/\\\/www.cultcaffe.at\\\/#organization\",\"name\":\"CultCaff\u00e9 Kaffeer\u00f6sterei GmbH\",\"alternateName\":\"CultCaff\u00e9\",\"url\":\"https:\\\/\\\/www.cultcaffe.at\\\/\",\"logo\":{\"@id\":\"https:\\\/\\\/www.cultcaffe.at\\\/private-label-kaffee\\\/#local-main-organization-logo\"},\"image\":{\"@id\":\"https:\\\/\\\/www.cultcaffe.at\\\/private-label-kaffee\\\/#local-main-organization-logo\"},\"sameAs\":[\"https:\\\/\\\/www.facebook.com\\\/p\\\/Cult-Caff\u00e8-die-R\u00f6sterei-100039719724703\\\/?locale=de_DE\",\"https:\\\/\\\/www.instagram.com\\\/cultcaffe.at\\\/\"],\"hasMerchantReturnPolicy\":{\"@type\":\"MerchantReturnPolicy\",\"merchantReturnLink\":\"https:\\\/\\\/www.cultcaffe.at\\\/sk\\\/agbs\\\/\"},\"telephone\":[],\"openingHoursSpecification\":[{\"@type\":\"OpeningHoursSpecification\",\"dayOfWeek\":[\"Monday\",\"Tuesday\",\"Wednesday\",\"Thursday\",\"Friday\",\"Saturday\",\"Sunday\"],\"opens\":\"09:00\",\"closes\":\"17:00\"}]},{\"@type\":\"ImageObject\",\"inLanguage\":\"sk-SK\",\"@id\":\"https:\\\/\\\/www.cultcaffe.at\\\/private-label-kaffee\\\/#local-main-organization-logo\",\"url\":\"https:\\\/\\\/www.cultcaffe.at\\\/wp-content\\\/uploads\\\/2023\\\/11\\\/cultcaffe_logo_regular_dark-1.svg\",\"contentUrl\":\"https:\\\/\\\/www.cultcaffe.at\\\/wp-content\\\/uploads\\\/2023\\\/11\\\/cultcaffe_logo_regular_dark-1.svg\",\"width\":756,\"height\":474,\"caption\":\"CultCaff\u00e9 Kaffeer\u00f6sterei GmbH\"}]}<\/script>\n<!-- \/ Yoast SEO plugin. -->","yoast_head_json":{"title":"K\u00e1va priv\u00e1tnej zna\u010dky \u2668 Exkluz\u00edvne pra\u017een\u00e1 k\u00e1va pod va\u0161ou zna\u010dkou","description":"Private Label Coffee: K\u00e1vov\u00e9 zrn\u00e1 balen\u00e9 pod\u013ea v\u00e1\u0161ho dizajnu \u2705 Od 50 kusov \u2705 K\u00e1va s va\u0161ou vlastnou zna\u010dkou \u2705 250 alebo 500 g \u25ba Navrhnite teraz","robots":{"index":"index","follow":"follow","max-snippet":"max-snippet:-1","max-image-preview":"max-image-preview:large","max-video-preview":"max-video-preview:-1"},"canonical":"https:\/\/www.cultcaffe.at\/sk\/kava-privatnej-znacky\/","og_locale":"sk_SK","og_type":"article","og_title":"Private Label Kaffee \u2668 Exklusiver R\u00f6stkaffee unter Ihrer Marke","og_description":"Private Label Kaffee: Kaffeebohnen verpackt in Ihrem Design \u2705 Ab 50 St\u00fcck \u2705 Kaffee mit eigenem Branding \u2705 250 oder 500 g \u25ba Jetzt gestalten","og_url":"https:\/\/www.cultcaffe.at\/sk\/kava-privatnej-znacky\/","og_site_name":"CultCaff\u00e9 - die Bio Kaffee R\u00f6sterei","article_publisher":"https:\/\/www.facebook.com\/p\/Cult-Caff%c3%a8-die-R%c3%b6sterei-100039719724703\/?locale=de_DE","article_modified_time":"2025-11-07T08:00:12+00:00","og_image":[{"width":2500,"height":1667,"url":"https:\/\/www.cultcaffe.at\/wp-content\/uploads\/2025\/11\/CultCaffe_nimozimmerhackl_white-label.jpg","type":"image\/jpeg"}],"twitter_card":"summary_large_image","twitter_misc":{"Predpokladan\u00fd \u010das \u010d\u00edtania":"2 min\u00faty"},"schema":{"@context":"https:\/\/schema.org","@graph":[{"@type":"WebPage","@id":"https:\/\/www.cultcaffe.at\/private-label-kaffee\/","url":"https:\/\/www.cultcaffe.at\/private-label-kaffee\/","name":"K\u00e1va priv\u00e1tnej zna\u010dky \u2668 Exkluz\u00edvne pra\u017een\u00e1 k\u00e1va pod va\u0161ou zna\u010dkou","isPartOf":{"@id":"https:\/\/www.cultcaffe.at\/#website"},"primaryImageOfPage":{"@id":"https:\/\/www.cultcaffe.at\/private-label-kaffee\/#primaryimage"},"image":{"@id":"https:\/\/www.cultcaffe.at\/private-label-kaffee\/#primaryimage"},"thumbnailUrl":"https:\/\/www.cultcaffe.at\/wp-content\/uploads\/2025\/11\/CultCaffe_nimozimmerhackl_white-label-1024x683.jpg","datePublished":"2023-05-23T11:14:22+00:00","dateModified":"2025-11-07T08:00:12+00:00","description":"Private Label Coffee: K\u00e1vov\u00e9 zrn\u00e1 balen\u00e9 pod\u013ea v\u00e1\u0161ho dizajnu \u2705 Od 50 kusov \u2705 K\u00e1va s va\u0161ou vlastnou zna\u010dkou \u2705 250 alebo 500 g \u25ba Navrhnite teraz","breadcrumb":{"@id":"https:\/\/www.cultcaffe.at\/private-label-kaffee\/#breadcrumb"},"inLanguage":"sk-SK","potentialAction":[{"@type":"ReadAction","target":["https:\/\/www.cultcaffe.at\/private-label-kaffee\/"]}]},{"@type":"ImageObject","inLanguage":"sk-SK","@id":"https:\/\/www.cultcaffe.at\/private-label-kaffee\/#primaryimage","url":"https:\/\/www.cultcaffe.at\/wp-content\/uploads\/2025\/11\/CultCaffe_nimozimmerhackl_white-label-1024x683.jpg","contentUrl":"https:\/\/www.cultcaffe.at\/wp-content\/uploads\/2025\/11\/CultCaffe_nimozimmerhackl_white-label-1024x683.jpg"},{"@type":"BreadcrumbList","@id":"https:\/\/www.cultcaffe.at\/private-label-kaffee\/#breadcrumb","itemListElement":[{"@type":"ListItem","position":1,"name":"Startseite","item":"https:\/\/www.cultcaffe.at\/"},{"@type":"ListItem","position":2,"name":"Private Label"}]},{"@type":"WebSite","@id":"https:\/\/www.cultcaffe.at\/#website","url":"https:\/\/www.cultcaffe.at\/","name":"CultCaff\u00e9 - pra\u017eiare\u0148 organickej k\u00e1vy","description":"L\u00e1ska ku k\u00e1ve","publisher":{"@id":"https:\/\/www.cultcaffe.at\/#organization"},"potentialAction":[{"@type":"SearchAction","target":{"@type":"EntryPoint","urlTemplate":"https:\/\/www.cultcaffe.at\/?s={search_term_string}"},"query-input":{"@type":"PropertyValueSpecification","valueRequired":true,"valueName":"search_term_string"}}],"inLanguage":"sk-SK"},{"@type":["Organization","Place"],"@id":"https:\/\/www.cultcaffe.at\/#organization","name":"CultCaff\u00e9 Coffee Roastery GmbH","alternateName":"CultCaff\u00e9","url":"https:\/\/www.cultcaffe.at\/","logo":{"@id":"https:\/\/www.cultcaffe.at\/private-label-kaffee\/#local-main-organization-logo"},"image":{"@id":"https:\/\/www.cultcaffe.at\/private-label-kaffee\/#local-main-organization-logo"},"sameAs":["https:\/\/www.facebook.com\/p\/Cult-Caff\u00e8-die-R\u00f6sterei-100039719724703\/?locale=de_DE","https:\/\/www.instagram.com\/cultcaffe.at\/"],"hasMerchantReturnPolicy":{"@type":"MerchantReturnPolicy","merchantReturnLink":"https:\/\/www.cultcaffe.at\/sk\/agbs\/"},"telephone":[],"openingHoursSpecification":[{"@type":"OpeningHoursSpecification","dayOfWeek":["Monday","Tuesday","Wednesday","Thursday","Friday","Saturday","Sunday"],"opens":"09:00","closes":"17:00"}]},{"@type":"ImageObject","inLanguage":"sk-SK","@id":"https:\/\/www.cultcaffe.at\/private-label-kaffee\/#local-main-organization-logo","url":"https:\/\/www.cultcaffe.at\/wp-content\/uploads\/2023\/11\/cultcaffe_logo_regular_dark-1.svg","contentUrl":"https:\/\/www.cultcaffe.at\/wp-content\/uploads\/2023\/11\/cultcaffe_logo_regular_dark-1.svg","width":756,"height":474,"caption":"CultCaff\u00e9 Kaffeer\u00f6sterei GmbH"}]}},"_links":{"self":[{"href":"https:\/\/www.cultcaffe.at\/sk\/wp-json\/wp\/v2\/pages\/1691","targetHints":{"allow":["GET"]}}],"collection":[{"href":"https:\/\/www.cultcaffe.at\/sk\/wp-json\/wp\/v2\/pages"}],"about":[{"href":"https:\/\/www.cultcaffe.at\/sk\/wp-json\/wp\/v2\/types\/page"}],"author":[{"embeddable":true,"href":"https:\/\/www.cultcaffe.at\/sk\/wp-json\/wp\/v2\/users\/6"}],"replies":[{"embeddable":true,"href":"https:\/\/www.cultcaffe.at\/sk\/wp-json\/wp\/v2\/comments?post=1691"}],"version-history":[{"count":126,"href":"https:\/\/www.cultcaffe.at\/sk\/wp-json\/wp\/v2\/pages\/1691\/revisions"}],"predecessor-version":[{"id":18973,"href":"https:\/\/www.cultcaffe.at\/sk\/wp-json\/wp\/v2\/pages\/1691\/revisions\/18973"}],"wp:attachment":[{"href":"https:\/\/www.cultcaffe.at\/sk\/wp-json\/wp\/v2\/media?parent=1691"}],"curies":[{"name":"pracovn\u00fd list","href":"https:\/\/api.w.org\/{rel}","templated":true}]}}