{"id":19018,"date":"2025-11-13T16:55:44","date_gmt":"2025-11-13T15:55:44","guid":{"rendered":"https:\/\/www.cultcaffe.at\/?post_type=product&#038;p=19018"},"modified":"2026-01-07T17:43:37","modified_gmt":"2026-01-07T16:43:37","slug":"swiateczna-edycja-organicznej-kawy-amarillo","status":"publish","type":"product","link":"https:\/\/www.cultcaffe.at\/pl\/produkt\/weihnachtsedition-bio-kaffee-amarillo\/","title":{"rendered":"\u015awi\u0105teczna edycja organicznej kawy Amarillo"},"content":{"rendered":"<h3><strong>KAWA ORGANICZNA Amarillo \u2013 Pyszne organiczne espresso dla koneser\u00f3w<\/strong><\/h3>\n<p>Nasz <strong><em>KAWA ORGANICZNA Amarillo<\/em><\/strong> to wspania\u0142e, organiczne espresso o pe\u0142nym smaku, stworzone specjalnie dla mi\u0142o\u015bnik\u00f3w mocnej kawy.<\/p>\n<ul>\n<li><strong>Najlepszy wyb\u00f3r organicznych ziaren kawy:<\/strong><br \/>\nU\u017cywamy wy\u0142\u0105cznie najwy\u017cszej jako\u015bci organicznych ziaren kawy, co zapewnia niezr\u00f3wnany aromat. Uda\u0142o nam si\u0119 stworzy\u0107 wspania\u0142\u0105 mieszank\u0119 Arabik z Meksyku i Gwatemali oraz bardzo rzadkiej organicznej Robusty z Indii.<br \/>\nG\u0142\u0119bsze, a zarazem delikatniejsze palenie daje wspania\u0142\u0105, z\u0142o\u017con\u0105 kaw\u0119 espresso o niskiej kwasowo\u015bci i pi\u0119knej, g\u0119stej cremie.<\/li>\n<li><strong><strong>Zielone kawy do tej super mieszanki pozyskujemy od:<\/strong><\/strong>MEKSYK<br \/>\nRegion Motozintla \u2013 Chiapas<br \/>\nWysoko\u015b\u0107 uprawy 1200 \u2013 1800 m<br \/>\nZbi\u00f3r: Zbierane r\u0119cznie, suszone na s\u0142o\u0144cu<br \/>\nOdmiana: Arabigo, Bourbon Negro<br \/>\nOdmiana: ArabicaGUATEMALA<br \/>\nRegion La Union, Zacapa<br \/>\nWysoko\u015b\u0107 uprawy: 1000-1600 m<br \/>\nZbi\u00f3r: zbierane r\u0119cznie, suszone na s\u0142o\u0144cu<br \/>\nOdmiana: Pacamara<br \/>\nOdmiana: ArabicaINDIA<br \/>\nRegion- Karnataka<br \/>\nWysoko\u015b\u0107 uprawy: 800m<br \/>\nZbi\u00f3r: zbi\u00f3r r\u0119czny, obr\u00f3bka na mokro,<br \/>\nsuszony na s\u0142o\u0144cu<br \/>\nOdmiana: Canephora. Wszystkie ziarna pochodz\u0105 z kontrolowanej uprawy ekologicznej. Mi\u0105\u017csz owoc\u00f3w kawy jest kompostowany i zwracany ro\u015blinom jako naw\u00f3z. Cz\u0142onkowie sp\u00f3\u0142dzielni otrzymuj\u0105 korzystne po\u017cyczki na swoje inwestycje, a tak\u017ce dost\u0119p do stypendi\u00f3w na edukacj\u0119 swoich dzieci.<\/li>\n<\/ul>\n<p>Odkryj teraz wyj\u0105tkow\u0105 mieszank\u0119 <strong>Jako\u015b\u0107 organiczna<\/strong> I <strong>intensywny smak<\/strong> w ka\u017cdej fili\u017cance naszego <strong><em>KAWA ORGANICZNA Amarillo<\/em><\/strong>.<\/p>","protected":false},"excerpt":{"rendered":"<p>Nasze ekologiczne Amarillo w ekskluzywnym wydaniu \u015bwi\u0105tecznym \u2013 idealny prezent dla mi\u0142o\u015bnik\u00f3w kawy!<\/p>\n<ul>\n<li class=\"bullet-checkmark\">Pyszne organiczne espresso o pe\u0142nym smaku<\/li>\n<li class=\"bullet-checkmark\">Idealny do: ekspres\u00f3w z uchwytem filtruj\u0105cym, ekspres\u00f3w w pe\u0142ni automatycznych, Bialetti<\/li>\n<li class=\"bullet-checkmark\">Idealne dla mi\u0142o\u015bnik\u00f3w mocnej kawy<\/li>\n<\/ul>","protected":false},"featured_media":19052,"template":"","meta":{"inline_featured_image":false},"product_brand":[],"product_cat":[199,215,211],"product_tag":[116,114,117,61,60,115,95,59,62,130,133],"class_list":{"0":"post-19018","1":"product","2":"type-product","3":"status-publish","4":"has-post-thumbnail","6":"product_cat-kaffee","7":"product_cat-biokaffee","8":"product_cat-geschenkideen","9":"product_tag-amarillo","10":"product_tag-bio","11":"product_tag-biokaffee","12":"product_tag-cultcaffe","13":"product_tag-espresso","14":"product_tag-fairtrade","15":"product_tag-geschenk","16":"product_tag-kaffee","17":"product_tag-kaffeegenuss","18":"product_tag-weihnachten","19":"product_tag-weihnachtsgeschenk","21":"first","22":"instock","23":"taxable","24":"shipping-taxable","25":"purchasable","26":"product-type-variable","27":"has-default-attributes"},"yoast_head":"<!-- This site is optimized with the Yoast SEO plugin v27.5 - https:\/\/yoast.com\/product\/yoast-seo-wordpress\/ -->\n<title>Weihnachtsedition BIO KAFFEE Amarillo - CultCaff\u00e9 - die Bio Kaffee R\u00f6sterei<\/title>\n<meta name=\"robots\" content=\"index, follow, max-snippet:-1, max-image-preview:large, max-video-preview:-1\" \/>\n<link rel=\"canonical\" href=\"https:\/\/www.cultcaffe.at\/pl\/produkt\/swiateczna-edycja-organicznej-kawy-amarillo\/\" \/>\n<meta property=\"og:locale\" content=\"pl_PL\" \/>\n<meta property=\"og:type\" content=\"article\" \/>\n<meta property=\"og:title\" content=\"Weihnachtsedition BIO KAFFEE Amarillo - CultCaff\u00e9 - die Bio Kaffee R\u00f6sterei\" \/>\n<meta property=\"og:description\" content=\"Unser Bio Amarillo in der exklusiven Weihnachtsedition \u2013 das perfekte Geschenk f\u00fcr Kaffeeliebhaber!   Herrlicher Bio Espresso mit vollem Geschmack  Ideal f\u00fcr: Siebtr\u00e4germaschinen, Vollautomaten, Bialetti  Perfekt f\u00fcr Liebhaber von starkem Kaffee\" \/>\n<meta property=\"og:url\" content=\"https:\/\/www.cultcaffe.at\/pl\/produkt\/swiateczna-edycja-organicznej-kawy-amarillo\/\" \/>\n<meta property=\"og:site_name\" content=\"CultCaff\u00e9 - die Bio Kaffee R\u00f6sterei\" \/>\n<meta property=\"article:publisher\" content=\"https:\/\/www.facebook.com\/p\/Cult-Caff%c3%a8-die-R%c3%b6sterei-100039719724703\/?locale=de_DE\" \/>\n<meta property=\"article:modified_time\" content=\"2026-01-07T16:43:37+00:00\" \/>\n<meta property=\"og:image\" content=\"https:\/\/www.cultcaffe.at\/wp-content\/uploads\/2025\/11\/Amarillo-einzeln1.jpg\" \/>\n\t<meta property=\"og:image:width\" content=\"480\" \/>\n\t<meta property=\"og:image:height\" content=\"640\" \/>\n\t<meta property=\"og:image:type\" content=\"image\/jpeg\" \/>\n<meta name=\"twitter:card\" content=\"summary_large_image\" \/>\n<meta name=\"twitter:label1\" content=\"Dost\u0119pno\u015b\u0107\" \/>\n\t<meta name=\"twitter:data1\" content=\"Dost\u0119pny\" \/>\n<script type=\"application\/ld+json\" class=\"yoast-schema-graph\">{\"@context\":\"https:\\\/\\\/schema.org\",\"@graph\":[{\"@type\":\"WebPage\",\"@id\":\"https:\\\/\\\/www.cultcaffe.at\\\/produkt\\\/weihnachtsedition-bio-kaffee-amarillo\\\/\",\"url\":\"https:\\\/\\\/www.cultcaffe.at\\\/produkt\\\/weihnachtsedition-bio-kaffee-amarillo\\\/\",\"name\":\"Weihnachtsedition BIO KAFFEE Amarillo - CultCaff\u00e9 - die Bio Kaffee R\u00f6sterei\",\"isPartOf\":{\"@id\":\"https:\\\/\\\/www.cultcaffe.at\\\/#website\"},\"primaryImageOfPage\":{\"@id\":\"https:\\\/\\\/www.cultcaffe.at\\\/produkt\\\/weihnachtsedition-bio-kaffee-amarillo\\\/#primaryimage\"},\"image\":{\"@id\":\"https:\\\/\\\/www.cultcaffe.at\\\/produkt\\\/weihnachtsedition-bio-kaffee-amarillo\\\/#primaryimage\"},\"thumbnailUrl\":\"https:\\\/\\\/www.cultcaffe.at\\\/wp-content\\\/uploads\\\/2025\\\/11\\\/Amarillo-einzeln1.jpg\",\"datePublished\":\"2025-11-13T15:55:44+00:00\",\"dateModified\":\"2026-01-07T16:43:37+00:00\",\"breadcrumb\":{\"@id\":\"https:\\\/\\\/www.cultcaffe.at\\\/produkt\\\/weihnachtsedition-bio-kaffee-amarillo\\\/#breadcrumb\"},\"inLanguage\":\"pl-PL\",\"potentialAction\":[{\"@type\":\"ReadAction\",\"target\":[\"https:\\\/\\\/www.cultcaffe.at\\\/produkt\\\/weihnachtsedition-bio-kaffee-amarillo\\\/\"]}]},{\"@type\":\"ImageObject\",\"inLanguage\":\"pl-PL\",\"@id\":\"https:\\\/\\\/www.cultcaffe.at\\\/produkt\\\/weihnachtsedition-bio-kaffee-amarillo\\\/#primaryimage\",\"url\":\"https:\\\/\\\/www.cultcaffe.at\\\/wp-content\\\/uploads\\\/2025\\\/11\\\/Amarillo-einzeln1.jpg\",\"contentUrl\":\"https:\\\/\\\/www.cultcaffe.at\\\/wp-content\\\/uploads\\\/2025\\\/11\\\/Amarillo-einzeln1.jpg\",\"width\":480,\"height\":640},{\"@type\":\"BreadcrumbList\",\"@id\":\"https:\\\/\\\/www.cultcaffe.at\\\/produkt\\\/weihnachtsedition-bio-kaffee-amarillo\\\/#breadcrumb\",\"itemListElement\":[{\"@type\":\"ListItem\",\"position\":1,\"name\":\"Startseite\",\"item\":\"https:\\\/\\\/www.cultcaffe.at\\\/\"},{\"@type\":\"ListItem\",\"position\":2,\"name\":\"Produkte\",\"item\":\"https:\\\/\\\/www.cultcaffe.at\\\/shop\\\/\"},{\"@type\":\"ListItem\",\"position\":3,\"name\":\"Weihnachtsedition BIO KAFFEE Amarillo\"}]},{\"@type\":\"WebSite\",\"@id\":\"https:\\\/\\\/www.cultcaffe.at\\\/#website\",\"url\":\"https:\\\/\\\/www.cultcaffe.at\\\/\",\"name\":\"CultCaff\u00e9 - die Bio Kaffee R\u00f6sterei\",\"description\":\"Liebe zum Kaffee\",\"publisher\":{\"@id\":\"https:\\\/\\\/www.cultcaffe.at\\\/#organization\"},\"potentialAction\":[{\"@type\":\"SearchAction\",\"target\":{\"@type\":\"EntryPoint\",\"urlTemplate\":\"https:\\\/\\\/www.cultcaffe.at\\\/?s={search_term_string}\"},\"query-input\":{\"@type\":\"PropertyValueSpecification\",\"valueRequired\":true,\"valueName\":\"search_term_string\"}}],\"inLanguage\":\"pl-PL\"},{\"@type\":[\"Organization\",\"Place\"],\"@id\":\"https:\\\/\\\/www.cultcaffe.at\\\/#organization\",\"name\":\"CultCaff\u00e9 Kaffeer\u00f6sterei GmbH\",\"alternateName\":\"CultCaff\u00e9\",\"url\":\"https:\\\/\\\/www.cultcaffe.at\\\/\",\"logo\":{\"@id\":\"https:\\\/\\\/www.cultcaffe.at\\\/produkt\\\/weihnachtsedition-bio-kaffee-amarillo\\\/#local-main-organization-logo\"},\"image\":{\"@id\":\"https:\\\/\\\/www.cultcaffe.at\\\/produkt\\\/weihnachtsedition-bio-kaffee-amarillo\\\/#local-main-organization-logo\"},\"sameAs\":[\"https:\\\/\\\/www.facebook.com\\\/p\\\/Cult-Caff\u00e8-die-R\u00f6sterei-100039719724703\\\/?locale=de_DE\",\"https:\\\/\\\/www.instagram.com\\\/cultcaffe.at\\\/\"],\"hasMerchantReturnPolicy\":{\"@type\":\"MerchantReturnPolicy\",\"merchantReturnLink\":\"https:\\\/\\\/www.cultcaffe.at\\\/pl\\\/agbs\\\/\"},\"telephone\":[],\"openingHoursSpecification\":[{\"@type\":\"OpeningHoursSpecification\",\"dayOfWeek\":[\"Monday\",\"Tuesday\",\"Wednesday\",\"Thursday\",\"Friday\",\"Saturday\",\"Sunday\"],\"opens\":\"09:00\",\"closes\":\"17:00\"}]},{\"@type\":\"ImageObject\",\"inLanguage\":\"pl-PL\",\"@id\":\"https:\\\/\\\/www.cultcaffe.at\\\/produkt\\\/weihnachtsedition-bio-kaffee-amarillo\\\/#local-main-organization-logo\",\"url\":\"https:\\\/\\\/www.cultcaffe.at\\\/wp-content\\\/uploads\\\/2023\\\/11\\\/cultcaffe_logo_regular_dark-1.svg\",\"contentUrl\":\"https:\\\/\\\/www.cultcaffe.at\\\/wp-content\\\/uploads\\\/2023\\\/11\\\/cultcaffe_logo_regular_dark-1.svg\",\"width\":756,\"height\":474,\"caption\":\"CultCaff\u00e9 Kaffeer\u00f6sterei GmbH\"}]}<\/script>\n<meta property=\"og:availability\" content=\"instock\" \/>\n<meta property=\"product:availability\" content=\"instock\" \/>\n<meta property=\"product:condition\" content=\"new\" \/>\n<!-- \/ Yoast SEO plugin. -->","yoast_head_json":{"title":"\u015awi\u0105teczna edycja kawy organicznej Amarillo - CultCaff\u00e9 - palarnia kawy organicznej","robots":{"index":"index","follow":"follow","max-snippet":"max-snippet:-1","max-image-preview":"max-image-preview:large","max-video-preview":"max-video-preview:-1"},"canonical":"https:\/\/www.cultcaffe.at\/pl\/produkt\/swiateczna-edycja-organicznej-kawy-amarillo\/","og_locale":"pl_PL","og_type":"article","og_title":"Weihnachtsedition BIO KAFFEE Amarillo - CultCaff\u00e9 - die Bio Kaffee R\u00f6sterei","og_description":"Unser Bio Amarillo in der exklusiven Weihnachtsedition \u2013 das perfekte Geschenk f\u00fcr Kaffeeliebhaber!   Herrlicher Bio Espresso mit vollem Geschmack  Ideal f\u00fcr: Siebtr\u00e4germaschinen, Vollautomaten, Bialetti  Perfekt f\u00fcr Liebhaber von starkem Kaffee","og_url":"https:\/\/www.cultcaffe.at\/pl\/produkt\/swiateczna-edycja-organicznej-kawy-amarillo\/","og_site_name":"CultCaff\u00e9 - die Bio Kaffee R\u00f6sterei","article_publisher":"https:\/\/www.facebook.com\/p\/Cult-Caff%c3%a8-die-R%c3%b6sterei-100039719724703\/?locale=de_DE","article_modified_time":"2026-01-07T16:43:37+00:00","og_image":[{"width":480,"height":640,"url":"https:\/\/www.cultcaffe.at\/wp-content\/uploads\/2025\/11\/Amarillo-einzeln1.jpg","type":"image\/jpeg"}],"twitter_card":"summary_large_image","twitter_misc":{"Dost\u0119pno\u015b\u0107":"Dost\u0119pny"},"schema":{"@context":"https:\/\/schema.org","@graph":[{"@type":"WebPage","@id":"https:\/\/www.cultcaffe.at\/produkt\/weihnachtsedition-bio-kaffee-amarillo\/","url":"https:\/\/www.cultcaffe.at\/produkt\/weihnachtsedition-bio-kaffee-amarillo\/","name":"\u015awi\u0105teczna edycja kawy organicznej Amarillo - CultCaff\u00e9 - palarnia kawy organicznej","isPartOf":{"@id":"https:\/\/www.cultcaffe.at\/#website"},"primaryImageOfPage":{"@id":"https:\/\/www.cultcaffe.at\/produkt\/weihnachtsedition-bio-kaffee-amarillo\/#primaryimage"},"image":{"@id":"https:\/\/www.cultcaffe.at\/produkt\/weihnachtsedition-bio-kaffee-amarillo\/#primaryimage"},"thumbnailUrl":"https:\/\/www.cultcaffe.at\/wp-content\/uploads\/2025\/11\/Amarillo-einzeln1.jpg","datePublished":"2025-11-13T15:55:44+00:00","dateModified":"2026-01-07T16:43:37+00:00","breadcrumb":{"@id":"https:\/\/www.cultcaffe.at\/produkt\/weihnachtsedition-bio-kaffee-amarillo\/#breadcrumb"},"inLanguage":"pl-PL","potentialAction":[{"@type":"ReadAction","target":["https:\/\/www.cultcaffe.at\/produkt\/weihnachtsedition-bio-kaffee-amarillo\/"]}]},{"@type":"ImageObject","inLanguage":"pl-PL","@id":"https:\/\/www.cultcaffe.at\/produkt\/weihnachtsedition-bio-kaffee-amarillo\/#primaryimage","url":"https:\/\/www.cultcaffe.at\/wp-content\/uploads\/2025\/11\/Amarillo-einzeln1.jpg","contentUrl":"https:\/\/www.cultcaffe.at\/wp-content\/uploads\/2025\/11\/Amarillo-einzeln1.jpg","width":480,"height":640},{"@type":"BreadcrumbList","@id":"https:\/\/www.cultcaffe.at\/produkt\/weihnachtsedition-bio-kaffee-amarillo\/#breadcrumb","itemListElement":[{"@type":"ListItem","position":1,"name":"Startseite","item":"https:\/\/www.cultcaffe.at\/"},{"@type":"ListItem","position":2,"name":"Produkte","item":"https:\/\/www.cultcaffe.at\/shop\/"},{"@type":"ListItem","position":3,"name":"Weihnachtsedition BIO KAFFEE Amarillo"}]},{"@type":"WebSite","@id":"https:\/\/www.cultcaffe.at\/#website","url":"https:\/\/www.cultcaffe.at\/","name":"CultCaff\u00e9 \u2013 organiczna palarnia kawy","description":"Mi\u0142o\u015b\u0107 do kawy","publisher":{"@id":"https:\/\/www.cultcaffe.at\/#organization"},"potentialAction":[{"@type":"SearchAction","target":{"@type":"EntryPoint","urlTemplate":"https:\/\/www.cultcaffe.at\/?s={search_term_string}"},"query-input":{"@type":"PropertyValueSpecification","valueRequired":true,"valueName":"search_term_string"}}],"inLanguage":"pl-PL"},{"@type":["Organization","Place"],"@id":"https:\/\/www.cultcaffe.at\/#organization","name":"CultCaff\u00e9 Coffee Roastery GmbH","alternateName":"CultCaff\u00e9","url":"https:\/\/www.cultcaffe.at\/","logo":{"@id":"https:\/\/www.cultcaffe.at\/produkt\/weihnachtsedition-bio-kaffee-amarillo\/#local-main-organization-logo"},"image":{"@id":"https:\/\/www.cultcaffe.at\/produkt\/weihnachtsedition-bio-kaffee-amarillo\/#local-main-organization-logo"},"sameAs":["https:\/\/www.facebook.com\/p\/Cult-Caff\u00e8-die-R\u00f6sterei-100039719724703\/?locale=de_DE","https:\/\/www.instagram.com\/cultcaffe.at\/"],"hasMerchantReturnPolicy":{"@type":"MerchantReturnPolicy","merchantReturnLink":"https:\/\/www.cultcaffe.at\/pl\/agbs\/"},"telephone":[],"openingHoursSpecification":[{"@type":"OpeningHoursSpecification","dayOfWeek":["Monday","Tuesday","Wednesday","Thursday","Friday","Saturday","Sunday"],"opens":"09:00","closes":"17:00"}]},{"@type":"ImageObject","inLanguage":"pl-PL","@id":"https:\/\/www.cultcaffe.at\/produkt\/weihnachtsedition-bio-kaffee-amarillo\/#local-main-organization-logo","url":"https:\/\/www.cultcaffe.at\/wp-content\/uploads\/2023\/11\/cultcaffe_logo_regular_dark-1.svg","contentUrl":"https:\/\/www.cultcaffe.at\/wp-content\/uploads\/2023\/11\/cultcaffe_logo_regular_dark-1.svg","width":756,"height":474,"caption":"CultCaff\u00e9 Kaffeer\u00f6sterei GmbH"}]},"og_availability":"instock","product_availability":"instock","product_condition":"new"},"_links":{"self":[{"href":"https:\/\/www.cultcaffe.at\/pl\/wp-json\/wp\/v2\/product\/19018","targetHints":{"allow":["GET"]}}],"collection":[{"href":"https:\/\/www.cultcaffe.at\/pl\/wp-json\/wp\/v2\/product"}],"about":[{"href":"https:\/\/www.cultcaffe.at\/pl\/wp-json\/wp\/v2\/types\/product"}],"wp:featuredmedia":[{"embeddable":true,"href":"https:\/\/www.cultcaffe.at\/pl\/wp-json\/wp\/v2\/media\/19052"}],"wp:attachment":[{"href":"https:\/\/www.cultcaffe.at\/pl\/wp-json\/wp\/v2\/media?parent=19018"}],"wp:term":[{"taxonomy":"product_brand","embeddable":true,"href":"https:\/\/www.cultcaffe.at\/pl\/wp-json\/wp\/v2\/product_brand?post=19018"},{"taxonomy":"product_cat","embeddable":true,"href":"https:\/\/www.cultcaffe.at\/pl\/wp-json\/wp\/v2\/product_cat?post=19018"},{"taxonomy":"product_tag","embeddable":true,"href":"https:\/\/www.cultcaffe.at\/pl\/wp-json\/wp\/v2\/product_tag?post=19018"}],"curies":[{"name":"wp","href":"https:\/\/api.w.org\/{rel}","templated":true}]}}