{"id":19018,"date":"2025-11-13T16:55:44","date_gmt":"2025-11-13T15:55:44","guid":{"rendered":"https:\/\/www.cultcaffe.at\/?post_type=product&#038;p=19018"},"modified":"2026-01-07T17:43:37","modified_gmt":"2026-01-07T16:43:37","slug":"cafe-organico-amarillo-edicion-navidena","status":"publish","type":"product","link":"https:\/\/www.cultcaffe.at\/es\/produkt\/weihnachtsedition-bio-kaffee-amarillo\/","title":{"rendered":"Caf\u00e9 org\u00e1nico Amarillo, edici\u00f3n navide\u00f1a"},"content":{"rendered":"<h3><strong>CAF\u00c9 ORG\u00c1NICO Amarillo \u2013 Delicioso espresso org\u00e1nico para conocedores<\/strong><\/h3>\n<p>Nuestro <strong><em>CAF\u00c9 BIO Amarillo<\/em><\/strong> Es un maravilloso espresso org\u00e1nico con un sabor completo, especialmente creado para los amantes del caf\u00e9 fuerte.<\/p>\n<ul>\n<li><strong>La mejor selecci\u00f3n de granos de caf\u00e9 org\u00e1nico:<\/strong><br \/>\nUtilizamos s\u00f3lo granos de caf\u00e9 org\u00e1nico de la m\u00e1s alta calidad para un aroma incomparable. Hemos logrado crear una gran mezcla de Ar\u00e1bicas de M\u00e9xico y Guatemala y un Robusta org\u00e1nico muy raro de la India.<br \/>\nEl tueste m\u00e1s profundo pero suave da como resultado un caf\u00e9 espresso maravilloso y complejo con baja acidez y una crema hermosa y densa.<\/li>\n<li><strong><strong>Obtenemos los caf\u00e9s verdes para esta s\u00faper mezcla de:<\/strong><\/strong>M\u00c9XICO<br \/>\nRegi\u00f3n de Motozintla \u2013 Chiapas<br \/>\nAltitud de cultivo 1200 \u2013 1800 m<br \/>\nCosecha: Recogido a mano, secado al sol.<br \/>\nVariedad: Arabigo, Bourbon negro<br \/>\nVariedad: Ar\u00e1bicaGUATEMALA<br \/>\nRegi\u00f3n de La Uni\u00f3n, Zacapa<br \/>\nAltitud de cultivo: 1000-1600 m<br \/>\nCosecha: recogida a mano, secada al sol.<br \/>\nVariedad: Pacamara<br \/>\nVariedad: Ar\u00e1bicaINDIA<br \/>\nRegi\u00f3n- Karnataka<br \/>\nAltura de cultivo: 800m<br \/>\nCosecha: recogida a mano, procesamiento h\u00famedo,<br \/>\nsecado al sol<br \/>\nVariedad: CanephoraLos granos proceden todos de cultivo org\u00e1nico controlado. La pulpa de las cerezas del caf\u00e9 se composta y se devuelve a las plantas como fertilizante. Los socios de las cooperativas reciben pr\u00e9stamos favorables para sus inversiones, as\u00ed como acceso a becas para la educaci\u00f3n de sus hijos.<\/li>\n<\/ul>\n<p>Descubra ahora la mezcla \u00fanica de <strong>Calidad org\u00e1nica<\/strong> y <strong>sabor intenso<\/strong> en cada taza de nuestra <strong><em>CAF\u00c9 BIO Amarillo<\/em><\/strong>.<\/p>","protected":false},"excerpt":{"rendered":"<p>Nuestro Amarillo org\u00e1nico en edici\u00f3n navide\u00f1a exclusiva: \u00a1el regalo perfecto para los amantes del caf\u00e9!<\/p>\n<ul>\n<li class=\"bullet-checkmark\">Delicioso espresso org\u00e1nico con sabor completo.<\/li>\n<li class=\"bullet-checkmark\">Ideal para: m\u00e1quinas portafiltro, m\u00e1quinas totalmente autom\u00e1ticas, Bialetti<\/li>\n<li class=\"bullet-checkmark\">Perfecto para los amantes del caf\u00e9 fuerte.<\/li>\n<\/ul>","protected":false},"featured_media":19052,"template":"","meta":{"inline_featured_image":false},"product_brand":[],"product_cat":[199,215,211],"product_tag":[116,114,117,61,60,115,95,59,62,130,133],"class_list":{"0":"post-19018","1":"product","2":"type-product","3":"status-publish","4":"has-post-thumbnail","6":"product_cat-kaffee","7":"product_cat-biokaffee","8":"product_cat-geschenkideen","9":"product_tag-amarillo","10":"product_tag-bio","11":"product_tag-biokaffee","12":"product_tag-cultcaffe","13":"product_tag-espresso","14":"product_tag-fairtrade","15":"product_tag-geschenk","16":"product_tag-kaffee","17":"product_tag-kaffeegenuss","18":"product_tag-weihnachten","19":"product_tag-weihnachtsgeschenk","21":"first","22":"instock","23":"taxable","24":"shipping-taxable","25":"purchasable","26":"product-type-variable","27":"has-default-attributes"},"yoast_head":"<!-- This site is optimized with the Yoast SEO plugin v27.5 - https:\/\/yoast.com\/product\/yoast-seo-wordpress\/ -->\n<title>Weihnachtsedition BIO KAFFEE Amarillo - CultCaff\u00e9 - die Bio Kaffee R\u00f6sterei<\/title>\n<meta name=\"robots\" content=\"index, follow, max-snippet:-1, max-image-preview:large, max-video-preview:-1\" \/>\n<link rel=\"canonical\" href=\"https:\/\/www.cultcaffe.at\/es\/producto\/cafe-organico-amarillo-edicion-navidena\/\" \/>\n<meta property=\"og:locale\" content=\"es_ES\" \/>\n<meta property=\"og:type\" content=\"article\" \/>\n<meta property=\"og:title\" content=\"Weihnachtsedition BIO KAFFEE Amarillo - CultCaff\u00e9 - die Bio Kaffee R\u00f6sterei\" \/>\n<meta property=\"og:description\" content=\"Unser Bio Amarillo in der exklusiven Weihnachtsedition \u2013 das perfekte Geschenk f\u00fcr Kaffeeliebhaber!   Herrlicher Bio Espresso mit vollem Geschmack  Ideal f\u00fcr: Siebtr\u00e4germaschinen, Vollautomaten, Bialetti  Perfekt f\u00fcr Liebhaber von starkem Kaffee\" \/>\n<meta property=\"og:url\" content=\"https:\/\/www.cultcaffe.at\/es\/producto\/cafe-organico-amarillo-edicion-navidena\/\" \/>\n<meta property=\"og:site_name\" content=\"CultCaff\u00e9 - die Bio Kaffee R\u00f6sterei\" \/>\n<meta property=\"article:publisher\" content=\"https:\/\/www.facebook.com\/p\/Cult-Caff%c3%a8-die-R%c3%b6sterei-100039719724703\/?locale=de_DE\" \/>\n<meta property=\"article:modified_time\" content=\"2026-01-07T16:43:37+00:00\" \/>\n<meta property=\"og:image\" content=\"https:\/\/www.cultcaffe.at\/wp-content\/uploads\/2025\/11\/Amarillo-einzeln1.jpg\" \/>\n\t<meta property=\"og:image:width\" content=\"480\" \/>\n\t<meta property=\"og:image:height\" content=\"640\" \/>\n\t<meta property=\"og:image:type\" content=\"image\/jpeg\" \/>\n<meta name=\"twitter:card\" content=\"summary_large_image\" \/>\n<meta name=\"twitter:label1\" content=\"Disponibilidad\" \/>\n\t<meta name=\"twitter:data1\" content=\"Disponible\" \/>\n<script type=\"application\/ld+json\" class=\"yoast-schema-graph\">{\"@context\":\"https:\\\/\\\/schema.org\",\"@graph\":[{\"@type\":\"WebPage\",\"@id\":\"https:\\\/\\\/www.cultcaffe.at\\\/produkt\\\/weihnachtsedition-bio-kaffee-amarillo\\\/\",\"url\":\"https:\\\/\\\/www.cultcaffe.at\\\/produkt\\\/weihnachtsedition-bio-kaffee-amarillo\\\/\",\"name\":\"Weihnachtsedition BIO KAFFEE Amarillo - CultCaff\u00e9 - die Bio Kaffee R\u00f6sterei\",\"isPartOf\":{\"@id\":\"https:\\\/\\\/www.cultcaffe.at\\\/#website\"},\"primaryImageOfPage\":{\"@id\":\"https:\\\/\\\/www.cultcaffe.at\\\/produkt\\\/weihnachtsedition-bio-kaffee-amarillo\\\/#primaryimage\"},\"image\":{\"@id\":\"https:\\\/\\\/www.cultcaffe.at\\\/produkt\\\/weihnachtsedition-bio-kaffee-amarillo\\\/#primaryimage\"},\"thumbnailUrl\":\"https:\\\/\\\/www.cultcaffe.at\\\/wp-content\\\/uploads\\\/2025\\\/11\\\/Amarillo-einzeln1.jpg\",\"datePublished\":\"2025-11-13T15:55:44+00:00\",\"dateModified\":\"2026-01-07T16:43:37+00:00\",\"breadcrumb\":{\"@id\":\"https:\\\/\\\/www.cultcaffe.at\\\/produkt\\\/weihnachtsedition-bio-kaffee-amarillo\\\/#breadcrumb\"},\"inLanguage\":\"es\",\"potentialAction\":[{\"@type\":\"ReadAction\",\"target\":[\"https:\\\/\\\/www.cultcaffe.at\\\/produkt\\\/weihnachtsedition-bio-kaffee-amarillo\\\/\"]}]},{\"@type\":\"ImageObject\",\"inLanguage\":\"es\",\"@id\":\"https:\\\/\\\/www.cultcaffe.at\\\/produkt\\\/weihnachtsedition-bio-kaffee-amarillo\\\/#primaryimage\",\"url\":\"https:\\\/\\\/www.cultcaffe.at\\\/wp-content\\\/uploads\\\/2025\\\/11\\\/Amarillo-einzeln1.jpg\",\"contentUrl\":\"https:\\\/\\\/www.cultcaffe.at\\\/wp-content\\\/uploads\\\/2025\\\/11\\\/Amarillo-einzeln1.jpg\",\"width\":480,\"height\":640},{\"@type\":\"BreadcrumbList\",\"@id\":\"https:\\\/\\\/www.cultcaffe.at\\\/produkt\\\/weihnachtsedition-bio-kaffee-amarillo\\\/#breadcrumb\",\"itemListElement\":[{\"@type\":\"ListItem\",\"position\":1,\"name\":\"Startseite\",\"item\":\"https:\\\/\\\/www.cultcaffe.at\\\/\"},{\"@type\":\"ListItem\",\"position\":2,\"name\":\"Produkte\",\"item\":\"https:\\\/\\\/www.cultcaffe.at\\\/shop\\\/\"},{\"@type\":\"ListItem\",\"position\":3,\"name\":\"Weihnachtsedition BIO KAFFEE Amarillo\"}]},{\"@type\":\"WebSite\",\"@id\":\"https:\\\/\\\/www.cultcaffe.at\\\/#website\",\"url\":\"https:\\\/\\\/www.cultcaffe.at\\\/\",\"name\":\"CultCaff\u00e9 - die Bio Kaffee R\u00f6sterei\",\"description\":\"Liebe zum Kaffee\",\"publisher\":{\"@id\":\"https:\\\/\\\/www.cultcaffe.at\\\/#organization\"},\"potentialAction\":[{\"@type\":\"SearchAction\",\"target\":{\"@type\":\"EntryPoint\",\"urlTemplate\":\"https:\\\/\\\/www.cultcaffe.at\\\/?s={search_term_string}\"},\"query-input\":{\"@type\":\"PropertyValueSpecification\",\"valueRequired\":true,\"valueName\":\"search_term_string\"}}],\"inLanguage\":\"es\"},{\"@type\":[\"Organization\",\"Place\"],\"@id\":\"https:\\\/\\\/www.cultcaffe.at\\\/#organization\",\"name\":\"CultCaff\u00e9 Kaffeer\u00f6sterei GmbH\",\"alternateName\":\"CultCaff\u00e9\",\"url\":\"https:\\\/\\\/www.cultcaffe.at\\\/\",\"logo\":{\"@id\":\"https:\\\/\\\/www.cultcaffe.at\\\/produkt\\\/weihnachtsedition-bio-kaffee-amarillo\\\/#local-main-organization-logo\"},\"image\":{\"@id\":\"https:\\\/\\\/www.cultcaffe.at\\\/produkt\\\/weihnachtsedition-bio-kaffee-amarillo\\\/#local-main-organization-logo\"},\"sameAs\":[\"https:\\\/\\\/www.facebook.com\\\/p\\\/Cult-Caff\u00e8-die-R\u00f6sterei-100039719724703\\\/?locale=de_DE\",\"https:\\\/\\\/www.instagram.com\\\/cultcaffe.at\\\/\"],\"hasMerchantReturnPolicy\":{\"@type\":\"MerchantReturnPolicy\",\"merchantReturnLink\":\"https:\\\/\\\/www.cultcaffe.at\\\/es\\\/agbs\\\/\"},\"telephone\":[],\"openingHoursSpecification\":[{\"@type\":\"OpeningHoursSpecification\",\"dayOfWeek\":[\"Monday\",\"Tuesday\",\"Wednesday\",\"Thursday\",\"Friday\",\"Saturday\",\"Sunday\"],\"opens\":\"09:00\",\"closes\":\"17:00\"}]},{\"@type\":\"ImageObject\",\"inLanguage\":\"es\",\"@id\":\"https:\\\/\\\/www.cultcaffe.at\\\/produkt\\\/weihnachtsedition-bio-kaffee-amarillo\\\/#local-main-organization-logo\",\"url\":\"https:\\\/\\\/www.cultcaffe.at\\\/wp-content\\\/uploads\\\/2023\\\/11\\\/cultcaffe_logo_regular_dark-1.svg\",\"contentUrl\":\"https:\\\/\\\/www.cultcaffe.at\\\/wp-content\\\/uploads\\\/2023\\\/11\\\/cultcaffe_logo_regular_dark-1.svg\",\"width\":756,\"height\":474,\"caption\":\"CultCaff\u00e9 Kaffeer\u00f6sterei GmbH\"}]}<\/script>\n<meta property=\"og:availability\" content=\"instock\" \/>\n<meta property=\"product:availability\" content=\"instock\" \/>\n<meta property=\"product:condition\" content=\"new\" \/>\n<!-- \/ Yoast SEO plugin. -->","yoast_head_json":{"title":"Caf\u00e9 org\u00e1nico Amarillo Edici\u00f3n Navide\u00f1a - CultCaff\u00e9 - la tostadora de caf\u00e9 org\u00e1nico","robots":{"index":"index","follow":"follow","max-snippet":"max-snippet:-1","max-image-preview":"max-image-preview:large","max-video-preview":"max-video-preview:-1"},"canonical":"https:\/\/www.cultcaffe.at\/es\/producto\/cafe-organico-amarillo-edicion-navidena\/","og_locale":"es_ES","og_type":"article","og_title":"Weihnachtsedition BIO KAFFEE Amarillo - CultCaff\u00e9 - die Bio Kaffee R\u00f6sterei","og_description":"Unser Bio Amarillo in der exklusiven Weihnachtsedition \u2013 das perfekte Geschenk f\u00fcr Kaffeeliebhaber!   Herrlicher Bio Espresso mit vollem Geschmack  Ideal f\u00fcr: Siebtr\u00e4germaschinen, Vollautomaten, Bialetti  Perfekt f\u00fcr Liebhaber von starkem Kaffee","og_url":"https:\/\/www.cultcaffe.at\/es\/producto\/cafe-organico-amarillo-edicion-navidena\/","og_site_name":"CultCaff\u00e9 - die Bio Kaffee R\u00f6sterei","article_publisher":"https:\/\/www.facebook.com\/p\/Cult-Caff%c3%a8-die-R%c3%b6sterei-100039719724703\/?locale=de_DE","article_modified_time":"2026-01-07T16:43:37+00:00","og_image":[{"width":480,"height":640,"url":"https:\/\/www.cultcaffe.at\/wp-content\/uploads\/2025\/11\/Amarillo-einzeln1.jpg","type":"image\/jpeg"}],"twitter_card":"summary_large_image","twitter_misc":{"Disponibilidad":"Disponible"},"schema":{"@context":"https:\/\/schema.org","@graph":[{"@type":"WebPage","@id":"https:\/\/www.cultcaffe.at\/produkt\/weihnachtsedition-bio-kaffee-amarillo\/","url":"https:\/\/www.cultcaffe.at\/produkt\/weihnachtsedition-bio-kaffee-amarillo\/","name":"Caf\u00e9 org\u00e1nico Amarillo Edici\u00f3n Navide\u00f1a - CultCaff\u00e9 - la tostadora de caf\u00e9 org\u00e1nico","isPartOf":{"@id":"https:\/\/www.cultcaffe.at\/#website"},"primaryImageOfPage":{"@id":"https:\/\/www.cultcaffe.at\/produkt\/weihnachtsedition-bio-kaffee-amarillo\/#primaryimage"},"image":{"@id":"https:\/\/www.cultcaffe.at\/produkt\/weihnachtsedition-bio-kaffee-amarillo\/#primaryimage"},"thumbnailUrl":"https:\/\/www.cultcaffe.at\/wp-content\/uploads\/2025\/11\/Amarillo-einzeln1.jpg","datePublished":"2025-11-13T15:55:44+00:00","dateModified":"2026-01-07T16:43:37+00:00","breadcrumb":{"@id":"https:\/\/www.cultcaffe.at\/produkt\/weihnachtsedition-bio-kaffee-amarillo\/#breadcrumb"},"inLanguage":"es","potentialAction":[{"@type":"ReadAction","target":["https:\/\/www.cultcaffe.at\/produkt\/weihnachtsedition-bio-kaffee-amarillo\/"]}]},{"@type":"ImageObject","inLanguage":"es","@id":"https:\/\/www.cultcaffe.at\/produkt\/weihnachtsedition-bio-kaffee-amarillo\/#primaryimage","url":"https:\/\/www.cultcaffe.at\/wp-content\/uploads\/2025\/11\/Amarillo-einzeln1.jpg","contentUrl":"https:\/\/www.cultcaffe.at\/wp-content\/uploads\/2025\/11\/Amarillo-einzeln1.jpg","width":480,"height":640},{"@type":"BreadcrumbList","@id":"https:\/\/www.cultcaffe.at\/produkt\/weihnachtsedition-bio-kaffee-amarillo\/#breadcrumb","itemListElement":[{"@type":"ListItem","position":1,"name":"Startseite","item":"https:\/\/www.cultcaffe.at\/"},{"@type":"ListItem","position":2,"name":"Produkte","item":"https:\/\/www.cultcaffe.at\/shop\/"},{"@type":"ListItem","position":3,"name":"Weihnachtsedition BIO KAFFEE Amarillo"}]},{"@type":"WebSite","@id":"https:\/\/www.cultcaffe.at\/#website","url":"https:\/\/www.cultcaffe.at\/","name":"CultCaff\u00e9 - la tostadur\u00eda de caf\u00e9 org\u00e1nico","description":"Amor por el caf\u00e9","publisher":{"@id":"https:\/\/www.cultcaffe.at\/#organization"},"potentialAction":[{"@type":"SearchAction","target":{"@type":"EntryPoint","urlTemplate":"https:\/\/www.cultcaffe.at\/?s={search_term_string}"},"query-input":{"@type":"PropertyValueSpecification","valueRequired":true,"valueName":"search_term_string"}}],"inLanguage":"es"},{"@type":["Organization","Place"],"@id":"https:\/\/www.cultcaffe.at\/#organization","name":"Tostadur\u00eda de caf\u00e9 CultCaff\u00e9 GmbH","alternateName":"CultCaff\u00e9","url":"https:\/\/www.cultcaffe.at\/","logo":{"@id":"https:\/\/www.cultcaffe.at\/produkt\/weihnachtsedition-bio-kaffee-amarillo\/#local-main-organization-logo"},"image":{"@id":"https:\/\/www.cultcaffe.at\/produkt\/weihnachtsedition-bio-kaffee-amarillo\/#local-main-organization-logo"},"sameAs":["https:\/\/www.facebook.com\/p\/Cult-Caff\u00e8-die-R\u00f6sterei-100039719724703\/?locale=de_DE","https:\/\/www.instagram.com\/cultcaffe.at\/"],"hasMerchantReturnPolicy":{"@type":"MerchantReturnPolicy","merchantReturnLink":"https:\/\/www.cultcaffe.at\/es\/agbs\/"},"telephone":[],"openingHoursSpecification":[{"@type":"OpeningHoursSpecification","dayOfWeek":["Monday","Tuesday","Wednesday","Thursday","Friday","Saturday","Sunday"],"opens":"09:00","closes":"17:00"}]},{"@type":"ImageObject","inLanguage":"es","@id":"https:\/\/www.cultcaffe.at\/produkt\/weihnachtsedition-bio-kaffee-amarillo\/#local-main-organization-logo","url":"https:\/\/www.cultcaffe.at\/wp-content\/uploads\/2023\/11\/cultcaffe_logo_regular_dark-1.svg","contentUrl":"https:\/\/www.cultcaffe.at\/wp-content\/uploads\/2023\/11\/cultcaffe_logo_regular_dark-1.svg","width":756,"height":474,"caption":"CultCaff\u00e9 Kaffeer\u00f6sterei GmbH"}]},"og_availability":"instock","product_availability":"instock","product_condition":"new"},"_links":{"self":[{"href":"https:\/\/www.cultcaffe.at\/es\/wp-json\/wp\/v2\/product\/19018","targetHints":{"allow":["GET"]}}],"collection":[{"href":"https:\/\/www.cultcaffe.at\/es\/wp-json\/wp\/v2\/product"}],"about":[{"href":"https:\/\/www.cultcaffe.at\/es\/wp-json\/wp\/v2\/types\/product"}],"wp:featuredmedia":[{"embeddable":true,"href":"https:\/\/www.cultcaffe.at\/es\/wp-json\/wp\/v2\/media\/19052"}],"wp:attachment":[{"href":"https:\/\/www.cultcaffe.at\/es\/wp-json\/wp\/v2\/media?parent=19018"}],"wp:term":[{"taxonomy":"product_brand","embeddable":true,"href":"https:\/\/www.cultcaffe.at\/es\/wp-json\/wp\/v2\/product_brand?post=19018"},{"taxonomy":"product_cat","embeddable":true,"href":"https:\/\/www.cultcaffe.at\/es\/wp-json\/wp\/v2\/product_cat?post=19018"},{"taxonomy":"product_tag","embeddable":true,"href":"https:\/\/www.cultcaffe.at\/es\/wp-json\/wp\/v2\/product_tag?post=19018"}],"curies":[{"name":"wp","href":"https:\/\/api.w.org\/{rel}","templated":true}]}}