{"id":15482,"date":"2024-09-12T10:57:57","date_gmt":"2024-09-12T08:57:57","guid":{"rendered":"https:\/\/www.cultcaffe.at\/?post_type=product&#038;p=15482"},"modified":"2025-07-29T11:32:51","modified_gmt":"2025-07-29T09:32:51","slug":"colador-de-te-con-tapa","status":"publish","type":"product","link":"https:\/\/www.cultcaffe.at\/es\/produkt\/teesieb-mit-deckel\/","title":{"rendered":"Colador de t\u00e9 con tapa"},"content":{"rendered":"<p>Pr\u00e1ctico colador de t\u00e9 con tapa para t\u00e9 suelto.<\/p>\n<ul>\n<li>sostenible y duradero<\/li>\n<li>F\u00e1cil manejo y limpieza (apto para lavavajillas)<\/li>\n<\/ul>\n<p>El colador tambi\u00e9n se puede llenar con especias y a\u00f1adirlo a un plato durante la cocci\u00f3n.<\/p>","protected":false},"excerpt":{"rendered":"<p>&nbsp;<\/p>\n<ul>\n<li class=\"bullet-checkmark\">Material de alta calidad para un uso duradero.<\/li>\n<li class=\"bullet-checkmark\">F\u00e1cil manejo y limpieza.<\/li>\n<li class=\"bullet-checkmark\">Perfecto para los amantes y conocedores del t\u00e9.<\/li>\n<\/ul>","protected":false},"featured_media":15483,"template":"","meta":{"inline_featured_image":false},"product_brand":[],"product_cat":[204,211],"product_tag":[61,91,260,95,139,87,259],"class_list":{"0":"post-15482","1":"product","2":"type-product","3":"status-publish","4":"has-post-thumbnail","6":"product_cat-zubehoer","7":"product_cat-geschenkideen","8":"product_tag-cultcaffe","9":"product_tag-filter","10":"product_tag-genuss","11":"product_tag-geschenk","12":"product_tag-geschenkidee","13":"product_tag-tee","14":"product_tag-teefilter","16":"first","17":"outofstock","18":"taxable","19":"shipping-taxable","20":"purchasable","21":"product-type-simple"},"yoast_head":"<!-- This site is optimized with the Yoast SEO plugin v27.5 - https:\/\/yoast.com\/product\/yoast-seo-wordpress\/ -->\n<title>Teesieb mit Deckel - CultCaff\u00e9 - die Bio Kaffee R\u00f6sterei<\/title>\n<meta name=\"robots\" content=\"index, follow, max-snippet:-1, max-image-preview:large, max-video-preview:-1\" \/>\n<link rel=\"canonical\" href=\"https:\/\/www.cultcaffe.at\/es\/producto\/colador-de-te-con-tapa\/\" \/>\n<meta property=\"og:locale\" content=\"es_ES\" \/>\n<meta property=\"og:type\" content=\"article\" \/>\n<meta property=\"og:title\" content=\"Teesieb mit Deckel - CultCaff\u00e9 - die Bio Kaffee R\u00f6sterei\" \/>\n<meta property=\"og:description\" content=\"&nbsp;   Hochwertiges Material f\u00fcr langlebige Nutzung  Einfache Handhabung und Reinigung  Perfekt f\u00fcr Teeliebhaber und Genie\u00dfer\" \/>\n<meta property=\"og:url\" content=\"https:\/\/www.cultcaffe.at\/es\/producto\/colador-de-te-con-tapa\/\" \/>\n<meta property=\"og:site_name\" content=\"CultCaff\u00e9 - die Bio Kaffee R\u00f6sterei\" \/>\n<meta property=\"article:publisher\" content=\"https:\/\/www.facebook.com\/p\/Cult-Caff%c3%a8-die-R%c3%b6sterei-100039719724703\/?locale=de_DE\" \/>\n<meta property=\"article:modified_time\" content=\"2025-07-29T09:32:51+00:00\" \/>\n<meta property=\"og:image\" content=\"https:\/\/www.cultcaffe.at\/wp-content\/uploads\/2024\/09\/tes_Teafilter_600x600.jpg\" \/>\n\t<meta property=\"og:image:width\" content=\"600\" \/>\n\t<meta property=\"og:image:height\" content=\"600\" \/>\n\t<meta property=\"og:image:type\" content=\"image\/jpeg\" \/>\n<meta name=\"twitter:card\" content=\"summary_large_image\" \/>\n<meta name=\"twitter:label1\" content=\"Precio\" \/>\n\t<meta name=\"twitter:data1\" content=\"&euro;&nbsp;5,00\" \/>\n\t<meta name=\"twitter:label2\" content=\"Disponibilidad\" \/>\n\t<meta name=\"twitter:data2\" content=\"Sin existencias\" \/>\n<script type=\"application\/ld+json\" class=\"yoast-schema-graph\">{\"@context\":\"https:\\\/\\\/schema.org\",\"@graph\":[{\"@type\":\"WebPage\",\"@id\":\"https:\\\/\\\/www.cultcaffe.at\\\/produkt\\\/teesieb-mit-deckel\\\/\",\"url\":\"https:\\\/\\\/www.cultcaffe.at\\\/produkt\\\/teesieb-mit-deckel\\\/\",\"name\":\"Teesieb mit Deckel - CultCaff\u00e9 - die Bio Kaffee R\u00f6sterei\",\"isPartOf\":{\"@id\":\"https:\\\/\\\/www.cultcaffe.at\\\/#website\"},\"primaryImageOfPage\":{\"@id\":\"https:\\\/\\\/www.cultcaffe.at\\\/produkt\\\/teesieb-mit-deckel\\\/#primaryimage\"},\"image\":{\"@id\":\"https:\\\/\\\/www.cultcaffe.at\\\/produkt\\\/teesieb-mit-deckel\\\/#primaryimage\"},\"thumbnailUrl\":\"https:\\\/\\\/www.cultcaffe.at\\\/wp-content\\\/uploads\\\/2024\\\/09\\\/tes_Teafilter_600x600.jpg\",\"datePublished\":\"2024-09-12T08:57:57+00:00\",\"dateModified\":\"2025-07-29T09:32:51+00:00\",\"breadcrumb\":{\"@id\":\"https:\\\/\\\/www.cultcaffe.at\\\/produkt\\\/teesieb-mit-deckel\\\/#breadcrumb\"},\"inLanguage\":\"es\",\"potentialAction\":[{\"@type\":\"ReadAction\",\"target\":[\"https:\\\/\\\/www.cultcaffe.at\\\/produkt\\\/teesieb-mit-deckel\\\/\"]}]},{\"@type\":\"ImageObject\",\"inLanguage\":\"es\",\"@id\":\"https:\\\/\\\/www.cultcaffe.at\\\/produkt\\\/teesieb-mit-deckel\\\/#primaryimage\",\"url\":\"https:\\\/\\\/www.cultcaffe.at\\\/wp-content\\\/uploads\\\/2024\\\/09\\\/tes_Teafilter_600x600.jpg\",\"contentUrl\":\"https:\\\/\\\/www.cultcaffe.at\\\/wp-content\\\/uploads\\\/2024\\\/09\\\/tes_Teafilter_600x600.jpg\",\"width\":600,\"height\":600},{\"@type\":\"BreadcrumbList\",\"@id\":\"https:\\\/\\\/www.cultcaffe.at\\\/produkt\\\/teesieb-mit-deckel\\\/#breadcrumb\",\"itemListElement\":[{\"@type\":\"ListItem\",\"position\":1,\"name\":\"Startseite\",\"item\":\"https:\\\/\\\/www.cultcaffe.at\\\/\"},{\"@type\":\"ListItem\",\"position\":2,\"name\":\"Produkte\",\"item\":\"https:\\\/\\\/www.cultcaffe.at\\\/shop\\\/\"},{\"@type\":\"ListItem\",\"position\":3,\"name\":\"Teesieb mit Deckel\"}]},{\"@type\":\"WebSite\",\"@id\":\"https:\\\/\\\/www.cultcaffe.at\\\/#website\",\"url\":\"https:\\\/\\\/www.cultcaffe.at\\\/\",\"name\":\"CultCaff\u00e9 - die Bio Kaffee R\u00f6sterei\",\"description\":\"Liebe zum Kaffee\",\"publisher\":{\"@id\":\"https:\\\/\\\/www.cultcaffe.at\\\/#organization\"},\"potentialAction\":[{\"@type\":\"SearchAction\",\"target\":{\"@type\":\"EntryPoint\",\"urlTemplate\":\"https:\\\/\\\/www.cultcaffe.at\\\/?s={search_term_string}\"},\"query-input\":{\"@type\":\"PropertyValueSpecification\",\"valueRequired\":true,\"valueName\":\"search_term_string\"}}],\"inLanguage\":\"es\"},{\"@type\":[\"Organization\",\"Place\"],\"@id\":\"https:\\\/\\\/www.cultcaffe.at\\\/#organization\",\"name\":\"CultCaff\u00e9 Kaffeer\u00f6sterei GmbH\",\"alternateName\":\"CultCaff\u00e9\",\"url\":\"https:\\\/\\\/www.cultcaffe.at\\\/\",\"logo\":{\"@id\":\"https:\\\/\\\/www.cultcaffe.at\\\/produkt\\\/teesieb-mit-deckel\\\/#local-main-organization-logo\"},\"image\":{\"@id\":\"https:\\\/\\\/www.cultcaffe.at\\\/produkt\\\/teesieb-mit-deckel\\\/#local-main-organization-logo\"},\"sameAs\":[\"https:\\\/\\\/www.facebook.com\\\/p\\\/Cult-Caff\u00e8-die-R\u00f6sterei-100039719724703\\\/?locale=de_DE\",\"https:\\\/\\\/www.instagram.com\\\/cultcaffe.at\\\/\"],\"hasMerchantReturnPolicy\":{\"@type\":\"MerchantReturnPolicy\",\"merchantReturnLink\":\"https:\\\/\\\/www.cultcaffe.at\\\/es\\\/agbs\\\/\"},\"telephone\":[],\"openingHoursSpecification\":[{\"@type\":\"OpeningHoursSpecification\",\"dayOfWeek\":[\"Monday\",\"Tuesday\",\"Wednesday\",\"Thursday\",\"Friday\",\"Saturday\",\"Sunday\"],\"opens\":\"09:00\",\"closes\":\"17:00\"}]},{\"@type\":\"ImageObject\",\"inLanguage\":\"es\",\"@id\":\"https:\\\/\\\/www.cultcaffe.at\\\/produkt\\\/teesieb-mit-deckel\\\/#local-main-organization-logo\",\"url\":\"https:\\\/\\\/www.cultcaffe.at\\\/wp-content\\\/uploads\\\/2023\\\/11\\\/cultcaffe_logo_regular_dark-1.svg\",\"contentUrl\":\"https:\\\/\\\/www.cultcaffe.at\\\/wp-content\\\/uploads\\\/2023\\\/11\\\/cultcaffe_logo_regular_dark-1.svg\",\"width\":756,\"height\":474,\"caption\":\"CultCaff\u00e9 Kaffeer\u00f6sterei GmbH\"}]}<\/script>\n<meta property=\"product:price:amount\" content=\"5.00\" \/>\n<meta property=\"product:price:currency\" content=\"EUR\" \/>\n<meta property=\"og:availability\" content=\"out of stock\" \/>\n<meta property=\"product:availability\" content=\"out of stock\" \/>\n<meta property=\"product:condition\" content=\"new\" \/>\n<!-- \/ Yoast SEO plugin. -->","yoast_head_json":{"title":"Colador de t\u00e9 con tapa - CultCaff\u00e9 - la tostadora de caf\u00e9 org\u00e1nico","robots":{"index":"index","follow":"follow","max-snippet":"max-snippet:-1","max-image-preview":"max-image-preview:large","max-video-preview":"max-video-preview:-1"},"canonical":"https:\/\/www.cultcaffe.at\/es\/producto\/colador-de-te-con-tapa\/","og_locale":"es_ES","og_type":"article","og_title":"Teesieb mit Deckel - CultCaff\u00e9 - die Bio Kaffee R\u00f6sterei","og_description":"&nbsp;   Hochwertiges Material f\u00fcr langlebige Nutzung  Einfache Handhabung und Reinigung  Perfekt f\u00fcr Teeliebhaber und Genie\u00dfer","og_url":"https:\/\/www.cultcaffe.at\/es\/producto\/colador-de-te-con-tapa\/","og_site_name":"CultCaff\u00e9 - die Bio Kaffee R\u00f6sterei","article_publisher":"https:\/\/www.facebook.com\/p\/Cult-Caff%c3%a8-die-R%c3%b6sterei-100039719724703\/?locale=de_DE","article_modified_time":"2025-07-29T09:32:51+00:00","og_image":[{"width":600,"height":600,"url":"https:\/\/www.cultcaffe.at\/wp-content\/uploads\/2024\/09\/tes_Teafilter_600x600.jpg","type":"image\/jpeg"}],"twitter_card":"summary_large_image","twitter_misc":{"Precio":"&euro;&nbsp;5,00","Disponibilidad":"Sin existencias"},"schema":{"@context":"https:\/\/schema.org","@graph":[{"@type":"WebPage","@id":"https:\/\/www.cultcaffe.at\/produkt\/teesieb-mit-deckel\/","url":"https:\/\/www.cultcaffe.at\/produkt\/teesieb-mit-deckel\/","name":"Colador de t\u00e9 con tapa - CultCaff\u00e9 - la tostadora de caf\u00e9 org\u00e1nico","isPartOf":{"@id":"https:\/\/www.cultcaffe.at\/#website"},"primaryImageOfPage":{"@id":"https:\/\/www.cultcaffe.at\/produkt\/teesieb-mit-deckel\/#primaryimage"},"image":{"@id":"https:\/\/www.cultcaffe.at\/produkt\/teesieb-mit-deckel\/#primaryimage"},"thumbnailUrl":"https:\/\/www.cultcaffe.at\/wp-content\/uploads\/2024\/09\/tes_Teafilter_600x600.jpg","datePublished":"2024-09-12T08:57:57+00:00","dateModified":"2025-07-29T09:32:51+00:00","breadcrumb":{"@id":"https:\/\/www.cultcaffe.at\/produkt\/teesieb-mit-deckel\/#breadcrumb"},"inLanguage":"es","potentialAction":[{"@type":"ReadAction","target":["https:\/\/www.cultcaffe.at\/produkt\/teesieb-mit-deckel\/"]}]},{"@type":"ImageObject","inLanguage":"es","@id":"https:\/\/www.cultcaffe.at\/produkt\/teesieb-mit-deckel\/#primaryimage","url":"https:\/\/www.cultcaffe.at\/wp-content\/uploads\/2024\/09\/tes_Teafilter_600x600.jpg","contentUrl":"https:\/\/www.cultcaffe.at\/wp-content\/uploads\/2024\/09\/tes_Teafilter_600x600.jpg","width":600,"height":600},{"@type":"BreadcrumbList","@id":"https:\/\/www.cultcaffe.at\/produkt\/teesieb-mit-deckel\/#breadcrumb","itemListElement":[{"@type":"ListItem","position":1,"name":"Startseite","item":"https:\/\/www.cultcaffe.at\/"},{"@type":"ListItem","position":2,"name":"Produkte","item":"https:\/\/www.cultcaffe.at\/shop\/"},{"@type":"ListItem","position":3,"name":"Teesieb mit Deckel"}]},{"@type":"WebSite","@id":"https:\/\/www.cultcaffe.at\/#website","url":"https:\/\/www.cultcaffe.at\/","name":"CultCaff\u00e9 - la tostadur\u00eda de caf\u00e9 org\u00e1nico","description":"Amor por el caf\u00e9","publisher":{"@id":"https:\/\/www.cultcaffe.at\/#organization"},"potentialAction":[{"@type":"SearchAction","target":{"@type":"EntryPoint","urlTemplate":"https:\/\/www.cultcaffe.at\/?s={search_term_string}"},"query-input":{"@type":"PropertyValueSpecification","valueRequired":true,"valueName":"search_term_string"}}],"inLanguage":"es"},{"@type":["Organization","Place"],"@id":"https:\/\/www.cultcaffe.at\/#organization","name":"Tostadur\u00eda de caf\u00e9 CultCaff\u00e9 GmbH","alternateName":"CultCaff\u00e9","url":"https:\/\/www.cultcaffe.at\/","logo":{"@id":"https:\/\/www.cultcaffe.at\/produkt\/teesieb-mit-deckel\/#local-main-organization-logo"},"image":{"@id":"https:\/\/www.cultcaffe.at\/produkt\/teesieb-mit-deckel\/#local-main-organization-logo"},"sameAs":["https:\/\/www.facebook.com\/p\/Cult-Caff\u00e8-die-R\u00f6sterei-100039719724703\/?locale=de_DE","https:\/\/www.instagram.com\/cultcaffe.at\/"],"hasMerchantReturnPolicy":{"@type":"MerchantReturnPolicy","merchantReturnLink":"https:\/\/www.cultcaffe.at\/es\/agbs\/"},"telephone":[],"openingHoursSpecification":[{"@type":"OpeningHoursSpecification","dayOfWeek":["Monday","Tuesday","Wednesday","Thursday","Friday","Saturday","Sunday"],"opens":"09:00","closes":"17:00"}]},{"@type":"ImageObject","inLanguage":"es","@id":"https:\/\/www.cultcaffe.at\/produkt\/teesieb-mit-deckel\/#local-main-organization-logo","url":"https:\/\/www.cultcaffe.at\/wp-content\/uploads\/2023\/11\/cultcaffe_logo_regular_dark-1.svg","contentUrl":"https:\/\/www.cultcaffe.at\/wp-content\/uploads\/2023\/11\/cultcaffe_logo_regular_dark-1.svg","width":756,"height":474,"caption":"CultCaff\u00e9 Kaffeer\u00f6sterei GmbH"}]},"product_price_amount":"5.00","product_price_currency":"EUR","og_availability":"out of stock","product_availability":"out of stock","product_condition":"new"},"_links":{"self":[{"href":"https:\/\/www.cultcaffe.at\/es\/wp-json\/wp\/v2\/product\/15482","targetHints":{"allow":["GET"]}}],"collection":[{"href":"https:\/\/www.cultcaffe.at\/es\/wp-json\/wp\/v2\/product"}],"about":[{"href":"https:\/\/www.cultcaffe.at\/es\/wp-json\/wp\/v2\/types\/product"}],"wp:featuredmedia":[{"embeddable":true,"href":"https:\/\/www.cultcaffe.at\/es\/wp-json\/wp\/v2\/media\/15483"}],"wp:attachment":[{"href":"https:\/\/www.cultcaffe.at\/es\/wp-json\/wp\/v2\/media?parent=15482"}],"wp:term":[{"taxonomy":"product_brand","embeddable":true,"href":"https:\/\/www.cultcaffe.at\/es\/wp-json\/wp\/v2\/product_brand?post=15482"},{"taxonomy":"product_cat","embeddable":true,"href":"https:\/\/www.cultcaffe.at\/es\/wp-json\/wp\/v2\/product_cat?post=15482"},{"taxonomy":"product_tag","embeddable":true,"href":"https:\/\/www.cultcaffe.at\/es\/wp-json\/wp\/v2\/product_tag?post=15482"}],"curies":[{"name":"wp","href":"https:\/\/api.w.org\/{rel}","templated":true}]}}