{"id":19018,"date":"2025-11-13T16:55:44","date_gmt":"2025-11-13T15:55:44","guid":{"rendered":"https:\/\/www.cultcaffe.at\/?post_type=product&#038;p=19018"},"modified":"2026-01-07T17:43:37","modified_gmt":"2026-01-07T16:43:37","slug":"vanocni-edice-bio-kavy-amarillo","status":"publish","type":"product","link":"https:\/\/www.cultcaffe.at\/cs\/produkt\/weihnachtsedition-bio-kaffee-amarillo\/","title":{"rendered":"V\u00e1no\u010dn\u00ed edice bio k\u00e1vy Amarillo"},"content":{"rendered":"<h3><strong>BIO K\u00c1VA Amarillo \u2013 Lahodn\u00e9 bio espresso pro znalce<\/strong><\/h3>\n<p>N\u00e1\u0161 <strong><em>ORGANIC COFFEE Amarillo<\/em><\/strong> je skv\u011bl\u00e9 bio espresso s plnou chut\u00ed, speci\u00e1ln\u011b vytvo\u0159en\u00e9 pro milovn\u00edky siln\u00e9 k\u00e1vy.<\/p>\n<ul>\n<li><strong>Nejlep\u0161\u00ed v\u00fdb\u011br bio k\u00e1vov\u00fdch zrn:<\/strong><br \/>\nPou\u017e\u00edv\u00e1me pouze nejkvalitn\u011bj\u0161\u00ed bio k\u00e1vov\u00e1 zrna pro bezkonkuren\u010dn\u00ed aroma. Poda\u0159ilo se n\u00e1m vytvo\u0159it skv\u011blou sm\u011bs k\u00e1vy Arabica z Mexika a Guatemaly a velmi vz\u00e1cn\u00e9 organick\u00e9 Robusty z Indie.<br \/>\nHlub\u0161\u00ed, ale \u0161etrn\u00e9 pra\u017een\u00ed vede k n\u00e1dhern\u00e9, komplexn\u00ed espresso k\u00e1v\u011b s n\u00edzkou kyselost\u00ed a kr\u00e1snou, hustou cremou.<\/li>\n<li><strong><strong>Zelen\u00e9 k\u00e1vy pro tuto super sm\u011bs z\u00edsk\u00e1v\u00e1me z:<\/strong><\/strong>MEXIKO<br \/>\nRegion Motozintla \u2013 Chiapas<br \/>\nNadmo\u0159sk\u00e1 v\u00fd\u0161ka p\u011bstov\u00e1n\u00ed 1200 \u2013 1800 m<br \/>\nSklize\u0148: Ru\u010dn\u011b sb\u00edran\u00e1, su\u0161en\u00e1 na slunci<br \/>\nOdr\u016fda: Arabigo, Bourbon negro<br \/>\nOdr\u016fda: ArabicaGUATEMALA<br \/>\nRegion La Union, Zacapa<br \/>\nNadmo\u0159sk\u00e1 v\u00fd\u0161ka p\u011bstov\u00e1n\u00ed: 1000-1600 m<br \/>\nSklize\u0148: ru\u010dn\u011b sb\u00edran\u00e1, su\u0161en\u00e1 na slunci<br \/>\nOdr\u016fda: Pacamara<br \/>\nOdr\u016fda: ArabicaINDIE<br \/>\nRegion - Karn\u00e1taka<br \/>\nNadmo\u0159sk\u00e1 v\u00fd\u0161ka kultivace: 800 m<br \/>\nSklize\u0148: ru\u010dn\u011b sb\u00edran\u00e1, mokr\u00e9 zpracov\u00e1n\u00ed,<br \/>\nsu\u0161en\u00e9 na slunci<br \/>\nOdr\u016fda: CanephoraV\u0161echny zrna poch\u00e1zej\u00ed z kontrolovan\u00e9ho ekologick\u00e9ho p\u011bstov\u00e1n\u00ed. Du\u017eina k\u00e1vov\u00fdch plod\u016f se kompostuje a vrac\u00ed se rostlin\u00e1m jako hnojivo. \u010clenov\u00e9 dru\u017estev dost\u00e1vaj\u00ed na sv\u00e9 investice v\u00fdhodn\u00e9 \u00fav\u011bry a tak\u00e9 p\u0159\u00edstup ke stipendi\u00edm na vzd\u011bl\u00e1v\u00e1n\u00ed sv\u00fdch d\u011bt\u00ed.<\/li>\n<\/ul>\n<p>Objevte nyn\u00ed unik\u00e1tn\u00ed sm\u011bs <strong>Bio kvalita<\/strong> a <strong>intenzivn\u00ed chu\u0165<\/strong> v ka\u017ed\u00e9m na\u0161em \u0161\u00e1lku <strong><em>ORGANIC COFFEE Amarillo<\/em><\/strong>.<\/p>","protected":false},"excerpt":{"rendered":"<p>Na\u0161e bio Amarillo v exkluzivn\u00ed v\u00e1no\u010dn\u00ed edici \u2013 perfektn\u00ed d\u00e1rek pro milovn\u00edky k\u00e1vy!<\/p>\n<ul>\n<li class=\"bullet-checkmark\">Lahodn\u00e9 bio espresso s plnou chut\u00ed<\/li>\n<li class=\"bullet-checkmark\">Ide\u00e1ln\u00ed pro: k\u00e1vovary s portafiltrem, pln\u011b automatick\u00e9 k\u00e1vovary, Bialetti<\/li>\n<li class=\"bullet-checkmark\">Ide\u00e1ln\u00ed pro milovn\u00edky siln\u00e9 k\u00e1vy<\/li>\n<\/ul>","protected":false},"featured_media":19052,"template":"","meta":{"inline_featured_image":false},"product_brand":[],"product_cat":[199,215,211],"product_tag":[116,114,117,61,60,115,95,59,62,130,133],"class_list":{"0":"post-19018","1":"product","2":"type-product","3":"status-publish","4":"has-post-thumbnail","6":"product_cat-kaffee","7":"product_cat-biokaffee","8":"product_cat-geschenkideen","9":"product_tag-amarillo","10":"product_tag-bio","11":"product_tag-biokaffee","12":"product_tag-cultcaffe","13":"product_tag-espresso","14":"product_tag-fairtrade","15":"product_tag-geschenk","16":"product_tag-kaffee","17":"product_tag-kaffeegenuss","18":"product_tag-weihnachten","19":"product_tag-weihnachtsgeschenk","21":"first","22":"instock","23":"taxable","24":"shipping-taxable","25":"purchasable","26":"product-type-variable","27":"has-default-attributes"},"yoast_head":"<!-- This site is optimized with the Yoast SEO plugin v27.5 - https:\/\/yoast.com\/product\/yoast-seo-wordpress\/ -->\n<title>Weihnachtsedition BIO KAFFEE Amarillo - CultCaff\u00e9 - die Bio Kaffee R\u00f6sterei<\/title>\n<meta name=\"robots\" content=\"index, follow, max-snippet:-1, max-image-preview:large, max-video-preview:-1\" \/>\n<link rel=\"canonical\" href=\"https:\/\/www.cultcaffe.at\/cs\/produkt\/vanocni-edice-bio-kavy-amarillo\/\" \/>\n<meta property=\"og:locale\" content=\"cs_CZ\" \/>\n<meta property=\"og:type\" content=\"article\" \/>\n<meta property=\"og:title\" content=\"Weihnachtsedition BIO KAFFEE Amarillo - CultCaff\u00e9 - die Bio Kaffee R\u00f6sterei\" \/>\n<meta property=\"og:description\" content=\"Unser Bio Amarillo in der exklusiven Weihnachtsedition \u2013 das perfekte Geschenk f\u00fcr Kaffeeliebhaber!   Herrlicher Bio Espresso mit vollem Geschmack  Ideal f\u00fcr: Siebtr\u00e4germaschinen, Vollautomaten, Bialetti  Perfekt f\u00fcr Liebhaber von starkem Kaffee\" \/>\n<meta property=\"og:url\" content=\"https:\/\/www.cultcaffe.at\/cs\/produkt\/vanocni-edice-bio-kavy-amarillo\/\" \/>\n<meta property=\"og:site_name\" content=\"CultCaff\u00e9 - die Bio Kaffee R\u00f6sterei\" \/>\n<meta property=\"article:publisher\" content=\"https:\/\/www.facebook.com\/p\/Cult-Caff%c3%a8-die-R%c3%b6sterei-100039719724703\/?locale=de_DE\" \/>\n<meta property=\"article:modified_time\" content=\"2026-01-07T16:43:37+00:00\" \/>\n<meta property=\"og:image\" content=\"https:\/\/www.cultcaffe.at\/wp-content\/uploads\/2025\/11\/Amarillo-einzeln1.jpg\" \/>\n\t<meta property=\"og:image:width\" content=\"480\" \/>\n\t<meta property=\"og:image:height\" content=\"640\" \/>\n\t<meta property=\"og:image:type\" content=\"image\/jpeg\" \/>\n<meta name=\"twitter:card\" content=\"summary_large_image\" \/>\n<meta name=\"twitter:label1\" content=\"Dostupnost\" \/>\n\t<meta name=\"twitter:data1\" content=\"Skladem\" \/>\n<script type=\"application\/ld+json\" class=\"yoast-schema-graph\">{\"@context\":\"https:\\\/\\\/schema.org\",\"@graph\":[{\"@type\":\"WebPage\",\"@id\":\"https:\\\/\\\/www.cultcaffe.at\\\/produkt\\\/weihnachtsedition-bio-kaffee-amarillo\\\/\",\"url\":\"https:\\\/\\\/www.cultcaffe.at\\\/produkt\\\/weihnachtsedition-bio-kaffee-amarillo\\\/\",\"name\":\"Weihnachtsedition BIO KAFFEE Amarillo - CultCaff\u00e9 - die Bio Kaffee R\u00f6sterei\",\"isPartOf\":{\"@id\":\"https:\\\/\\\/www.cultcaffe.at\\\/#website\"},\"primaryImageOfPage\":{\"@id\":\"https:\\\/\\\/www.cultcaffe.at\\\/produkt\\\/weihnachtsedition-bio-kaffee-amarillo\\\/#primaryimage\"},\"image\":{\"@id\":\"https:\\\/\\\/www.cultcaffe.at\\\/produkt\\\/weihnachtsedition-bio-kaffee-amarillo\\\/#primaryimage\"},\"thumbnailUrl\":\"https:\\\/\\\/www.cultcaffe.at\\\/wp-content\\\/uploads\\\/2025\\\/11\\\/Amarillo-einzeln1.jpg\",\"datePublished\":\"2025-11-13T15:55:44+00:00\",\"dateModified\":\"2026-01-07T16:43:37+00:00\",\"breadcrumb\":{\"@id\":\"https:\\\/\\\/www.cultcaffe.at\\\/produkt\\\/weihnachtsedition-bio-kaffee-amarillo\\\/#breadcrumb\"},\"inLanguage\":\"cs\",\"potentialAction\":[{\"@type\":\"ReadAction\",\"target\":[\"https:\\\/\\\/www.cultcaffe.at\\\/produkt\\\/weihnachtsedition-bio-kaffee-amarillo\\\/\"]}]},{\"@type\":\"ImageObject\",\"inLanguage\":\"cs\",\"@id\":\"https:\\\/\\\/www.cultcaffe.at\\\/produkt\\\/weihnachtsedition-bio-kaffee-amarillo\\\/#primaryimage\",\"url\":\"https:\\\/\\\/www.cultcaffe.at\\\/wp-content\\\/uploads\\\/2025\\\/11\\\/Amarillo-einzeln1.jpg\",\"contentUrl\":\"https:\\\/\\\/www.cultcaffe.at\\\/wp-content\\\/uploads\\\/2025\\\/11\\\/Amarillo-einzeln1.jpg\",\"width\":480,\"height\":640},{\"@type\":\"BreadcrumbList\",\"@id\":\"https:\\\/\\\/www.cultcaffe.at\\\/produkt\\\/weihnachtsedition-bio-kaffee-amarillo\\\/#breadcrumb\",\"itemListElement\":[{\"@type\":\"ListItem\",\"position\":1,\"name\":\"Startseite\",\"item\":\"https:\\\/\\\/www.cultcaffe.at\\\/\"},{\"@type\":\"ListItem\",\"position\":2,\"name\":\"Produkte\",\"item\":\"https:\\\/\\\/www.cultcaffe.at\\\/shop\\\/\"},{\"@type\":\"ListItem\",\"position\":3,\"name\":\"Weihnachtsedition BIO KAFFEE Amarillo\"}]},{\"@type\":\"WebSite\",\"@id\":\"https:\\\/\\\/www.cultcaffe.at\\\/#website\",\"url\":\"https:\\\/\\\/www.cultcaffe.at\\\/\",\"name\":\"CultCaff\u00e9 - die Bio Kaffee R\u00f6sterei\",\"description\":\"Liebe zum Kaffee\",\"publisher\":{\"@id\":\"https:\\\/\\\/www.cultcaffe.at\\\/#organization\"},\"potentialAction\":[{\"@type\":\"SearchAction\",\"target\":{\"@type\":\"EntryPoint\",\"urlTemplate\":\"https:\\\/\\\/www.cultcaffe.at\\\/?s={search_term_string}\"},\"query-input\":{\"@type\":\"PropertyValueSpecification\",\"valueRequired\":true,\"valueName\":\"search_term_string\"}}],\"inLanguage\":\"cs\"},{\"@type\":[\"Organization\",\"Place\"],\"@id\":\"https:\\\/\\\/www.cultcaffe.at\\\/#organization\",\"name\":\"CultCaff\u00e9 Kaffeer\u00f6sterei GmbH\",\"alternateName\":\"CultCaff\u00e9\",\"url\":\"https:\\\/\\\/www.cultcaffe.at\\\/\",\"logo\":{\"@id\":\"https:\\\/\\\/www.cultcaffe.at\\\/produkt\\\/weihnachtsedition-bio-kaffee-amarillo\\\/#local-main-organization-logo\"},\"image\":{\"@id\":\"https:\\\/\\\/www.cultcaffe.at\\\/produkt\\\/weihnachtsedition-bio-kaffee-amarillo\\\/#local-main-organization-logo\"},\"sameAs\":[\"https:\\\/\\\/www.facebook.com\\\/p\\\/Cult-Caff\u00e8-die-R\u00f6sterei-100039719724703\\\/?locale=de_DE\",\"https:\\\/\\\/www.instagram.com\\\/cultcaffe.at\\\/\"],\"hasMerchantReturnPolicy\":{\"@type\":\"MerchantReturnPolicy\",\"merchantReturnLink\":\"https:\\\/\\\/www.cultcaffe.at\\\/cs\\\/agbs\\\/\"},\"telephone\":[],\"openingHoursSpecification\":[{\"@type\":\"OpeningHoursSpecification\",\"dayOfWeek\":[\"Monday\",\"Tuesday\",\"Wednesday\",\"Thursday\",\"Friday\",\"Saturday\",\"Sunday\"],\"opens\":\"09:00\",\"closes\":\"17:00\"}]},{\"@type\":\"ImageObject\",\"inLanguage\":\"cs\",\"@id\":\"https:\\\/\\\/www.cultcaffe.at\\\/produkt\\\/weihnachtsedition-bio-kaffee-amarillo\\\/#local-main-organization-logo\",\"url\":\"https:\\\/\\\/www.cultcaffe.at\\\/wp-content\\\/uploads\\\/2023\\\/11\\\/cultcaffe_logo_regular_dark-1.svg\",\"contentUrl\":\"https:\\\/\\\/www.cultcaffe.at\\\/wp-content\\\/uploads\\\/2023\\\/11\\\/cultcaffe_logo_regular_dark-1.svg\",\"width\":756,\"height\":474,\"caption\":\"CultCaff\u00e9 Kaffeer\u00f6sterei GmbH\"}]}<\/script>\n<meta property=\"og:availability\" content=\"instock\" \/>\n<meta property=\"product:availability\" content=\"instock\" \/>\n<meta property=\"product:condition\" content=\"new\" \/>\n<!-- \/ Yoast SEO plugin. -->","yoast_head_json":{"title":"V\u00e1no\u010dn\u00ed edice bio k\u00e1vy Amarillo - CultCaff\u00e9 - pra\u017e\u00edrna bio k\u00e1vy","robots":{"index":"index","follow":"follow","max-snippet":"max-snippet:-1","max-image-preview":"max-image-preview:large","max-video-preview":"max-video-preview:-1"},"canonical":"https:\/\/www.cultcaffe.at\/cs\/produkt\/vanocni-edice-bio-kavy-amarillo\/","og_locale":"cs_CZ","og_type":"article","og_title":"Weihnachtsedition BIO KAFFEE Amarillo - CultCaff\u00e9 - die Bio Kaffee R\u00f6sterei","og_description":"Unser Bio Amarillo in der exklusiven Weihnachtsedition \u2013 das perfekte Geschenk f\u00fcr Kaffeeliebhaber!   Herrlicher Bio Espresso mit vollem Geschmack  Ideal f\u00fcr: Siebtr\u00e4germaschinen, Vollautomaten, Bialetti  Perfekt f\u00fcr Liebhaber von starkem Kaffee","og_url":"https:\/\/www.cultcaffe.at\/cs\/produkt\/vanocni-edice-bio-kavy-amarillo\/","og_site_name":"CultCaff\u00e9 - die Bio Kaffee R\u00f6sterei","article_publisher":"https:\/\/www.facebook.com\/p\/Cult-Caff%c3%a8-die-R%c3%b6sterei-100039719724703\/?locale=de_DE","article_modified_time":"2026-01-07T16:43:37+00:00","og_image":[{"width":480,"height":640,"url":"https:\/\/www.cultcaffe.at\/wp-content\/uploads\/2025\/11\/Amarillo-einzeln1.jpg","type":"image\/jpeg"}],"twitter_card":"summary_large_image","twitter_misc":{"Dostupnost":"Skladem"},"schema":{"@context":"https:\/\/schema.org","@graph":[{"@type":"WebPage","@id":"https:\/\/www.cultcaffe.at\/produkt\/weihnachtsedition-bio-kaffee-amarillo\/","url":"https:\/\/www.cultcaffe.at\/produkt\/weihnachtsedition-bio-kaffee-amarillo\/","name":"V\u00e1no\u010dn\u00ed edice bio k\u00e1vy Amarillo - CultCaff\u00e9 - pra\u017e\u00edrna bio k\u00e1vy","isPartOf":{"@id":"https:\/\/www.cultcaffe.at\/#website"},"primaryImageOfPage":{"@id":"https:\/\/www.cultcaffe.at\/produkt\/weihnachtsedition-bio-kaffee-amarillo\/#primaryimage"},"image":{"@id":"https:\/\/www.cultcaffe.at\/produkt\/weihnachtsedition-bio-kaffee-amarillo\/#primaryimage"},"thumbnailUrl":"https:\/\/www.cultcaffe.at\/wp-content\/uploads\/2025\/11\/Amarillo-einzeln1.jpg","datePublished":"2025-11-13T15:55:44+00:00","dateModified":"2026-01-07T16:43:37+00:00","breadcrumb":{"@id":"https:\/\/www.cultcaffe.at\/produkt\/weihnachtsedition-bio-kaffee-amarillo\/#breadcrumb"},"inLanguage":"cs","potentialAction":[{"@type":"ReadAction","target":["https:\/\/www.cultcaffe.at\/produkt\/weihnachtsedition-bio-kaffee-amarillo\/"]}]},{"@type":"ImageObject","inLanguage":"cs","@id":"https:\/\/www.cultcaffe.at\/produkt\/weihnachtsedition-bio-kaffee-amarillo\/#primaryimage","url":"https:\/\/www.cultcaffe.at\/wp-content\/uploads\/2025\/11\/Amarillo-einzeln1.jpg","contentUrl":"https:\/\/www.cultcaffe.at\/wp-content\/uploads\/2025\/11\/Amarillo-einzeln1.jpg","width":480,"height":640},{"@type":"BreadcrumbList","@id":"https:\/\/www.cultcaffe.at\/produkt\/weihnachtsedition-bio-kaffee-amarillo\/#breadcrumb","itemListElement":[{"@type":"ListItem","position":1,"name":"Startseite","item":"https:\/\/www.cultcaffe.at\/"},{"@type":"ListItem","position":2,"name":"Produkte","item":"https:\/\/www.cultcaffe.at\/shop\/"},{"@type":"ListItem","position":3,"name":"Weihnachtsedition BIO KAFFEE Amarillo"}]},{"@type":"WebSite","@id":"https:\/\/www.cultcaffe.at\/#website","url":"https:\/\/www.cultcaffe.at\/","name":"CultCaff\u00e9 - pra\u017e\u00edrna bio k\u00e1vy","description":"L\u00e1ska ke k\u00e1v\u011b","publisher":{"@id":"https:\/\/www.cultcaffe.at\/#organization"},"potentialAction":[{"@type":"SearchAction","target":{"@type":"EntryPoint","urlTemplate":"https:\/\/www.cultcaffe.at\/?s={search_term_string}"},"query-input":{"@type":"PropertyValueSpecification","valueRequired":true,"valueName":"search_term_string"}}],"inLanguage":"cs"},{"@type":["Organization","Place"],"@id":"https:\/\/www.cultcaffe.at\/#organization","name":"CultCaff\u00e9 Coffee Roastery GmbH","alternateName":"CultCaff\u00e9","url":"https:\/\/www.cultcaffe.at\/","logo":{"@id":"https:\/\/www.cultcaffe.at\/produkt\/weihnachtsedition-bio-kaffee-amarillo\/#local-main-organization-logo"},"image":{"@id":"https:\/\/www.cultcaffe.at\/produkt\/weihnachtsedition-bio-kaffee-amarillo\/#local-main-organization-logo"},"sameAs":["https:\/\/www.facebook.com\/p\/Cult-Caff\u00e8-die-R\u00f6sterei-100039719724703\/?locale=de_DE","https:\/\/www.instagram.com\/cultcaffe.at\/"],"hasMerchantReturnPolicy":{"@type":"MerchantReturnPolicy","merchantReturnLink":"https:\/\/www.cultcaffe.at\/cs\/agbs\/"},"telephone":[],"openingHoursSpecification":[{"@type":"OpeningHoursSpecification","dayOfWeek":["Monday","Tuesday","Wednesday","Thursday","Friday","Saturday","Sunday"],"opens":"09:00","closes":"17:00"}]},{"@type":"ImageObject","inLanguage":"cs","@id":"https:\/\/www.cultcaffe.at\/produkt\/weihnachtsedition-bio-kaffee-amarillo\/#local-main-organization-logo","url":"https:\/\/www.cultcaffe.at\/wp-content\/uploads\/2023\/11\/cultcaffe_logo_regular_dark-1.svg","contentUrl":"https:\/\/www.cultcaffe.at\/wp-content\/uploads\/2023\/11\/cultcaffe_logo_regular_dark-1.svg","width":756,"height":474,"caption":"CultCaff\u00e9 Kaffeer\u00f6sterei GmbH"}]},"og_availability":"instock","product_availability":"instock","product_condition":"new"},"_links":{"self":[{"href":"https:\/\/www.cultcaffe.at\/cs\/wp-json\/wp\/v2\/product\/19018","targetHints":{"allow":["GET"]}}],"collection":[{"href":"https:\/\/www.cultcaffe.at\/cs\/wp-json\/wp\/v2\/product"}],"about":[{"href":"https:\/\/www.cultcaffe.at\/cs\/wp-json\/wp\/v2\/types\/product"}],"wp:featuredmedia":[{"embeddable":true,"href":"https:\/\/www.cultcaffe.at\/cs\/wp-json\/wp\/v2\/media\/19052"}],"wp:attachment":[{"href":"https:\/\/www.cultcaffe.at\/cs\/wp-json\/wp\/v2\/media?parent=19018"}],"wp:term":[{"taxonomy":"product_brand","embeddable":true,"href":"https:\/\/www.cultcaffe.at\/cs\/wp-json\/wp\/v2\/product_brand?post=19018"},{"taxonomy":"product_cat","embeddable":true,"href":"https:\/\/www.cultcaffe.at\/cs\/wp-json\/wp\/v2\/product_cat?post=19018"},{"taxonomy":"product_tag","embeddable":true,"href":"https:\/\/www.cultcaffe.at\/cs\/wp-json\/wp\/v2\/product_tag?post=19018"}],"curies":[{"name":"wp","href":"https:\/\/api.w.org\/{rel}","templated":true}]}}