{"id":16009,"date":"2025-01-23T08:59:11","date_gmt":"2025-01-23T07:59:11","guid":{"rendered":"https:\/\/www.cultcaffe.at\/?post_type=product&#038;p=16009"},"modified":"2026-03-05T12:26:44","modified_gmt":"2026-03-05T11:26:44","slug":"kavarna-zimni-edice-500g","status":"publish","type":"product","link":"https:\/\/www.cultcaffe.at\/cs\/produkt\/cafe-winteredition-500g\/","title":{"rendered":"Zimn\u00ed edice Cult Caff\u00e8"},"content":{"rendered":"<h3><strong>Zimn\u00ed edice Cult Caff\u00e8<\/strong><\/h3>\n<p>Na\u0161e zimn\u00ed vyd\u00e1n\u00ed<\/p>\n<p>Skv\u011bl\u00fd design upout\u00e1 pozornost a ta nejlep\u0161\u00ed a nejsiln\u011bj\u0161\u00ed k\u00e1va v\u00e1m perfektn\u011b zah\u00e1j\u00ed den.<\/p>\n<p>P\u0159esn\u011b to prav\u00e9, abyste si i odpoledne dodali energii.<\/p>\n<p>&nbsp;<\/p>\n<p>&nbsp;<\/p>\n<p>&nbsp;<\/p>","protected":false},"excerpt":{"rendered":"<ul>\n<li class=\"bullet-checkmark\">Siln\u00e1 d\u00e1vka kofeinu pro nastartov\u00e1n\u00ed dne pln\u00e1 energie!<\/li>\n<\/ul>","protected":false},"featured_media":16013,"template":"","meta":{"inline_featured_image":false},"product_brand":[],"product_cat":[199],"product_tag":[155,83,107,94,61,118,95,59,62,306],"class_list":{"0":"post-16009","1":"product","2":"type-product","3":"status-publish","4":"has-post-thumbnail","6":"product_cat-kaffee","7":"product_tag-barista","8":"product_tag-cappuccino","9":"product_tag-coffee","10":"product_tag-cult-caffe","11":"product_tag-cultcaffe","12":"product_tag-fruehstueck","13":"product_tag-geschenk","14":"product_tag-kaffee","15":"product_tag-kaffeegenuss","16":"product_tag-winter","18":"first","19":"instock","20":"taxable","21":"shipping-taxable","22":"purchasable","23":"product-type-variable","24":"has-default-attributes"},"yoast_head":"<!-- This site is optimized with the Yoast SEO plugin v27.5 - https:\/\/yoast.com\/product\/yoast-seo-wordpress\/ -->\n<title>Cult Caff\u00e8 Winteredition - CultCaff\u00e9 - die Bio Kaffee R\u00f6sterei<\/title>\n<meta name=\"description\" content=\"Mischung: 100% Arabica | St\u00e4rke: 4 | Perfekt f\u00fcr Kaffeeliebhaber auf der Suche nach etwas Speziellem | Hergestellt ausschlie\u00dflich von Frauen\" \/>\n<meta name=\"robots\" content=\"index, follow, max-snippet:-1, max-image-preview:large, max-video-preview:-1\" \/>\n<link rel=\"canonical\" href=\"https:\/\/www.cultcaffe.at\/cs\/produkt\/kavarna-zimni-edice-500g\/\" \/>\n<meta property=\"og:locale\" content=\"cs_CZ\" \/>\n<meta property=\"og:type\" content=\"article\" \/>\n<meta property=\"og:title\" content=\"Cult Caff\u00e8 Winteredition - CultCaff\u00e9 - die Bio Kaffee R\u00f6sterei\" \/>\n<meta property=\"og:description\" content=\"Mischung: 100% Arabica | St\u00e4rke: 4 | Perfekt f\u00fcr Kaffeeliebhaber auf der Suche nach etwas Speziellem | Hergestellt ausschlie\u00dflich von Frauen\" \/>\n<meta property=\"og:url\" content=\"https:\/\/www.cultcaffe.at\/cs\/produkt\/kavarna-zimni-edice-500g\/\" \/>\n<meta property=\"og:site_name\" content=\"CultCaff\u00e9 - die Bio Kaffee R\u00f6sterei\" \/>\n<meta property=\"article:publisher\" content=\"https:\/\/www.facebook.com\/p\/Cult-Caff%c3%a8-die-R%c3%b6sterei-100039719724703\/?locale=de_DE\" \/>\n<meta property=\"article:modified_time\" content=\"2026-03-05T11:26:44+00:00\" \/>\n<meta property=\"og:image\" content=\"https:\/\/www.cultcaffe.at\/wp-content\/uploads\/2025\/01\/Winteredition-500g.jpg\" \/>\n\t<meta property=\"og:image:width\" content=\"1511\" \/>\n\t<meta property=\"og:image:height\" content=\"1556\" \/>\n\t<meta property=\"og:image:type\" content=\"image\/jpeg\" \/>\n<meta name=\"twitter:card\" content=\"summary_large_image\" \/>\n<meta name=\"twitter:label1\" content=\"Dostupnost\" \/>\n\t<meta name=\"twitter:data1\" content=\"Skladem\" \/>\n<script type=\"application\/ld+json\" class=\"yoast-schema-graph\">{\"@context\":\"https:\\\/\\\/schema.org\",\"@graph\":[{\"@type\":\"WebPage\",\"@id\":\"https:\\\/\\\/www.cultcaffe.at\\\/produkt\\\/cafe-winteredition-500g\\\/\",\"url\":\"https:\\\/\\\/www.cultcaffe.at\\\/produkt\\\/cafe-winteredition-500g\\\/\",\"name\":\"Cult Caff\u00e8 Winteredition - CultCaff\u00e9 - die Bio Kaffee R\u00f6sterei\",\"isPartOf\":{\"@id\":\"https:\\\/\\\/www.cultcaffe.at\\\/#website\"},\"primaryImageOfPage\":{\"@id\":\"https:\\\/\\\/www.cultcaffe.at\\\/produkt\\\/cafe-winteredition-500g\\\/#primaryimage\"},\"image\":{\"@id\":\"https:\\\/\\\/www.cultcaffe.at\\\/produkt\\\/cafe-winteredition-500g\\\/#primaryimage\"},\"thumbnailUrl\":\"https:\\\/\\\/www.cultcaffe.at\\\/wp-content\\\/uploads\\\/2025\\\/01\\\/Winteredition-500g.jpg\",\"datePublished\":\"2025-01-23T07:59:11+00:00\",\"dateModified\":\"2026-03-05T11:26:44+00:00\",\"description\":\"Mischung: 100% Arabica | St\u00e4rke: 4 | Perfekt f\u00fcr Kaffeeliebhaber auf der Suche nach etwas Speziellem | Hergestellt ausschlie\u00dflich von Frauen\",\"breadcrumb\":{\"@id\":\"https:\\\/\\\/www.cultcaffe.at\\\/produkt\\\/cafe-winteredition-500g\\\/#breadcrumb\"},\"inLanguage\":\"cs\",\"potentialAction\":[{\"@type\":\"ReadAction\",\"target\":[\"https:\\\/\\\/www.cultcaffe.at\\\/produkt\\\/cafe-winteredition-500g\\\/\"]}]},{\"@type\":\"ImageObject\",\"inLanguage\":\"cs\",\"@id\":\"https:\\\/\\\/www.cultcaffe.at\\\/produkt\\\/cafe-winteredition-500g\\\/#primaryimage\",\"url\":\"https:\\\/\\\/www.cultcaffe.at\\\/wp-content\\\/uploads\\\/2025\\\/01\\\/Winteredition-500g.jpg\",\"contentUrl\":\"https:\\\/\\\/www.cultcaffe.at\\\/wp-content\\\/uploads\\\/2025\\\/01\\\/Winteredition-500g.jpg\",\"width\":1511,\"height\":1556},{\"@type\":\"BreadcrumbList\",\"@id\":\"https:\\\/\\\/www.cultcaffe.at\\\/produkt\\\/cafe-winteredition-500g\\\/#breadcrumb\",\"itemListElement\":[{\"@type\":\"ListItem\",\"position\":1,\"name\":\"Startseite\",\"item\":\"https:\\\/\\\/www.cultcaffe.at\\\/\"},{\"@type\":\"ListItem\",\"position\":2,\"name\":\"Produkte\",\"item\":\"https:\\\/\\\/www.cultcaffe.at\\\/shop\\\/\"},{\"@type\":\"ListItem\",\"position\":3,\"name\":\"Cult Caff\u00e8 Winteredition\"}]},{\"@type\":\"WebSite\",\"@id\":\"https:\\\/\\\/www.cultcaffe.at\\\/#website\",\"url\":\"https:\\\/\\\/www.cultcaffe.at\\\/\",\"name\":\"CultCaff\u00e9 - die Bio Kaffee R\u00f6sterei\",\"description\":\"Liebe zum Kaffee\",\"publisher\":{\"@id\":\"https:\\\/\\\/www.cultcaffe.at\\\/#organization\"},\"potentialAction\":[{\"@type\":\"SearchAction\",\"target\":{\"@type\":\"EntryPoint\",\"urlTemplate\":\"https:\\\/\\\/www.cultcaffe.at\\\/?s={search_term_string}\"},\"query-input\":{\"@type\":\"PropertyValueSpecification\",\"valueRequired\":true,\"valueName\":\"search_term_string\"}}],\"inLanguage\":\"cs\"},{\"@type\":[\"Organization\",\"Place\"],\"@id\":\"https:\\\/\\\/www.cultcaffe.at\\\/#organization\",\"name\":\"CultCaff\u00e9 Kaffeer\u00f6sterei GmbH\",\"alternateName\":\"CultCaff\u00e9\",\"url\":\"https:\\\/\\\/www.cultcaffe.at\\\/\",\"logo\":{\"@id\":\"https:\\\/\\\/www.cultcaffe.at\\\/produkt\\\/cafe-winteredition-500g\\\/#local-main-organization-logo\"},\"image\":{\"@id\":\"https:\\\/\\\/www.cultcaffe.at\\\/produkt\\\/cafe-winteredition-500g\\\/#local-main-organization-logo\"},\"sameAs\":[\"https:\\\/\\\/www.facebook.com\\\/p\\\/Cult-Caff\u00e8-die-R\u00f6sterei-100039719724703\\\/?locale=de_DE\",\"https:\\\/\\\/www.instagram.com\\\/cultcaffe.at\\\/\"],\"hasMerchantReturnPolicy\":{\"@type\":\"MerchantReturnPolicy\",\"merchantReturnLink\":\"https:\\\/\\\/www.cultcaffe.at\\\/cs\\\/agbs\\\/\"},\"telephone\":[],\"openingHoursSpecification\":[{\"@type\":\"OpeningHoursSpecification\",\"dayOfWeek\":[\"Monday\",\"Tuesday\",\"Wednesday\",\"Thursday\",\"Friday\",\"Saturday\",\"Sunday\"],\"opens\":\"09:00\",\"closes\":\"17:00\"}]},{\"@type\":\"ImageObject\",\"inLanguage\":\"cs\",\"@id\":\"https:\\\/\\\/www.cultcaffe.at\\\/produkt\\\/cafe-winteredition-500g\\\/#local-main-organization-logo\",\"url\":\"https:\\\/\\\/www.cultcaffe.at\\\/wp-content\\\/uploads\\\/2023\\\/11\\\/cultcaffe_logo_regular_dark-1.svg\",\"contentUrl\":\"https:\\\/\\\/www.cultcaffe.at\\\/wp-content\\\/uploads\\\/2023\\\/11\\\/cultcaffe_logo_regular_dark-1.svg\",\"width\":756,\"height\":474,\"caption\":\"CultCaff\u00e9 Kaffeer\u00f6sterei GmbH\"}]}<\/script>\n<meta property=\"og:availability\" content=\"instock\" \/>\n<meta property=\"product:availability\" content=\"instock\" \/>\n<meta property=\"product:condition\" content=\"new\" \/>\n<!-- \/ Yoast SEO plugin. -->","yoast_head_json":{"title":"Zimn\u00ed edice Cult Caff\u00e8 - CultCaff\u00e9 - pra\u017e\u00edrna bio k\u00e1vy","description":"Sm\u011bs: 100% Arabica | S\u00edla: 4 | Ide\u00e1ln\u00ed pro milovn\u00edky k\u00e1vy, kte\u0159\u00ed hledaj\u00ed n\u011bco speci\u00e1ln\u00edho | Vyrobeno v\u00fdhradn\u011b \u017eenami","robots":{"index":"index","follow":"follow","max-snippet":"max-snippet:-1","max-image-preview":"max-image-preview:large","max-video-preview":"max-video-preview:-1"},"canonical":"https:\/\/www.cultcaffe.at\/cs\/produkt\/kavarna-zimni-edice-500g\/","og_locale":"cs_CZ","og_type":"article","og_title":"Cult Caff\u00e8 Winteredition - CultCaff\u00e9 - die Bio Kaffee R\u00f6sterei","og_description":"Mischung: 100% Arabica | St\u00e4rke: 4 | Perfekt f\u00fcr Kaffeeliebhaber auf der Suche nach etwas Speziellem | Hergestellt ausschlie\u00dflich von Frauen","og_url":"https:\/\/www.cultcaffe.at\/cs\/produkt\/kavarna-zimni-edice-500g\/","og_site_name":"CultCaff\u00e9 - die Bio Kaffee R\u00f6sterei","article_publisher":"https:\/\/www.facebook.com\/p\/Cult-Caff%c3%a8-die-R%c3%b6sterei-100039719724703\/?locale=de_DE","article_modified_time":"2026-03-05T11:26:44+00:00","og_image":[{"width":1511,"height":1556,"url":"https:\/\/www.cultcaffe.at\/wp-content\/uploads\/2025\/01\/Winteredition-500g.jpg","type":"image\/jpeg"}],"twitter_card":"summary_large_image","twitter_misc":{"Dostupnost":"Skladem"},"schema":{"@context":"https:\/\/schema.org","@graph":[{"@type":"WebPage","@id":"https:\/\/www.cultcaffe.at\/produkt\/cafe-winteredition-500g\/","url":"https:\/\/www.cultcaffe.at\/produkt\/cafe-winteredition-500g\/","name":"Zimn\u00ed edice Cult Caff\u00e8 - CultCaff\u00e9 - pra\u017e\u00edrna bio k\u00e1vy","isPartOf":{"@id":"https:\/\/www.cultcaffe.at\/#website"},"primaryImageOfPage":{"@id":"https:\/\/www.cultcaffe.at\/produkt\/cafe-winteredition-500g\/#primaryimage"},"image":{"@id":"https:\/\/www.cultcaffe.at\/produkt\/cafe-winteredition-500g\/#primaryimage"},"thumbnailUrl":"https:\/\/www.cultcaffe.at\/wp-content\/uploads\/2025\/01\/Winteredition-500g.jpg","datePublished":"2025-01-23T07:59:11+00:00","dateModified":"2026-03-05T11:26:44+00:00","description":"Sm\u011bs: 100% Arabica | S\u00edla: 4 | Ide\u00e1ln\u00ed pro milovn\u00edky k\u00e1vy, kte\u0159\u00ed hledaj\u00ed n\u011bco speci\u00e1ln\u00edho | Vyrobeno v\u00fdhradn\u011b \u017eenami","breadcrumb":{"@id":"https:\/\/www.cultcaffe.at\/produkt\/cafe-winteredition-500g\/#breadcrumb"},"inLanguage":"cs","potentialAction":[{"@type":"ReadAction","target":["https:\/\/www.cultcaffe.at\/produkt\/cafe-winteredition-500g\/"]}]},{"@type":"ImageObject","inLanguage":"cs","@id":"https:\/\/www.cultcaffe.at\/produkt\/cafe-winteredition-500g\/#primaryimage","url":"https:\/\/www.cultcaffe.at\/wp-content\/uploads\/2025\/01\/Winteredition-500g.jpg","contentUrl":"https:\/\/www.cultcaffe.at\/wp-content\/uploads\/2025\/01\/Winteredition-500g.jpg","width":1511,"height":1556},{"@type":"BreadcrumbList","@id":"https:\/\/www.cultcaffe.at\/produkt\/cafe-winteredition-500g\/#breadcrumb","itemListElement":[{"@type":"ListItem","position":1,"name":"Startseite","item":"https:\/\/www.cultcaffe.at\/"},{"@type":"ListItem","position":2,"name":"Produkte","item":"https:\/\/www.cultcaffe.at\/shop\/"},{"@type":"ListItem","position":3,"name":"Cult Caff\u00e8 Winteredition"}]},{"@type":"WebSite","@id":"https:\/\/www.cultcaffe.at\/#website","url":"https:\/\/www.cultcaffe.at\/","name":"CultCaff\u00e9 - pra\u017e\u00edrna bio k\u00e1vy","description":"L\u00e1ska ke k\u00e1v\u011b","publisher":{"@id":"https:\/\/www.cultcaffe.at\/#organization"},"potentialAction":[{"@type":"SearchAction","target":{"@type":"EntryPoint","urlTemplate":"https:\/\/www.cultcaffe.at\/?s={search_term_string}"},"query-input":{"@type":"PropertyValueSpecification","valueRequired":true,"valueName":"search_term_string"}}],"inLanguage":"cs"},{"@type":["Organization","Place"],"@id":"https:\/\/www.cultcaffe.at\/#organization","name":"CultCaff\u00e9 Coffee Roastery GmbH","alternateName":"CultCaff\u00e9","url":"https:\/\/www.cultcaffe.at\/","logo":{"@id":"https:\/\/www.cultcaffe.at\/produkt\/cafe-winteredition-500g\/#local-main-organization-logo"},"image":{"@id":"https:\/\/www.cultcaffe.at\/produkt\/cafe-winteredition-500g\/#local-main-organization-logo"},"sameAs":["https:\/\/www.facebook.com\/p\/Cult-Caff\u00e8-die-R\u00f6sterei-100039719724703\/?locale=de_DE","https:\/\/www.instagram.com\/cultcaffe.at\/"],"hasMerchantReturnPolicy":{"@type":"MerchantReturnPolicy","merchantReturnLink":"https:\/\/www.cultcaffe.at\/cs\/agbs\/"},"telephone":[],"openingHoursSpecification":[{"@type":"OpeningHoursSpecification","dayOfWeek":["Monday","Tuesday","Wednesday","Thursday","Friday","Saturday","Sunday"],"opens":"09:00","closes":"17:00"}]},{"@type":"ImageObject","inLanguage":"cs","@id":"https:\/\/www.cultcaffe.at\/produkt\/cafe-winteredition-500g\/#local-main-organization-logo","url":"https:\/\/www.cultcaffe.at\/wp-content\/uploads\/2023\/11\/cultcaffe_logo_regular_dark-1.svg","contentUrl":"https:\/\/www.cultcaffe.at\/wp-content\/uploads\/2023\/11\/cultcaffe_logo_regular_dark-1.svg","width":756,"height":474,"caption":"CultCaff\u00e9 Kaffeer\u00f6sterei GmbH"}]},"og_availability":"instock","product_availability":"instock","product_condition":"new"},"_links":{"self":[{"href":"https:\/\/www.cultcaffe.at\/cs\/wp-json\/wp\/v2\/product\/16009","targetHints":{"allow":["GET"]}}],"collection":[{"href":"https:\/\/www.cultcaffe.at\/cs\/wp-json\/wp\/v2\/product"}],"about":[{"href":"https:\/\/www.cultcaffe.at\/cs\/wp-json\/wp\/v2\/types\/product"}],"wp:featuredmedia":[{"embeddable":true,"href":"https:\/\/www.cultcaffe.at\/cs\/wp-json\/wp\/v2\/media\/16013"}],"wp:attachment":[{"href":"https:\/\/www.cultcaffe.at\/cs\/wp-json\/wp\/v2\/media?parent=16009"}],"wp:term":[{"taxonomy":"product_brand","embeddable":true,"href":"https:\/\/www.cultcaffe.at\/cs\/wp-json\/wp\/v2\/product_brand?post=16009"},{"taxonomy":"product_cat","embeddable":true,"href":"https:\/\/www.cultcaffe.at\/cs\/wp-json\/wp\/v2\/product_cat?post=16009"},{"taxonomy":"product_tag","embeddable":true,"href":"https:\/\/www.cultcaffe.at\/cs\/wp-json\/wp\/v2\/product_tag?post=16009"}],"curies":[{"name":"wp","href":"https:\/\/api.w.org\/{rel}","templated":true}]}}