{"id":17610,"date":"2025-03-15T20:48:35","date_gmt":"2025-03-15T19:48:35","guid":{"rendered":"https:\/\/www.cultcaffe.at\/?page_id=17610"},"modified":"2025-04-16T08:43:38","modified_gmt":"2025-04-16T06:43:38","slug":"domaci-barista","status":"publish","type":"page","link":"https:\/\/www.cultcaffe.at\/cs\/home-barista\/","title":{"rendered":"Dom\u00e1c\u00ed barista"},"content":{"rendered":"<div data-elementor-type=\"wp-page\" data-elementor-id=\"17610\" class=\"elementor elementor-17610\" data-elementor-post-type=\"page\">\n\t\t\t\t<div class=\"elementor-element elementor-element-99f1bfa e-flex e-con-boxed e-con e-parent\" data-id=\"99f1bfa\" data-element_type=\"container\" data-e-type=\"container\" data-settings=\"{&quot;background_background&quot;:&quot;classic&quot;}\">\n\t\t\t\t\t<div class=\"e-con-inner\">\n\t\t\t\t<div class=\"elementor-element elementor-element-63cdde3 elementor-widget elementor-widget-heading\" data-id=\"63cdde3\" data-element_type=\"widget\" data-e-type=\"widget\" data-widget_type=\"heading.default\">\n\t\t\t\t<div class=\"elementor-widget-container\">\n\t\t\t\t\t<h1 class=\"elementor-heading-title elementor-size-default\"><span style=\"color:#aca590\">Dom\u00e1c\u00ed barista <\/span> - P\u0159ipravujte si k\u00e1vu jako profesion\u00e1lov\u00e9!<\/h1>\t\t\t\t<\/div>\n\t\t\t\t<\/div>\n\t\t\t\t\t<\/div>\n\t\t\t\t<\/div>\n\t\t<div class=\"elementor-element elementor-element-8e676b3 e-flex e-con-boxed e-con e-parent\" data-id=\"8e676b3\" data-element_type=\"container\" data-e-type=\"container\">\n\t\t\t\t\t<div class=\"e-con-inner\">\n\t\t<div class=\"elementor-element elementor-element-d1278df e-con-full e-flex e-con e-child\" data-id=\"d1278df\" data-element_type=\"container\" data-e-type=\"container\">\n\t\t<div class=\"elementor-element elementor-element-ab14a05 e-con-full e-flex e-con e-child\" data-id=\"ab14a05\" data-element_type=\"container\" data-e-type=\"container\" data-settings=\"{&quot;background_background&quot;:&quot;classic&quot;}\">\n\t\t\t\t<\/div>\n\t\t<div class=\"elementor-element elementor-element-01cc96f e-con-full e-flex e-con e-child\" data-id=\"01cc96f\" data-element_type=\"container\" data-e-type=\"container\" data-settings=\"{&quot;background_background&quot;:&quot;classic&quot;}\">\n\t\t\t\t<\/div>\n\t\t\t\t<\/div>\n\t\t<div class=\"elementor-element elementor-element-6bbcc82 e-con-full e-flex e-con e-child\" data-id=\"6bbcc82\" data-element_type=\"container\" data-e-type=\"container\">\n\t\t\t\t<div class=\"elementor-element elementor-element-447f9d5 elementor-widget elementor-widget-heading\" data-id=\"447f9d5\" data-element_type=\"widget\" data-e-type=\"widget\" data-widget_type=\"heading.default\">\n\t\t\t\t<div class=\"elementor-widget-container\">\n\t\t\t\t\t<h2 class=\"elementor-heading-title elementor-size-default\">Sta\u0148te se dom\u00e1c\u00edm baristou s Cult Caff\u00e8<\/h2>\t\t\t\t<\/div>\n\t\t\t\t<\/div>\n\t\t\t\t<div class=\"elementor-element elementor-element-70d78289 elementor-widget elementor-widget-text-editor\" data-id=\"70d78289\" data-element_type=\"widget\" data-e-type=\"widget\" data-widget_type=\"text-editor.default\">\n\t\t\t\t<div class=\"elementor-widget-container\">\n\t\t\t\t\t\t\t\t\t<p data-start=\"111\" data-end=\"428\">Sn\u00edte o tom, \u017ee si doma p\u0159iprav\u00edte k\u00e1vu s dokonalost\u00ed baristy?<\/p><p data-start=\"111\" data-end=\"428\">Pom\u016f\u017eeme v\u00e1m naj\u00edt ide\u00e1ln\u00ed k\u00e1vovar pro va\u0161e pot\u0159eby a uk\u00e1\u017eeme v\u00e1m r\u016fzn\u00e9 metody p\u0159\u00edpravy.\u00a0<\/p><p data-start=\"430\" data-end=\"692\"><strong>Porad\u00edme v\u00e1m individu\u00e1ln\u011b a kompetentn\u011b.<\/strong>\u00a0Zjist\u011bte v\u00edce o v\u00fdb\u011bru spr\u00e1vn\u00fdch k\u00e1vov\u00fdch zrn, nastaven\u00ed mlet\u00ed a technik\u00e1ch pro vychutn\u00e1n\u00ed si dokonal\u00e9 k\u00e1vy.<\/p><p data-start=\"694\" data-end=\"929\">Nav\u0161tivte n\u00e1s pro\u00a0<strong>osobn\u00ed poradenstv\u00ed<\/strong>\u00a0v\u017edy\u00a0<strong>Pond\u011bl\u00ed a p\u00e1tek<\/strong>\u00a0r\u00e1no nebo\u00a0<strong>po registraci<\/strong>.<\/p>\t\t\t\t\t\t\t\t<\/div>\n\t\t\t\t<\/div>\n\t\t\t\t<div class=\"elementor-element elementor-element-32d61e1 elementor-widget elementor-widget-heading\" data-id=\"32d61e1\" data-element_type=\"widget\" data-e-type=\"widget\" data-widget_type=\"heading.default\">\n\t\t\t\t<div class=\"elementor-widget-container\">\n\t\t\t\t\t<h2 class=\"elementor-heading-title elementor-size-default\">Nab\u00eddka od VHS Amstetten<\/h2>\t\t\t\t<\/div>\n\t\t\t\t<\/div>\n\t\t\t\t<div class=\"elementor-element elementor-element-44c7c36 elementor-widget elementor-widget-text-editor\" data-id=\"44c7c36\" data-element_type=\"widget\" data-e-type=\"widget\" data-widget_type=\"text-editor.default\">\n\t\t\t\t<div class=\"elementor-widget-container\">\n\t\t\t\t\t\t\t\t\t<p>Ve spolupr\u00e1ci s Centrem vzd\u011bl\u00e1v\u00e1n\u00ed dosp\u011bl\u00fdch Amstetten nab\u00edz\u00edme v pravideln\u00fdch intervalech \u00favodn\u00ed kurzy.\u00a0<\/p><p>Dal\u0161\u00ed informace o cen\u00e1ch, postupech a t\u00e9matech naleznete na webov\u00fdch str\u00e1nk\u00e1ch VHS na n\u00e1sleduj\u00edc\u00edm odkazu.<\/p>\t\t\t\t\t\t\t\t<\/div>\n\t\t\t\t<\/div>\n\t\t\t\t<div class=\"elementor-element elementor-element-364b09d elementor-widget elementor-widget-button\" data-id=\"364b09d\" data-element_type=\"widget\" data-e-type=\"widget\" data-widget_type=\"button.default\">\n\t\t\t\t<div class=\"elementor-widget-container\">\n\t\t\t\t\t\t\t\t\t<div class=\"elementor-button-wrapper\">\n\t\t\t\t\t<a class=\"elementor-button elementor-button-link elementor-size-sm\" href=\"https:\/\/vhs.amstetten.at\/wp2022\/programm\/politik-gesellschaft-kultur\/kw\/bereich\/kursdetails\/kurs\/S2560100\/kursname\/HOME%20Barista%20BASIC%20Kurs%20fuer%20Hobbybarista\/kategorie-id\/6\/\">\n\t\t\t\t\t\t<span class=\"elementor-button-content-wrapper\">\n\t\t\t\t\t\t\t\t\t<span class=\"elementor-button-text\">Na str\u00e1nku VHS kazet<\/span>\n\t\t\t\t\t<\/span>\n\t\t\t\t\t<\/a>\n\t\t\t\t<\/div>\n\t\t\t\t\t\t\t\t<\/div>\n\t\t\t\t<\/div>\n\t\t\t\t<\/div>\n\t\t\t\t\t<\/div>\n\t\t\t\t<\/div>\n\t\t\t\t<\/div>","protected":false},"excerpt":{"rendered":"<p>Home Barista &#8211; Kaffee machen wie die Profis! Home Barista werden mit Cult Caff\u00e8 Tr\u00e4umen Sie davon, Ihren Kaffee zu Hause mit der Perfektion eines Baristas zuzubereiten? Wir helfen Ihnen, die ideale Kaffeemaschine f\u00fcr Ihre Bed\u00fcrfnisse zu finden und zeigen Ihnen verschiedene Zubereitungsarten.\u00a0 Wir beraten Sie individuell und kompetent.\u00a0Erfahren Sie mehr \u00fcber die richtige Bohnenwahl, [&hellip;]<\/p>\n","protected":false},"author":6,"featured_media":0,"parent":0,"menu_order":0,"comment_status":"closed","ping_status":"closed","template":"","meta":{"inline_featured_image":false,"footnotes":""},"class_list":["post-17610","page","type-page","status-publish","hentry"],"yoast_head":"<!-- This site is optimized with the Yoast SEO plugin v27.5 - https:\/\/yoast.com\/product\/yoast-seo-wordpress\/ -->\n<title>Betriebsbesichtigung bei Cult Caff\u00e8: Lernen Sie uns hautnah kennen<\/title>\n<meta name=\"description\" content=\"Erleben Sie unseren Betrieb hautnah und ganz pers\u00f6nlich. Erfahren Sie mehr zu unserer Philosophie, der R\u00f6stung des Kaffees und erhalten Sie wertvolle Tipps zur Kaffeezubereitung.W\" \/>\n<meta name=\"robots\" content=\"index, follow, max-snippet:-1, max-image-preview:large, max-video-preview:-1\" \/>\n<link rel=\"canonical\" href=\"https:\/\/www.cultcaffe.at\/cs\/domaci-barista\/\" \/>\n<meta property=\"og:locale\" content=\"cs_CZ\" \/>\n<meta property=\"og:type\" content=\"article\" \/>\n<meta property=\"og:title\" content=\"Betriebsbesichtigung bei Cult Caff\u00e8: Lernen Sie uns hautnah kennen\" \/>\n<meta property=\"og:description\" content=\"Erleben Sie unseren Betrieb hautnah und ganz pers\u00f6nlich. Erfahren Sie mehr zu unserer Philosophie, der R\u00f6stung des Kaffees und erhalten Sie wertvolle Tipps zur Kaffeezubereitung.W\" \/>\n<meta property=\"og:url\" content=\"https:\/\/www.cultcaffe.at\/cs\/domaci-barista\/\" \/>\n<meta property=\"og:site_name\" content=\"CultCaff\u00e9 - die Bio Kaffee R\u00f6sterei\" \/>\n<meta property=\"article:publisher\" content=\"https:\/\/www.facebook.com\/p\/Cult-Caff%c3%a8-die-R%c3%b6sterei-100039719724703\/?locale=de_DE\" \/>\n<meta property=\"article:modified_time\" content=\"2025-04-16T06:43:38+00:00\" \/>\n<meta name=\"twitter:card\" content=\"summary_large_image\" \/>\n<meta name=\"twitter:label1\" content=\"Odhadovan\u00e1 doba \u010dten\u00ed\" \/>\n\t<meta name=\"twitter:data1\" content=\"1 minuta\" \/>\n<script type=\"application\/ld+json\" class=\"yoast-schema-graph\">{\"@context\":\"https:\\\/\\\/schema.org\",\"@graph\":[{\"@type\":\"WebPage\",\"@id\":\"https:\\\/\\\/www.cultcaffe.at\\\/home-barista\\\/\",\"url\":\"https:\\\/\\\/www.cultcaffe.at\\\/home-barista\\\/\",\"name\":\"Betriebsbesichtigung bei Cult Caff\u00e8: Lernen Sie uns hautnah kennen\",\"isPartOf\":{\"@id\":\"https:\\\/\\\/www.cultcaffe.at\\\/#website\"},\"datePublished\":\"2025-03-15T19:48:35+00:00\",\"dateModified\":\"2025-04-16T06:43:38+00:00\",\"description\":\"Erleben Sie unseren Betrieb hautnah und ganz pers\u00f6nlich. Erfahren Sie mehr zu unserer Philosophie, der R\u00f6stung des Kaffees und erhalten Sie wertvolle Tipps zur Kaffeezubereitung.W\",\"breadcrumb\":{\"@id\":\"https:\\\/\\\/www.cultcaffe.at\\\/home-barista\\\/#breadcrumb\"},\"inLanguage\":\"cs\",\"potentialAction\":[{\"@type\":\"ReadAction\",\"target\":[\"https:\\\/\\\/www.cultcaffe.at\\\/home-barista\\\/\"]}]},{\"@type\":\"BreadcrumbList\",\"@id\":\"https:\\\/\\\/www.cultcaffe.at\\\/home-barista\\\/#breadcrumb\",\"itemListElement\":[{\"@type\":\"ListItem\",\"position\":1,\"name\":\"Startseite\",\"item\":\"https:\\\/\\\/www.cultcaffe.at\\\/\"},{\"@type\":\"ListItem\",\"position\":2,\"name\":\"Home Barista\"}]},{\"@type\":\"WebSite\",\"@id\":\"https:\\\/\\\/www.cultcaffe.at\\\/#website\",\"url\":\"https:\\\/\\\/www.cultcaffe.at\\\/\",\"name\":\"CultCaff\u00e9 - die Bio Kaffee R\u00f6sterei\",\"description\":\"Liebe zum Kaffee\",\"publisher\":{\"@id\":\"https:\\\/\\\/www.cultcaffe.at\\\/#organization\"},\"potentialAction\":[{\"@type\":\"SearchAction\",\"target\":{\"@type\":\"EntryPoint\",\"urlTemplate\":\"https:\\\/\\\/www.cultcaffe.at\\\/?s={search_term_string}\"},\"query-input\":{\"@type\":\"PropertyValueSpecification\",\"valueRequired\":true,\"valueName\":\"search_term_string\"}}],\"inLanguage\":\"cs\"},{\"@type\":[\"Organization\",\"Place\"],\"@id\":\"https:\\\/\\\/www.cultcaffe.at\\\/#organization\",\"name\":\"CultCaff\u00e9 Kaffeer\u00f6sterei GmbH\",\"alternateName\":\"CultCaff\u00e9\",\"url\":\"https:\\\/\\\/www.cultcaffe.at\\\/\",\"logo\":{\"@id\":\"https:\\\/\\\/www.cultcaffe.at\\\/home-barista\\\/#local-main-organization-logo\"},\"image\":{\"@id\":\"https:\\\/\\\/www.cultcaffe.at\\\/home-barista\\\/#local-main-organization-logo\"},\"sameAs\":[\"https:\\\/\\\/www.facebook.com\\\/p\\\/Cult-Caff\u00e8-die-R\u00f6sterei-100039719724703\\\/?locale=de_DE\",\"https:\\\/\\\/www.instagram.com\\\/cultcaffe.at\\\/\"],\"hasMerchantReturnPolicy\":{\"@type\":\"MerchantReturnPolicy\",\"merchantReturnLink\":\"https:\\\/\\\/www.cultcaffe.at\\\/cs\\\/agbs\\\/\"},\"telephone\":[],\"openingHoursSpecification\":[{\"@type\":\"OpeningHoursSpecification\",\"dayOfWeek\":[\"Monday\",\"Tuesday\",\"Wednesday\",\"Thursday\",\"Friday\",\"Saturday\",\"Sunday\"],\"opens\":\"09:00\",\"closes\":\"17:00\"}]},{\"@type\":\"ImageObject\",\"inLanguage\":\"cs\",\"@id\":\"https:\\\/\\\/www.cultcaffe.at\\\/home-barista\\\/#local-main-organization-logo\",\"url\":\"https:\\\/\\\/www.cultcaffe.at\\\/wp-content\\\/uploads\\\/2023\\\/11\\\/cultcaffe_logo_regular_dark-1.svg\",\"contentUrl\":\"https:\\\/\\\/www.cultcaffe.at\\\/wp-content\\\/uploads\\\/2023\\\/11\\\/cultcaffe_logo_regular_dark-1.svg\",\"width\":756,\"height\":474,\"caption\":\"CultCaff\u00e9 Kaffeer\u00f6sterei GmbH\"}]}<\/script>\n<!-- \/ Yoast SEO plugin. -->","yoast_head_json":{"title":"Prohl\u00eddka tov\u00e1rny v Cult Caff\u00e8: Poznejte n\u00e1s zbl\u00edzka","description":"Za\u017eijte na\u0161i spole\u010dnost zbl\u00edzka a osobn\u011b. Zjist\u011bte v\u00edce o na\u0161\u00ed filozofii, procesu pra\u017een\u00ed k\u00e1vy a z\u00edskejte cenn\u00e9 tipy na jej\u00ed p\u0159\u00edpravu.","robots":{"index":"index","follow":"follow","max-snippet":"max-snippet:-1","max-image-preview":"max-image-preview:large","max-video-preview":"max-video-preview:-1"},"canonical":"https:\/\/www.cultcaffe.at\/cs\/domaci-barista\/","og_locale":"cs_CZ","og_type":"article","og_title":"Betriebsbesichtigung bei Cult Caff\u00e8: Lernen Sie uns hautnah kennen","og_description":"Erleben Sie unseren Betrieb hautnah und ganz pers\u00f6nlich. Erfahren Sie mehr zu unserer Philosophie, der R\u00f6stung des Kaffees und erhalten Sie wertvolle Tipps zur Kaffeezubereitung.W","og_url":"https:\/\/www.cultcaffe.at\/cs\/domaci-barista\/","og_site_name":"CultCaff\u00e9 - die Bio Kaffee R\u00f6sterei","article_publisher":"https:\/\/www.facebook.com\/p\/Cult-Caff%c3%a8-die-R%c3%b6sterei-100039719724703\/?locale=de_DE","article_modified_time":"2025-04-16T06:43:38+00:00","twitter_card":"summary_large_image","twitter_misc":{"Odhadovan\u00e1 doba \u010dten\u00ed":"1 minuta"},"schema":{"@context":"https:\/\/schema.org","@graph":[{"@type":"WebPage","@id":"https:\/\/www.cultcaffe.at\/home-barista\/","url":"https:\/\/www.cultcaffe.at\/home-barista\/","name":"Prohl\u00eddka tov\u00e1rny v Cult Caff\u00e8: Poznejte n\u00e1s zbl\u00edzka","isPartOf":{"@id":"https:\/\/www.cultcaffe.at\/#website"},"datePublished":"2025-03-15T19:48:35+00:00","dateModified":"2025-04-16T06:43:38+00:00","description":"Za\u017eijte na\u0161i spole\u010dnost zbl\u00edzka a osobn\u011b. Zjist\u011bte v\u00edce o na\u0161\u00ed filozofii, procesu pra\u017een\u00ed k\u00e1vy a z\u00edskejte cenn\u00e9 tipy na jej\u00ed p\u0159\u00edpravu.","breadcrumb":{"@id":"https:\/\/www.cultcaffe.at\/home-barista\/#breadcrumb"},"inLanguage":"cs","potentialAction":[{"@type":"ReadAction","target":["https:\/\/www.cultcaffe.at\/home-barista\/"]}]},{"@type":"BreadcrumbList","@id":"https:\/\/www.cultcaffe.at\/home-barista\/#breadcrumb","itemListElement":[{"@type":"ListItem","position":1,"name":"Startseite","item":"https:\/\/www.cultcaffe.at\/"},{"@type":"ListItem","position":2,"name":"Home Barista"}]},{"@type":"WebSite","@id":"https:\/\/www.cultcaffe.at\/#website","url":"https:\/\/www.cultcaffe.at\/","name":"CultCaff\u00e9 - pra\u017e\u00edrna bio k\u00e1vy","description":"L\u00e1ska ke k\u00e1v\u011b","publisher":{"@id":"https:\/\/www.cultcaffe.at\/#organization"},"potentialAction":[{"@type":"SearchAction","target":{"@type":"EntryPoint","urlTemplate":"https:\/\/www.cultcaffe.at\/?s={search_term_string}"},"query-input":{"@type":"PropertyValueSpecification","valueRequired":true,"valueName":"search_term_string"}}],"inLanguage":"cs"},{"@type":["Organization","Place"],"@id":"https:\/\/www.cultcaffe.at\/#organization","name":"CultCaff\u00e9 Coffee Roastery GmbH","alternateName":"CultCaff\u00e9","url":"https:\/\/www.cultcaffe.at\/","logo":{"@id":"https:\/\/www.cultcaffe.at\/home-barista\/#local-main-organization-logo"},"image":{"@id":"https:\/\/www.cultcaffe.at\/home-barista\/#local-main-organization-logo"},"sameAs":["https:\/\/www.facebook.com\/p\/Cult-Caff\u00e8-die-R\u00f6sterei-100039719724703\/?locale=de_DE","https:\/\/www.instagram.com\/cultcaffe.at\/"],"hasMerchantReturnPolicy":{"@type":"MerchantReturnPolicy","merchantReturnLink":"https:\/\/www.cultcaffe.at\/cs\/agbs\/"},"telephone":[],"openingHoursSpecification":[{"@type":"OpeningHoursSpecification","dayOfWeek":["Monday","Tuesday","Wednesday","Thursday","Friday","Saturday","Sunday"],"opens":"09:00","closes":"17:00"}]},{"@type":"ImageObject","inLanguage":"cs","@id":"https:\/\/www.cultcaffe.at\/home-barista\/#local-main-organization-logo","url":"https:\/\/www.cultcaffe.at\/wp-content\/uploads\/2023\/11\/cultcaffe_logo_regular_dark-1.svg","contentUrl":"https:\/\/www.cultcaffe.at\/wp-content\/uploads\/2023\/11\/cultcaffe_logo_regular_dark-1.svg","width":756,"height":474,"caption":"CultCaff\u00e9 Kaffeer\u00f6sterei GmbH"}]}},"_links":{"self":[{"href":"https:\/\/www.cultcaffe.at\/cs\/wp-json\/wp\/v2\/pages\/17610","targetHints":{"allow":["GET"]}}],"collection":[{"href":"https:\/\/www.cultcaffe.at\/cs\/wp-json\/wp\/v2\/pages"}],"about":[{"href":"https:\/\/www.cultcaffe.at\/cs\/wp-json\/wp\/v2\/types\/page"}],"author":[{"embeddable":true,"href":"https:\/\/www.cultcaffe.at\/cs\/wp-json\/wp\/v2\/users\/6"}],"replies":[{"embeddable":true,"href":"https:\/\/www.cultcaffe.at\/cs\/wp-json\/wp\/v2\/comments?post=17610"}],"version-history":[{"count":20,"href":"https:\/\/www.cultcaffe.at\/cs\/wp-json\/wp\/v2\/pages\/17610\/revisions"}],"predecessor-version":[{"id":18204,"href":"https:\/\/www.cultcaffe.at\/cs\/wp-json\/wp\/v2\/pages\/17610\/revisions\/18204"}],"wp:attachment":[{"href":"https:\/\/www.cultcaffe.at\/cs\/wp-json\/wp\/v2\/media?parent=17610"}],"curies":[{"name":"wp","href":"https:\/\/api.w.org\/{rel}","templated":true}]}}